{"id":7575,"date":"2022-05-06T13:49:57","date_gmt":"2022-05-06T13:49:57","guid":{"rendered":"https:\/\/energie.pt\/noticias\/"},"modified":"2024-10-22T10:01:48","modified_gmt":"2024-10-22T10:01:48","slug":"noticias","status":"publish","type":"page","link":"https:\/\/energie.pt\/es\/mundo-energie\/noticias\/","title":{"rendered":"Noticias"},"content":{"rendered":"<div class=\"ct-posts-shortcode\" data-prefix=\"blog\"><div class=\"entries\" data-archive=\"default\" data-layout=\"grid\" data-cards=\"boxed\"  data-hover=\"zoom-in\" ><article class=\"entry-card card-content post-34234 post type-post status-publish format-standard has-post-thumbnail hentry category-mundo-energie category-noticias\" data-reveal=\"bottom:no\"><a class=\"ct-media-container boundless-image has-hover-effect\" href=\"https:\/\/energie.pt\/es\/mundo-energie\/febrero-fue-una-vez-mas-un-mes-de-grandes-logros-para-energie\/\" aria-label=\"FEBRERO FUE, UNA VEZ M\u00c1S, UN MES DE GRANDES LOGROS PARA ENERGIE!\" tabindex=\"-1\"><img decoding=\"async\" width=\"768\" height=\"407\" src=\"https:\/\/energie.pt\/wp-content\/uploads\/2026\/02\/JAN-FEV_heatpumpkeymark-768x407.png\" class=\"attachment-medium_large size-medium_large wp-post-image\" alt=\"\" loading=\"lazy\" srcset=\"https:\/\/energie.pt\/wp-content\/uploads\/2026\/02\/JAN-FEV_heatpumpkeymark-768x407.png 768w, https:\/\/energie.pt\/wp-content\/uploads\/2026\/02\/JAN-FEV_heatpumpkeymark-300x159.png 300w, https:\/\/energie.pt\/wp-content\/uploads\/2026\/02\/JAN-FEV_heatpumpkeymark-1024x543.png 1024w, https:\/\/energie.pt\/wp-content\/uploads\/2026\/02\/JAN-FEV_heatpumpkeymark-1536x815.png 1536w, https:\/\/energie.pt\/wp-content\/uploads\/2026\/02\/JAN-FEV_heatpumpkeymark-2048x1086.png 2048w\" sizes=\"(max-width: 768px) 100vw, 768px\" itemprop=\"image\" style=\"aspect-ratio: 2251\/1194;\" \/><\/a><h6 class=\"entry-title\"><a href=\"https:\/\/energie.pt\/es\/mundo-energie\/febrero-fue-una-vez-mas-un-mes-de-grandes-logros-para-energie\/\" rel=\"bookmark\">FEBRERO FUE, UNA VEZ M\u00c1S, UN MES DE GRANDES LOGROS PARA ENERGIE!<\/a><\/h6><ul class=\"entry-meta\" data-type=\"simple:slash\" data-id=\"1M94lq\" ><li class=\"meta-custom-field\" data-field=\"data_bimensal_da_noticia\">ENERO | FEBRERO \/ 2026<\/li><\/ul><div class=\"entry-excerpt\"><p>La empresa renov\u00f3 su certificaci\u00f3n Heat Pump Keymark, reforzando la conformidad de sus productos con\u2026<\/p>\n<\/div><a class=\"entry-button\" href=\"https:\/\/energie.pt\/es\/mundo-energie\/febrero-fue-una-vez-mas-un-mes-de-grandes-logros-para-energie\/\">Lee mas<svg width=\"17px\" height=\"17px\" viewBox=\"0 0 32 32\" fill=\"currentColor\"><path d=\"M 21.1875 9.28125 L 19.78125 10.71875 L 24.0625 15 L 4 15 L 4 17 L 24.0625 17 L 19.78125 21.28125 L 21.1875 22.71875 L 27.90625 16 Z \"><\/path><\/svg><span class=\"screen-reader-text\">FEBRERO FUE, UNA VEZ M\u00c1S, UN MES DE GRANDES LOGROS PARA ENERGIE!<\/span><\/a><\/article><article class=\"entry-card card-content post-34213 post type-post status-publish format-standard has-post-thumbnail hentry category-mundo-energie category-noticias\" data-reveal=\"bottom:no\"><a class=\"ct-media-container boundless-image has-hover-effect\" href=\"https:\/\/energie.pt\/es\/mundo-energie\/presentacion-del-inversor-x75ht\/\" aria-label=\"PRESENTACI\u00d3N DEL INVERSOR X75HT\" tabindex=\"-1\"><img decoding=\"async\" width=\"768\" height=\"407\" src=\"https:\/\/energie.pt\/wp-content\/uploads\/2026\/02\/JAN-FEV_inverterx75ht-768x407.png\" class=\"attachment-medium_large size-medium_large wp-post-image\" alt=\"\" loading=\"lazy\" srcset=\"https:\/\/energie.pt\/wp-content\/uploads\/2026\/02\/JAN-FEV_inverterx75ht-768x407.png 768w, https:\/\/energie.pt\/wp-content\/uploads\/2026\/02\/JAN-FEV_inverterx75ht-300x159.png 300w, https:\/\/energie.pt\/wp-content\/uploads\/2026\/02\/JAN-FEV_inverterx75ht-1024x543.png 1024w, https:\/\/energie.pt\/wp-content\/uploads\/2026\/02\/JAN-FEV_inverterx75ht-1536x815.png 1536w, https:\/\/energie.pt\/wp-content\/uploads\/2026\/02\/JAN-FEV_inverterx75ht-2048x1086.png 2048w\" sizes=\"(max-width: 768px) 100vw, 768px\" itemprop=\"image\" style=\"aspect-ratio: 2251\/1194;\" \/><\/a><h6 class=\"entry-title\"><a href=\"https:\/\/energie.pt\/es\/mundo-energie\/presentacion-del-inversor-x75ht\/\" rel=\"bookmark\">PRESENTACI\u00d3N DEL INVERSOR X75HT<\/a><\/h6><ul class=\"entry-meta\" data-type=\"simple:slash\" data-id=\"1M94lq\" ><li class=\"meta-custom-field\" data-field=\"data_bimensal_da_noticia\">ENERO | FEBRERO \/ 2026<\/li><\/ul><div class=\"entry-excerpt\"><p>Energie presenta la AQUAPURA INVERTER X75, la bomba de calor aerot\u00e9rmica de \u00faltima generaci\u00f3n, dise\u00f1ada\u2026<\/p>\n<\/div><a class=\"entry-button\" href=\"https:\/\/energie.pt\/es\/mundo-energie\/presentacion-del-inversor-x75ht\/\">Lee mas<svg width=\"17px\" height=\"17px\" viewBox=\"0 0 32 32\" fill=\"currentColor\"><path d=\"M 21.1875 9.28125 L 19.78125 10.71875 L 24.0625 15 L 4 15 L 4 17 L 24.0625 17 L 19.78125 21.28125 L 21.1875 22.71875 L 27.90625 16 Z \"><\/path><\/svg><span class=\"screen-reader-text\">PRESENTACI\u00d3N DEL INVERSOR X75HT<\/span><\/a><\/article><article class=\"entry-card card-content post-34171 post type-post status-publish format-standard has-post-thumbnail hentry category-mundo-energie category-noticias\" data-reveal=\"bottom:no\"><a class=\"ct-media-container boundless-image has-hover-effect\" href=\"https:\/\/energie.pt\/es\/mundo-energie\/energie-presenta-los-resultados-de-la-encuesta-de-satisfaccion-2025-y-define-los-objetivos-estrategicos-para-2026\/\" aria-label=\"ENERGIE PRESENTA LOS RESULTADOS DE LA ENCUESTA DE SATISFACCI\u00d3N 2025 Y DEFINE LOS OBJETIVOS ESTRAT\u00c9GICOS PARA 2026\" tabindex=\"-1\"><img decoding=\"async\" width=\"768\" height=\"408\" src=\"https:\/\/energie.pt\/wp-content\/uploads\/2026\/02\/JAN-FEV_resultados-768x408.png\" class=\"attachment-medium_large size-medium_large wp-post-image\" alt=\"\" loading=\"lazy\" srcset=\"https:\/\/energie.pt\/wp-content\/uploads\/2026\/02\/JAN-FEV_resultados-768x408.png 768w, https:\/\/energie.pt\/wp-content\/uploads\/2026\/02\/JAN-FEV_resultados-300x159.png 300w, https:\/\/energie.pt\/wp-content\/uploads\/2026\/02\/JAN-FEV_resultados-1024x543.png 1024w, https:\/\/energie.pt\/wp-content\/uploads\/2026\/02\/JAN-FEV_resultados-1536x815.png 1536w, https:\/\/energie.pt\/wp-content\/uploads\/2026\/02\/JAN-FEV_resultados-2048x1087.png 2048w\" sizes=\"(max-width: 768px) 100vw, 768px\" itemprop=\"image\" style=\"aspect-ratio: 375\/199;\" \/><\/a><h6 class=\"entry-title\"><a href=\"https:\/\/energie.pt\/es\/mundo-energie\/energie-presenta-los-resultados-de-la-encuesta-de-satisfaccion-2025-y-define-los-objetivos-estrategicos-para-2026\/\" rel=\"bookmark\">ENERGIE PRESENTA LOS RESULTADOS DE LA ENCUESTA DE SATISFACCI\u00d3N 2025 Y DEFINE LOS OBJETIVOS ESTRAT\u00c9GICOS PARA 2026<\/a><\/h6><ul class=\"entry-meta\" data-type=\"simple:slash\" data-id=\"1M94lq\" ><li class=\"meta-custom-field\" data-field=\"data_bimensal_da_noticia\">ENERO | FEBRERO \/ 2026<\/li><\/ul><div class=\"entry-excerpt\"><p>En enero de 2026, Energie reuni\u00f3 a sus colaboradores para presentar los resultados de la\u2026<\/p>\n<\/div><a class=\"entry-button\" href=\"https:\/\/energie.pt\/es\/mundo-energie\/energie-presenta-los-resultados-de-la-encuesta-de-satisfaccion-2025-y-define-los-objetivos-estrategicos-para-2026\/\">Lee mas<svg width=\"17px\" height=\"17px\" viewBox=\"0 0 32 32\" fill=\"currentColor\"><path d=\"M 21.1875 9.28125 L 19.78125 10.71875 L 24.0625 15 L 4 15 L 4 17 L 24.0625 17 L 19.78125 21.28125 L 21.1875 22.71875 L 27.90625 16 Z \"><\/path><\/svg><span class=\"screen-reader-text\">ENERGIE PRESENTA LOS RESULTADOS DE LA ENCUESTA DE SATISFACCI\u00d3N 2025 Y DEFINE LOS OBJETIVOS ESTRAT\u00c9GICOS PARA 2026<\/span><\/a><\/article><article class=\"entry-card card-content post-33570 post type-post status-publish format-standard has-post-thumbnail hentry category-mundo-energie category-noticias\" data-reveal=\"bottom:no\"><a class=\"ct-media-container boundless-image has-hover-effect\" href=\"https:\/\/energie.pt\/es\/mundo-energie\/energie-presento-sus-mas-recientes-innovaciones-en-cr-2025-en-madrid\/\" aria-label=\"ENERGIE PRESENT\u00d3 SUS M\u00c1S RECIENTES INNOVACIONES EN C&#038;R 2025, EN MADRID\" tabindex=\"-1\"><img decoding=\"async\" width=\"768\" height=\"407\" src=\"https:\/\/energie.pt\/wp-content\/uploads\/2025\/12\/NOV_DEZ_feira-768x407.png\" class=\"attachment-medium_large size-medium_large wp-post-image\" alt=\"\" loading=\"lazy\" srcset=\"https:\/\/energie.pt\/wp-content\/uploads\/2025\/12\/NOV_DEZ_feira-768x407.png 768w, https:\/\/energie.pt\/wp-content\/uploads\/2025\/12\/NOV_DEZ_feira-300x159.png 300w, https:\/\/energie.pt\/wp-content\/uploads\/2025\/12\/NOV_DEZ_feira-1024x543.png 1024w, https:\/\/energie.pt\/wp-content\/uploads\/2025\/12\/NOV_DEZ_feira.png 1080w\" sizes=\"(max-width: 768px) 100vw, 768px\" itemprop=\"image\" style=\"aspect-ratio: 360\/191;\" \/><\/a><h6 class=\"entry-title\"><a href=\"https:\/\/energie.pt\/es\/mundo-energie\/energie-presento-sus-mas-recientes-innovaciones-en-cr-2025-en-madrid\/\" rel=\"bookmark\">ENERGIE PRESENT\u00d3 SUS M\u00c1S RECIENTES INNOVACIONES EN C&#038;R 2025, EN MADRID<\/a><\/h6><ul class=\"entry-meta\" data-type=\"simple:slash\" data-id=\"1M94lq\" ><li class=\"meta-custom-field\" data-field=\"data_bimensal_da_noticia\">NOVIEMBRE | DICIEMBRE \/ 2025<\/li><\/ul><div class=\"entry-excerpt\"><p>Entre los d\u00edas 18 y 20 de noviembre, IFEMA MADRID acogi\u00f3 una nueva edici\u00f3n de\u2026<\/p>\n<\/div><a class=\"entry-button\" href=\"https:\/\/energie.pt\/es\/mundo-energie\/energie-presento-sus-mas-recientes-innovaciones-en-cr-2025-en-madrid\/\">Lee mas<svg width=\"17px\" height=\"17px\" viewBox=\"0 0 32 32\" fill=\"currentColor\"><path d=\"M 21.1875 9.28125 L 19.78125 10.71875 L 24.0625 15 L 4 15 L 4 17 L 24.0625 17 L 19.78125 21.28125 L 21.1875 22.71875 L 27.90625 16 Z \"><\/path><\/svg><span class=\"screen-reader-text\">ENERGIE PRESENT\u00d3 SUS M\u00c1S RECIENTES INNOVACIONES EN C&#038;R 2025, EN MADRID<\/span><\/a><\/article><article class=\"entry-card card-content post-33530 post type-post status-publish format-standard has-post-thumbnail hentry category-mundo-energie category-noticias\" data-reveal=\"bottom:no\"><a class=\"ct-media-container boundless-image has-hover-effect\" href=\"https:\/\/energie.pt\/es\/mundo-energie\/nueva-thermobox-duo-light\/\" aria-label=\"NUEVA THERMOBOX DUO LIGHT\" tabindex=\"-1\"><img decoding=\"async\" width=\"768\" height=\"407\" src=\"https:\/\/energie.pt\/wp-content\/uploads\/2025\/12\/NOV_DEZ_duo_light_v1-768x407.png\" class=\"attachment-medium_large size-medium_large wp-post-image\" alt=\"\" loading=\"lazy\" srcset=\"https:\/\/energie.pt\/wp-content\/uploads\/2025\/12\/NOV_DEZ_duo_light_v1-768x407.png 768w, https:\/\/energie.pt\/wp-content\/uploads\/2025\/12\/NOV_DEZ_duo_light_v1-300x159.png 300w, https:\/\/energie.pt\/wp-content\/uploads\/2025\/12\/NOV_DEZ_duo_light_v1-1024x543.png 1024w, https:\/\/energie.pt\/wp-content\/uploads\/2025\/12\/NOV_DEZ_duo_light_v1.png 1080w\" sizes=\"(max-width: 768px) 100vw, 768px\" itemprop=\"image\" style=\"aspect-ratio: 360\/191;\" \/><\/a><h6 class=\"entry-title\"><a href=\"https:\/\/energie.pt\/es\/mundo-energie\/nueva-thermobox-duo-light\/\" rel=\"bookmark\">NUEVA THERMOBOX DUO LIGHT<\/a><\/h6><ul class=\"entry-meta\" data-type=\"simple:slash\" data-id=\"1M94lq\" ><li class=\"meta-custom-field\" data-field=\"data_bimensal_da_noticia\">NOVIEMBRE | DICIEMBRE \/ 2025<\/li><\/ul><div class=\"entry-excerpt\"><p>ENERGIE presenta la nueva THERMOBOX DUO LIGHT: m\u00e1xima eficiencia, compacidad e instalaci\u00f3n sin complicaciones. ENERGIE\u2026<\/p>\n<\/div><a class=\"entry-button\" href=\"https:\/\/energie.pt\/es\/mundo-energie\/nueva-thermobox-duo-light\/\">Lee mas<svg width=\"17px\" height=\"17px\" viewBox=\"0 0 32 32\" fill=\"currentColor\"><path d=\"M 21.1875 9.28125 L 19.78125 10.71875 L 24.0625 15 L 4 15 L 4 17 L 24.0625 17 L 19.78125 21.28125 L 21.1875 22.71875 L 27.90625 16 Z \"><\/path><\/svg><span class=\"screen-reader-text\">NUEVA THERMOBOX DUO LIGHT<\/span><\/a><\/article><article class=\"entry-card card-content post-33504 post type-post status-publish format-standard has-post-thumbnail hentry category-mundo-energie category-noticias\" data-reveal=\"bottom:no\"><a class=\"ct-media-container boundless-image has-hover-effect\" href=\"https:\/\/energie.pt\/es\/mundo-energie\/obra-de-referencia-edificio-multifamiliar-7\/\" aria-label=\"OBRA DE REFERENCIA \u2013 EDIFICIO MULTIFAMILIAR\" tabindex=\"-1\"><img decoding=\"async\" width=\"768\" height=\"407\" src=\"https:\/\/energie.pt\/wp-content\/uploads\/2025\/12\/NOV_DEZ_obra-768x407.png\" class=\"attachment-medium_large size-medium_large wp-post-image\" alt=\"\" loading=\"lazy\" srcset=\"https:\/\/energie.pt\/wp-content\/uploads\/2025\/12\/NOV_DEZ_obra-768x407.png 768w, https:\/\/energie.pt\/wp-content\/uploads\/2025\/12\/NOV_DEZ_obra-300x159.png 300w, https:\/\/energie.pt\/wp-content\/uploads\/2025\/12\/NOV_DEZ_obra-1024x543.png 1024w, https:\/\/energie.pt\/wp-content\/uploads\/2025\/12\/NOV_DEZ_obra.png 1080w\" sizes=\"(max-width: 768px) 100vw, 768px\" itemprop=\"image\" style=\"aspect-ratio: 360\/191;\" \/><\/a><h6 class=\"entry-title\"><a href=\"https:\/\/energie.pt\/es\/mundo-energie\/obra-de-referencia-edificio-multifamiliar-7\/\" rel=\"bookmark\">OBRA DE REFERENCIA \u2013 EDIFICIO MULTIFAMILIAR<\/a><\/h6><ul class=\"entry-meta\" data-type=\"simple:slash\" data-id=\"1M94lq\" ><li class=\"meta-custom-field\" data-field=\"data_bimensal_da_noticia\">NOVIEMBRE | DICIEMBRE \/ 2025<\/li><\/ul><div class=\"entry-excerpt\"><p>El edificio JeronimuFlats, en Braga, ha reforzado su compromiso con la eficiencia energ\u00e9tica y la\u2026<\/p>\n<\/div><a class=\"entry-button\" href=\"https:\/\/energie.pt\/es\/mundo-energie\/obra-de-referencia-edificio-multifamiliar-7\/\">Lee mas<svg width=\"17px\" height=\"17px\" viewBox=\"0 0 32 32\" fill=\"currentColor\"><path d=\"M 21.1875 9.28125 L 19.78125 10.71875 L 24.0625 15 L 4 15 L 4 17 L 24.0625 17 L 19.78125 21.28125 L 21.1875 22.71875 L 27.90625 16 Z \"><\/path><\/svg><span class=\"screen-reader-text\">OBRA DE REFERENCIA \u2013 EDIFICIO MULTIFAMILIAR<\/span><\/a><\/article><\/div>\n\t\t<nav class=\"ct-pagination\" data-pagination=\"simple\" data-divider >\n\t\t\t<div class=\"ct-hidden-sm\"><span aria-current=\"page\" class=\"page-numbers current\">1<\/span>\n<a class=\"page-numbers\" href=\"https:\/\/energie.pt\/es\/wp-json\/wp\/v2\/pages\/7575\/page\/2\/\">2<\/a>\n<a class=\"page-numbers\" href=\"https:\/\/energie.pt\/es\/wp-json\/wp\/v2\/pages\/7575\/page\/3\/\">3<\/a>\n<a class=\"page-numbers\" href=\"https:\/\/energie.pt\/es\/wp-json\/wp\/v2\/pages\/7575\/page\/4\/\">4<\/a>\n<span class=\"page-numbers dots\">&hellip;<\/span>\n<a class=\"page-numbers\" href=\"https:\/\/energie.pt\/es\/wp-json\/wp\/v2\/pages\/7575\/page\/32\/\">32<\/a><\/div><a class=\"next page-numbers\" rel=\"next\" href=\"https:\/\/energie.pt\/es\/wp-json\/wp\/v2\/pages\/7575\/page\/2\/\">Siguiente <svg width=\"9px\" height=\"9px\" viewBox=\"0 0 15 15\" fill=\"currentColor\"><path d=\"M4.1,15c0.2,0,0.4-0.1,0.6-0.2L11.4,8c0.3-0.3,0.3-0.8,0-1.1L4.8,0.2C4.5-0.1,4-0.1,3.7,0.2C3.4,0.5,3.4,1,3.7,1.3l6.1,6.1l-6.2,6.2c-0.3,0.3-0.3,0.8,0,1.1C3.7,14.9,3.9,15,4.1,15z\"\/><\/svg><\/a>\n\t\t\t\n\t\t<\/nav><\/div>\n\n\n\n<p><\/p>\n","protected":false},"excerpt":{"rendered":"","protected":false},"author":12,"featured_media":15021,"parent":7588,"menu_order":0,"comment_status":"closed","ping_status":"closed","template":"","meta":{"_acf_changed":false,"footnotes":""},"class_list":["post-7575","page","type-page","status-publish","has-post-thumbnail","hentry"],"blocksy_meta":{"styles_descriptor":{"styles":{"desktop":"","tablet":"","mobile":""},"google_fonts":[],"version":6}},"acf":[],"yoast_head":"<!-- This site is optimized with the Yoast SEO plugin v22.8 - https:\/\/yoast.com\/wordpress\/plugins\/seo\/ -->\r\n<title>Noticias - ENERGIE EST, Lda.<\/title>\r\n<meta name=\"robots\" content=\"index, follow, max-snippet:-1, max-image-preview:large, max-video-preview:-1\" \/>\r\n<link rel=\"canonical\" href=\"https:\/\/energie.pt\/es\/mundo-energie\/noticias\/\" \/>\r\n<meta property=\"og:locale\" content=\"es_ES\" \/>\r\n<meta property=\"og:type\" content=\"article\" \/>\r\n<meta property=\"og:title\" content=\"Noticias - ENERGIE EST, Lda.\" \/>\r\n<meta property=\"og:url\" content=\"https:\/\/energie.pt\/es\/mundo-energie\/noticias\/\" \/>\r\n<meta property=\"og:site_name\" content=\"ENERGIE EST, Lda.\" \/>\r\n<meta property=\"article:publisher\" content=\"https:\/\/www.facebook.com\/EnergiePortugalEst\/\" \/>\r\n<meta property=\"article:modified_time\" content=\"2024-10-22T10:01:48+00:00\" \/>\r\n<meta property=\"og:image\" content=\"https:\/\/energie.pt\/wp-content\/uploads\/2022\/11\/banners_v2-02.jpg\" \/>\r\n\t<meta property=\"og:image:width\" content=\"2000\" \/>\r\n\t<meta property=\"og:image:height\" content=\"641\" \/>\r\n\t<meta property=\"og:image:type\" content=\"image\/jpeg\" \/>\r\n<meta name=\"twitter:card\" content=\"summary_large_image\" \/>\r\n<script type=\"application\/ld+json\" class=\"yoast-schema-graph\">{\"@context\":\"https:\/\/schema.org\",\"@graph\":[{\"@type\":\"WebPage\",\"@id\":\"https:\/\/energie.pt\/es\/mundo-energie\/noticias\/\",\"url\":\"https:\/\/energie.pt\/es\/mundo-energie\/noticias\/\",\"name\":\"Noticias - ENERGIE EST, Lda.\",\"isPartOf\":{\"@id\":\"https:\/\/energie.pt\/es\/#website\"},\"primaryImageOfPage\":{\"@id\":\"https:\/\/energie.pt\/es\/mundo-energie\/noticias\/#primaryimage\"},\"image\":{\"@id\":\"https:\/\/energie.pt\/es\/mundo-energie\/noticias\/#primaryimage\"},\"thumbnailUrl\":\"https:\/\/energie.pt\/wp-content\/uploads\/2022\/11\/banners_v2-02.jpg\",\"datePublished\":\"2022-05-06T13:49:57+00:00\",\"dateModified\":\"2024-10-22T10:01:48+00:00\",\"breadcrumb\":{\"@id\":\"https:\/\/energie.pt\/es\/mundo-energie\/noticias\/#breadcrumb\"},\"inLanguage\":\"es\",\"potentialAction\":[{\"@type\":\"ReadAction\",\"target\":[\"https:\/\/energie.pt\/es\/mundo-energie\/noticias\/\"]}]},{\"@type\":\"ImageObject\",\"inLanguage\":\"es\",\"@id\":\"https:\/\/energie.pt\/es\/mundo-energie\/noticias\/#primaryimage\",\"url\":\"https:\/\/energie.pt\/wp-content\/uploads\/2022\/11\/banners_v2-02.jpg\",\"contentUrl\":\"https:\/\/energie.pt\/wp-content\/uploads\/2022\/11\/banners_v2-02.jpg\",\"width\":2000,\"height\":641},{\"@type\":\"BreadcrumbList\",\"@id\":\"https:\/\/energie.pt\/es\/mundo-energie\/noticias\/#breadcrumb\",\"itemListElement\":[{\"@type\":\"ListItem\",\"position\":1,\"name\":\"P\u00e1gina principal\",\"item\":\"https:\/\/energie.pt\/es\/\"},{\"@type\":\"ListItem\",\"position\":2,\"name\":\"Mundo Energie\",\"item\":\"https:\/\/energie.pt\/es\/mundo-energie\/\"},{\"@type\":\"ListItem\",\"position\":3,\"name\":\"Noticias\"}]},{\"@type\":\"WebSite\",\"@id\":\"https:\/\/energie.pt\/es\/#website\",\"url\":\"https:\/\/energie.pt\/es\/\",\"name\":\"ENERGIE\",\"description\":\"Soluciones de Energ\u00eda Solar Termodin\u00e1mica, Climatizaci\u00f3n, Bombas de Calor y ACS\",\"publisher\":{\"@id\":\"https:\/\/energie.pt\/es\/#organization\"},\"alternateName\":\"ENERGIE\",\"potentialAction\":[{\"@type\":\"SearchAction\",\"target\":{\"@type\":\"EntryPoint\",\"urlTemplate\":\"https:\/\/energie.pt\/es\/?s={search_term_string}\"},\"query-input\":\"required name=search_term_string\"}],\"inLanguage\":\"es\"},{\"@type\":\"Organization\",\"@id\":\"https:\/\/energie.pt\/es\/#organization\",\"name\":\"Energie - Thermodynamic Solar Energy\",\"alternateName\":\"Energie\",\"url\":\"https:\/\/energie.pt\/es\/\",\"logo\":{\"@type\":\"ImageObject\",\"inLanguage\":\"es\",\"@id\":\"https:\/\/energie.pt\/es\/#\/schema\/logo\/image\/\",\"url\":\"https:\/\/energie.pt\/wp-content\/uploads\/2021\/06\/logo_energie.svg\",\"contentUrl\":\"https:\/\/energie.pt\/wp-content\/uploads\/2021\/06\/logo_energie.svg\",\"width\":190,\"height\":55,\"caption\":\"Energie - Thermodynamic Solar Energy\"},\"image\":{\"@id\":\"https:\/\/energie.pt\/es\/#\/schema\/logo\/image\/\"},\"sameAs\":[\"https:\/\/www.facebook.com\/EnergiePortugalEst\/\",\"https:\/\/www.instagram.com\/energieportugal\/\",\"https:\/\/www.youtube.com\/channel\/UCnItbF_zm_YZ1tFqzUcVgPQ\",\"https:\/\/www.linkedin.com\/company\/energieportugal\/\"]}]}<\/script>\r\n<!-- \/ Yoast SEO plugin. -->","yoast_head_json":{"title":"Noticias - ENERGIE EST, Lda.","robots":{"index":"index","follow":"follow","max-snippet":"max-snippet:-1","max-image-preview":"max-image-preview:large","max-video-preview":"max-video-preview:-1"},"canonical":"https:\/\/energie.pt\/es\/mundo-energie\/noticias\/","og_locale":"es_ES","og_type":"article","og_title":"Noticias - ENERGIE EST, Lda.","og_url":"https:\/\/energie.pt\/es\/mundo-energie\/noticias\/","og_site_name":"ENERGIE EST, Lda.","article_publisher":"https:\/\/www.facebook.com\/EnergiePortugalEst\/","article_modified_time":"2024-10-22T10:01:48+00:00","og_image":[{"width":2000,"height":641,"url":"https:\/\/energie.pt\/wp-content\/uploads\/2022\/11\/banners_v2-02.jpg","type":"image\/jpeg"}],"twitter_card":"summary_large_image","schema":{"@context":"https:\/\/schema.org","@graph":[{"@type":"WebPage","@id":"https:\/\/energie.pt\/es\/mundo-energie\/noticias\/","url":"https:\/\/energie.pt\/es\/mundo-energie\/noticias\/","name":"Noticias - ENERGIE EST, Lda.","isPartOf":{"@id":"https:\/\/energie.pt\/es\/#website"},"primaryImageOfPage":{"@id":"https:\/\/energie.pt\/es\/mundo-energie\/noticias\/#primaryimage"},"image":{"@id":"https:\/\/energie.pt\/es\/mundo-energie\/noticias\/#primaryimage"},"thumbnailUrl":"https:\/\/energie.pt\/wp-content\/uploads\/2022\/11\/banners_v2-02.jpg","datePublished":"2022-05-06T13:49:57+00:00","dateModified":"2024-10-22T10:01:48+00:00","breadcrumb":{"@id":"https:\/\/energie.pt\/es\/mundo-energie\/noticias\/#breadcrumb"},"inLanguage":"es","potentialAction":[{"@type":"ReadAction","target":["https:\/\/energie.pt\/es\/mundo-energie\/noticias\/"]}]},{"@type":"ImageObject","inLanguage":"es","@id":"https:\/\/energie.pt\/es\/mundo-energie\/noticias\/#primaryimage","url":"https:\/\/energie.pt\/wp-content\/uploads\/2022\/11\/banners_v2-02.jpg","contentUrl":"https:\/\/energie.pt\/wp-content\/uploads\/2022\/11\/banners_v2-02.jpg","width":2000,"height":641},{"@type":"BreadcrumbList","@id":"https:\/\/energie.pt\/es\/mundo-energie\/noticias\/#breadcrumb","itemListElement":[{"@type":"ListItem","position":1,"name":"P\u00e1gina principal","item":"https:\/\/energie.pt\/es\/"},{"@type":"ListItem","position":2,"name":"Mundo Energie","item":"https:\/\/energie.pt\/es\/mundo-energie\/"},{"@type":"ListItem","position":3,"name":"Noticias"}]},{"@type":"WebSite","@id":"https:\/\/energie.pt\/es\/#website","url":"https:\/\/energie.pt\/es\/","name":"ENERGIE","description":"Soluciones de Energ\u00eda Solar Termodin\u00e1mica, Climatizaci\u00f3n, Bombas de Calor y ACS","publisher":{"@id":"https:\/\/energie.pt\/es\/#organization"},"alternateName":"ENERGIE","potentialAction":[{"@type":"SearchAction","target":{"@type":"EntryPoint","urlTemplate":"https:\/\/energie.pt\/es\/?s={search_term_string}"},"query-input":"required name=search_term_string"}],"inLanguage":"es"},{"@type":"Organization","@id":"https:\/\/energie.pt\/es\/#organization","name":"Energie - Thermodynamic Solar Energy","alternateName":"Energie","url":"https:\/\/energie.pt\/es\/","logo":{"@type":"ImageObject","inLanguage":"es","@id":"https:\/\/energie.pt\/es\/#\/schema\/logo\/image\/","url":"https:\/\/energie.pt\/wp-content\/uploads\/2021\/06\/logo_energie.svg","contentUrl":"https:\/\/energie.pt\/wp-content\/uploads\/2021\/06\/logo_energie.svg","width":190,"height":55,"caption":"Energie - Thermodynamic Solar Energy"},"image":{"@id":"https:\/\/energie.pt\/es\/#\/schema\/logo\/image\/"},"sameAs":["https:\/\/www.facebook.com\/EnergiePortugalEst\/","https:\/\/www.instagram.com\/energieportugal\/","https:\/\/www.youtube.com\/channel\/UCnItbF_zm_YZ1tFqzUcVgPQ","https:\/\/www.linkedin.com\/company\/energieportugal\/"]}]}},"_links":{"self":[{"href":"https:\/\/energie.pt\/es\/wp-json\/wp\/v2\/pages\/7575"}],"collection":[{"href":"https:\/\/energie.pt\/es\/wp-json\/wp\/v2\/pages"}],"about":[{"href":"https:\/\/energie.pt\/es\/wp-json\/wp\/v2\/types\/page"}],"author":[{"embeddable":true,"href":"https:\/\/energie.pt\/es\/wp-json\/wp\/v2\/users\/12"}],"replies":[{"embeddable":true,"href":"https:\/\/energie.pt\/es\/wp-json\/wp\/v2\/comments?post=7575"}],"version-history":[{"count":2,"href":"https:\/\/energie.pt\/es\/wp-json\/wp\/v2\/pages\/7575\/revisions"}],"predecessor-version":[{"id":26904,"href":"https:\/\/energie.pt\/es\/wp-json\/wp\/v2\/pages\/7575\/revisions\/26904"}],"up":[{"embeddable":true,"href":"https:\/\/energie.pt\/es\/wp-json\/wp\/v2\/pages\/7588"}],"wp:featuredmedia":[{"embeddable":true,"href":"https:\/\/energie.pt\/es\/wp-json\/wp\/v2\/media\/15021"}],"wp:attachment":[{"href":"https:\/\/energie.pt\/es\/wp-json\/wp\/v2\/media?parent=7575"}],"curies":[{"name":"wp","href":"https:\/\/api.w.org\/{rel}","templated":true}]}}