{"id":7583,"date":"2022-05-06T16:47:38","date_gmt":"2022-05-06T16:47:38","guid":{"rendered":"https:\/\/energie.pt\/proyectos\/"},"modified":"2025-05-05T14:15:10","modified_gmt":"2025-05-05T14:15:10","slug":"proyectos","status":"publish","type":"page","link":"https:\/\/energie.pt\/es\/mundo-energie\/proyectos\/","title":{"rendered":"Proyectos"},"content":{"rendered":"<div class=\"ct-posts-shortcode\" data-prefix=\"blog\"><div class=\"entries\" data-archive=\"default\" data-layout=\"grid\" data-cards=\"boxed\"  data-hover=\"zoom-in\" ><article class=\"entry-card card-content post-19843 post type-post status-publish format-standard has-post-thumbnail hentry category-mundo-energie category-proyectos\" data-reveal=\"bottom:no\"><a class=\"ct-media-container boundless-image has-hover-effect\" href=\"https:\/\/energie.pt\/es\/mundo-energie\/proyectos\/immeuble-multifamilial\/\" aria-label=\"IMMEUBLE MULTIFAMILIAL\" tabindex=\"-1\"><img decoding=\"async\" width=\"752\" height=\"398\" src=\"https:\/\/energie.pt\/wp-content\/uploads\/2023\/02\/jul_ago_obra_ref.png\" class=\"attachment-medium_large size-medium_large wp-post-image\" alt=\"\" loading=\"lazy\" srcset=\"https:\/\/energie.pt\/wp-content\/uploads\/2023\/02\/jul_ago_obra_ref.png 752w, https:\/\/energie.pt\/wp-content\/uploads\/2023\/02\/jul_ago_obra_ref-600x318.png 600w, https:\/\/energie.pt\/wp-content\/uploads\/2023\/02\/jul_ago_obra_ref-450x238.png 450w, https:\/\/energie.pt\/wp-content\/uploads\/2023\/02\/jul_ago_obra_ref-300x159.png 300w\" sizes=\"(max-width: 752px) 100vw, 752px\" itemprop=\"image\" style=\"aspect-ratio: 376\/199;\" \/><\/a><h6 class=\"entry-title\"><a href=\"https:\/\/energie.pt\/es\/mundo-energie\/proyectos\/immeuble-multifamilial\/\" rel=\"bookmark\">IMMEUBLE MULTIFAMILIAL<\/a><\/h6><div class=\"entry-excerpt\">Agua Caliente Sanitaria para Uso Dom\u00e9stico<\/div><a class=\"entry-button\" href=\"https:\/\/energie.pt\/es\/mundo-energie\/proyectos\/immeuble-multifamilial\/\">Lee mas<svg width=\"17px\" height=\"17px\" viewBox=\"0 0 32 32\" fill=\"currentColor\"><path d=\"M 21.1875 9.28125 L 19.78125 10.71875 L 24.0625 15 L 4 15 L 4 17 L 24.0625 17 L 19.78125 21.28125 L 21.1875 22.71875 L 27.90625 16 Z \"><\/path><\/svg><span class=\"screen-reader-text\">IMMEUBLE MULTIFAMILIAL<\/span><\/a><\/article><article class=\"entry-card card-content post-19849 post type-post status-publish format-standard has-post-thumbnail hentry category-mundo-energie category-proyectos\" data-reveal=\"bottom:no\"><a class=\"ct-media-container boundless-image has-hover-effect\" href=\"https:\/\/energie.pt\/es\/mundo-energie\/proyectos\/red-de-restaurantes-de-comida-rapida\/\" aria-label=\"RED DE RESTAURANTES DE COMIDA R\u00c1PIDA\" tabindex=\"-1\"><img decoding=\"async\" width=\"768\" height=\"407\" src=\"https:\/\/energie.pt\/wp-content\/uploads\/2023\/02\/nov_dez_obra_ref-768x407.png\" class=\"attachment-medium_large size-medium_large wp-post-image\" alt=\"\" loading=\"lazy\" srcset=\"https:\/\/energie.pt\/wp-content\/uploads\/2023\/02\/nov_dez_obra_ref-768x407.png 768w, https:\/\/energie.pt\/wp-content\/uploads\/2023\/02\/nov_dez_obra_ref-600x318.png 600w, https:\/\/energie.pt\/wp-content\/uploads\/2023\/02\/nov_dez_obra_ref-450x239.png 450w, https:\/\/energie.pt\/wp-content\/uploads\/2023\/02\/nov_dez_obra_ref-300x159.png 300w, https:\/\/energie.pt\/wp-content\/uploads\/2023\/02\/nov_dez_obra_ref-1024x543.png 1024w, https:\/\/energie.pt\/wp-content\/uploads\/2023\/02\/nov_dez_obra_ref-1536x815.png 1536w, https:\/\/energie.pt\/wp-content\/uploads\/2023\/02\/nov_dez_obra_ref-2048x1087.png 2048w\" sizes=\"(max-width: 768px) 100vw, 768px\" itemprop=\"image\" style=\"aspect-ratio: 6503\/3450;\" \/><\/a><h6 class=\"entry-title\"><a href=\"https:\/\/energie.pt\/es\/mundo-energie\/proyectos\/red-de-restaurantes-de-comida-rapida\/\" rel=\"bookmark\">RED DE RESTAURANTES DE COMIDA R\u00c1PIDA<\/a><\/h6><div class=\"entry-excerpt\">Agua Caliente Sanitaria Uso Industrial <\/div><a class=\"entry-button\" href=\"https:\/\/energie.pt\/es\/mundo-energie\/proyectos\/red-de-restaurantes-de-comida-rapida\/\">Lee mas<svg width=\"17px\" height=\"17px\" viewBox=\"0 0 32 32\" fill=\"currentColor\"><path d=\"M 21.1875 9.28125 L 19.78125 10.71875 L 24.0625 15 L 4 15 L 4 17 L 24.0625 17 L 19.78125 21.28125 L 21.1875 22.71875 L 27.90625 16 Z \"><\/path><\/svg><span class=\"screen-reader-text\">RED DE RESTAURANTES DE COMIDA R\u00c1PIDA<\/span><\/a><\/article><article class=\"entry-card card-content post-19858 post type-post status-publish format-standard has-post-thumbnail hentry category-mundo-energie category-proyectos\" data-reveal=\"bottom:no\"><a class=\"ct-media-container boundless-image has-hover-effect\" href=\"https:\/\/energie.pt\/es\/mundo-energie\/proyectos\/vivienda-unifamiliar\/\" aria-label=\"VIVIENDA UNIFAMILIAR\" tabindex=\"-1\"><img decoding=\"async\" width=\"768\" height=\"408\" src=\"https:\/\/energie.pt\/wp-content\/uploads\/2023\/02\/MORADIA_UNITIFAMILIAR_Prancheta-1-768x408.png\" class=\"attachment-medium_large size-medium_large wp-post-image\" alt=\"\" loading=\"lazy\" srcset=\"https:\/\/energie.pt\/wp-content\/uploads\/2023\/02\/MORADIA_UNITIFAMILIAR_Prancheta-1-768x408.png 768w, https:\/\/energie.pt\/wp-content\/uploads\/2023\/02\/MORADIA_UNITIFAMILIAR_Prancheta-1-600x318.png 600w, https:\/\/energie.pt\/wp-content\/uploads\/2023\/02\/MORADIA_UNITIFAMILIAR_Prancheta-1-450x239.png 450w, https:\/\/energie.pt\/wp-content\/uploads\/2023\/02\/MORADIA_UNITIFAMILIAR_Prancheta-1-300x159.png 300w, https:\/\/energie.pt\/wp-content\/uploads\/2023\/02\/MORADIA_UNITIFAMILIAR_Prancheta-1-1024x543.png 1024w, https:\/\/energie.pt\/wp-content\/uploads\/2023\/02\/MORADIA_UNITIFAMILIAR_Prancheta-1-1536x815.png 1536w, https:\/\/energie.pt\/wp-content\/uploads\/2023\/02\/MORADIA_UNITIFAMILIAR_Prancheta-1.png 1875w\" sizes=\"(max-width: 768px) 100vw, 768px\" itemprop=\"image\" style=\"aspect-ratio: 375\/199;\" \/><\/a><h6 class=\"entry-title\"><a href=\"https:\/\/energie.pt\/es\/mundo-energie\/proyectos\/vivienda-unifamiliar\/\" rel=\"bookmark\">VIVIENDA UNIFAMILIAR<\/a><\/h6><div class=\"entry-excerpt\">Agua Caliente Sanitaria para Uso Dom\u00e9stico + Calefacci\u00f3n Central<\/div><a class=\"entry-button\" href=\"https:\/\/energie.pt\/es\/mundo-energie\/proyectos\/vivienda-unifamiliar\/\">Lee mas<svg width=\"17px\" height=\"17px\" viewBox=\"0 0 32 32\" fill=\"currentColor\"><path d=\"M 21.1875 9.28125 L 19.78125 10.71875 L 24.0625 15 L 4 15 L 4 17 L 24.0625 17 L 19.78125 21.28125 L 21.1875 22.71875 L 27.90625 16 Z \"><\/path><\/svg><span class=\"screen-reader-text\">VIVIENDA UNIFAMILIAR<\/span><\/a><\/article><article class=\"entry-card card-content post-19868 post type-post status-publish format-standard has-post-thumbnail hentry category-mundo-energie category-proyectos\" data-reveal=\"bottom:no\"><a class=\"ct-media-container boundless-image has-hover-effect\" href=\"https:\/\/energie.pt\/es\/mundo-energie\/proyectos\/vivienda-unifamiliar-2\/\" aria-label=\"VIVIENDA UNIFAMILIAR\" tabindex=\"-1\"><img decoding=\"async\" width=\"768\" height=\"408\" src=\"https:\/\/energie.pt\/wp-content\/uploads\/2023\/02\/MORADIA_UNIFAMILIAR_Prancheta-1-768x408.png\" class=\"attachment-medium_large size-medium_large wp-post-image\" alt=\"\" loading=\"lazy\" srcset=\"https:\/\/energie.pt\/wp-content\/uploads\/2023\/02\/MORADIA_UNIFAMILIAR_Prancheta-1-768x408.png 768w, https:\/\/energie.pt\/wp-content\/uploads\/2023\/02\/MORADIA_UNIFAMILIAR_Prancheta-1-600x318.png 600w, https:\/\/energie.pt\/wp-content\/uploads\/2023\/02\/MORADIA_UNIFAMILIAR_Prancheta-1-450x239.png 450w, https:\/\/energie.pt\/wp-content\/uploads\/2023\/02\/MORADIA_UNIFAMILIAR_Prancheta-1-300x159.png 300w, https:\/\/energie.pt\/wp-content\/uploads\/2023\/02\/MORADIA_UNIFAMILIAR_Prancheta-1-1024x543.png 1024w, https:\/\/energie.pt\/wp-content\/uploads\/2023\/02\/MORADIA_UNIFAMILIAR_Prancheta-1-1536x815.png 1536w, https:\/\/energie.pt\/wp-content\/uploads\/2023\/02\/MORADIA_UNIFAMILIAR_Prancheta-1.png 1875w\" sizes=\"(max-width: 768px) 100vw, 768px\" itemprop=\"image\" style=\"aspect-ratio: 375\/199;\" \/><\/a><h6 class=\"entry-title\"><a href=\"https:\/\/energie.pt\/es\/mundo-energie\/proyectos\/vivienda-unifamiliar-2\/\" rel=\"bookmark\">VIVIENDA UNIFAMILIAR<\/a><\/h6><div class=\"entry-excerpt\">Agua Caliente Sanitaria para Uso Dom\u00e9stico + Calefacci\u00f3n Central<\/div><a class=\"entry-button\" href=\"https:\/\/energie.pt\/es\/mundo-energie\/proyectos\/vivienda-unifamiliar-2\/\">Lee mas<svg width=\"17px\" height=\"17px\" viewBox=\"0 0 32 32\" fill=\"currentColor\"><path d=\"M 21.1875 9.28125 L 19.78125 10.71875 L 24.0625 15 L 4 15 L 4 17 L 24.0625 17 L 19.78125 21.28125 L 21.1875 22.71875 L 27.90625 16 Z \"><\/path><\/svg><span class=\"screen-reader-text\">VIVIENDA UNIFAMILIAR<\/span><\/a><\/article><article class=\"entry-card card-content post-19874 post type-post status-publish format-standard has-post-thumbnail hentry category-mundo-energie category-proyectos\" data-reveal=\"bottom:no\"><a class=\"ct-media-container boundless-image has-hover-effect\" href=\"https:\/\/energie.pt\/es\/mundo-energie\/proyectos\/vivienda-unifamiliar-3\/\" aria-label=\"VIVIENDA UNIFAMILIAR\" tabindex=\"-1\"><img decoding=\"async\" width=\"768\" height=\"432\" src=\"https:\/\/energie.pt\/wp-content\/uploads\/2023\/02\/bloco_solar_ultra_plus-1-768x432.jpg\" class=\"attachment-medium_large size-medium_large wp-post-image\" alt=\"\" loading=\"lazy\" srcset=\"https:\/\/energie.pt\/wp-content\/uploads\/2023\/02\/bloco_solar_ultra_plus-1-768x432.jpg 768w, https:\/\/energie.pt\/wp-content\/uploads\/2023\/02\/bloco_solar_ultra_plus-1-600x338.jpg 600w, https:\/\/energie.pt\/wp-content\/uploads\/2023\/02\/bloco_solar_ultra_plus-1-450x253.jpg 450w, https:\/\/energie.pt\/wp-content\/uploads\/2023\/02\/bloco_solar_ultra_plus-1-300x169.jpg 300w, https:\/\/energie.pt\/wp-content\/uploads\/2023\/02\/bloco_solar_ultra_plus-1-1024x576.jpg 1024w, https:\/\/energie.pt\/wp-content\/uploads\/2023\/02\/bloco_solar_ultra_plus-1-1536x864.jpg 1536w, https:\/\/energie.pt\/wp-content\/uploads\/2023\/02\/bloco_solar_ultra_plus-1.jpg 1632w\" sizes=\"(max-width: 768px) 100vw, 768px\" itemprop=\"image\" style=\"aspect-ratio: 16\/9;\" \/><\/a><h6 class=\"entry-title\"><a href=\"https:\/\/energie.pt\/es\/mundo-energie\/proyectos\/vivienda-unifamiliar-3\/\" rel=\"bookmark\">VIVIENDA UNIFAMILIAR<\/a><\/h6><div class=\"entry-excerpt\">Agua Caliente Sanitaria para Uso Dom\u00e9stico + Calefacci\u00f3n Central<\/div><a class=\"entry-button\" href=\"https:\/\/energie.pt\/es\/mundo-energie\/proyectos\/vivienda-unifamiliar-3\/\">Lee mas<svg width=\"17px\" height=\"17px\" viewBox=\"0 0 32 32\" fill=\"currentColor\"><path d=\"M 21.1875 9.28125 L 19.78125 10.71875 L 24.0625 15 L 4 15 L 4 17 L 24.0625 17 L 19.78125 21.28125 L 21.1875 22.71875 L 27.90625 16 Z \"><\/path><\/svg><span class=\"screen-reader-text\">VIVIENDA UNIFAMILIAR<\/span><\/a><\/article><article class=\"entry-card card-content post-19796 post type-post status-publish format-standard has-post-thumbnail hentry category-mundo-energie category-proyectos\" data-reveal=\"bottom:no\"><a class=\"ct-media-container boundless-image has-hover-effect\" href=\"https:\/\/energie.pt\/es\/mundo-energie\/proyectos\/acuicultura-de-camaron\/\" aria-label=\"ACUICULTURA DE CAMARON\" tabindex=\"-1\"><img decoding=\"async\" width=\"500\" height=\"264\" src=\"https:\/\/energie.pt\/wp-content\/uploads\/2021\/07\/42121f00ffc451d0c288e11c1f28cbd4_L.jpg\" class=\"attachment-medium_large size-medium_large wp-post-image\" alt=\"\" loading=\"lazy\" srcset=\"https:\/\/energie.pt\/wp-content\/uploads\/2021\/07\/42121f00ffc451d0c288e11c1f28cbd4_L.jpg 500w, https:\/\/energie.pt\/wp-content\/uploads\/2021\/07\/42121f00ffc451d0c288e11c1f28cbd4_L-200x106.jpg 200w, https:\/\/energie.pt\/wp-content\/uploads\/2021\/07\/42121f00ffc451d0c288e11c1f28cbd4_L-300x158.jpg 300w\" sizes=\"(max-width: 500px) 100vw, 500px\" itemprop=\"image\" style=\"aspect-ratio: 125\/66;\" \/><\/a><h6 class=\"entry-title\"><a href=\"https:\/\/energie.pt\/es\/mundo-energie\/proyectos\/acuicultura-de-camaron\/\" rel=\"bookmark\">ACUICULTURA DE CAMARON<\/a><\/h6><div class=\"entry-excerpt\">Climatizaci\u00f3n de Piscinas<\/div><a class=\"entry-button\" href=\"https:\/\/energie.pt\/es\/mundo-energie\/proyectos\/acuicultura-de-camaron\/\">Lee mas<svg width=\"17px\" height=\"17px\" viewBox=\"0 0 32 32\" fill=\"currentColor\"><path d=\"M 21.1875 9.28125 L 19.78125 10.71875 L 24.0625 15 L 4 15 L 4 17 L 24.0625 17 L 19.78125 21.28125 L 21.1875 22.71875 L 27.90625 16 Z \"><\/path><\/svg><span class=\"screen-reader-text\">ACUICULTURA DE CAMARON<\/span><\/a><\/article><\/div>\n\t\t<nav class=\"ct-pagination\" data-pagination=\"simple\" data-divider >\n\t\t\t<div class=\"ct-hidden-sm\"><span aria-current=\"page\" class=\"page-numbers current\">1<\/span>\n<a class=\"page-numbers\" href=\"https:\/\/energie.pt\/es\/wp-json\/wp\/v2\/pages\/7583\/page\/2\/\">2<\/a>\n<a class=\"page-numbers\" href=\"https:\/\/energie.pt\/es\/wp-json\/wp\/v2\/pages\/7583\/page\/3\/\">3<\/a>\n<a class=\"page-numbers\" href=\"https:\/\/energie.pt\/es\/wp-json\/wp\/v2\/pages\/7583\/page\/4\/\">4<\/a>\n<a class=\"page-numbers\" href=\"https:\/\/energie.pt\/es\/wp-json\/wp\/v2\/pages\/7583\/page\/5\/\">5<\/a><\/div><a class=\"next page-numbers\" rel=\"next\" href=\"https:\/\/energie.pt\/es\/wp-json\/wp\/v2\/pages\/7583\/page\/2\/\">Siguiente <svg width=\"9px\" height=\"9px\" viewBox=\"0 0 15 15\" fill=\"currentColor\"><path d=\"M4.1,15c0.2,0,0.4-0.1,0.6-0.2L11.4,8c0.3-0.3,0.3-0.8,0-1.1L4.8,0.2C4.5-0.1,4-0.1,3.7,0.2C3.4,0.5,3.4,1,3.7,1.3l6.1,6.1l-6.2,6.2c-0.3,0.3-0.3,0.8,0,1.1C3.7,14.9,3.9,15,4.1,15z\"\/><\/svg><\/a>\n\t\t\t\n\t\t<\/nav><\/div>\n\n\n\n<p><\/p>\n","protected":false},"excerpt":{"rendered":"","protected":false},"author":12,"featured_media":15031,"parent":7588,"menu_order":0,"comment_status":"closed","ping_status":"closed","template":"","meta":{"_acf_changed":false,"footnotes":""},"class_list":["post-7583","page","type-page","status-publish","has-post-thumbnail","hentry"],"blocksy_meta":{"styles_descriptor":{"styles":{"desktop":"","tablet":"","mobile":""},"google_fonts":[],"version":6}},"acf":[],"yoast_head":"<!-- This site is optimized with the Yoast SEO plugin v22.8 - https:\/\/yoast.com\/wordpress\/plugins\/seo\/ -->\r\n<title>Proyectos - ENERGIE EST, Lda.<\/title>\r\n<meta name=\"robots\" content=\"index, follow, max-snippet:-1, max-image-preview:large, max-video-preview:-1\" \/>\r\n<link rel=\"canonical\" href=\"https:\/\/energie.pt\/es\/mundo-energie\/proyectos\/\" \/>\r\n<meta property=\"og:locale\" content=\"es_ES\" \/>\r\n<meta property=\"og:type\" content=\"article\" \/>\r\n<meta property=\"og:title\" content=\"Proyectos - ENERGIE EST, Lda.\" \/>\r\n<meta property=\"og:url\" content=\"https:\/\/energie.pt\/es\/mundo-energie\/proyectos\/\" \/>\r\n<meta property=\"og:site_name\" content=\"ENERGIE EST, Lda.\" \/>\r\n<meta property=\"article:publisher\" content=\"https:\/\/www.facebook.com\/EnergiePortugalEst\/\" \/>\r\n<meta property=\"article:modified_time\" content=\"2025-05-05T14:15:10+00:00\" \/>\r\n<meta property=\"og:image\" content=\"https:\/\/energie.pt\/wp-content\/uploads\/2022\/11\/banners_v2-04.jpg\" \/>\r\n\t<meta property=\"og:image:width\" content=\"2000\" \/>\r\n\t<meta property=\"og:image:height\" content=\"641\" \/>\r\n\t<meta property=\"og:image:type\" content=\"image\/jpeg\" \/>\r\n<meta name=\"twitter:card\" content=\"summary_large_image\" \/>\r\n<script type=\"application\/ld+json\" class=\"yoast-schema-graph\">{\"@context\":\"https:\/\/schema.org\",\"@graph\":[{\"@type\":\"WebPage\",\"@id\":\"https:\/\/energie.pt\/es\/mundo-energie\/proyectos\/\",\"url\":\"https:\/\/energie.pt\/es\/mundo-energie\/proyectos\/\",\"name\":\"Proyectos - ENERGIE EST, Lda.\",\"isPartOf\":{\"@id\":\"https:\/\/energie.pt\/es\/#website\"},\"primaryImageOfPage\":{\"@id\":\"https:\/\/energie.pt\/es\/mundo-energie\/proyectos\/#primaryimage\"},\"image\":{\"@id\":\"https:\/\/energie.pt\/es\/mundo-energie\/proyectos\/#primaryimage\"},\"thumbnailUrl\":\"https:\/\/energie.pt\/wp-content\/uploads\/2022\/11\/banners_v2-04.jpg\",\"datePublished\":\"2022-05-06T16:47:38+00:00\",\"dateModified\":\"2025-05-05T14:15:10+00:00\",\"breadcrumb\":{\"@id\":\"https:\/\/energie.pt\/es\/mundo-energie\/proyectos\/#breadcrumb\"},\"inLanguage\":\"es\",\"potentialAction\":[{\"@type\":\"ReadAction\",\"target\":[\"https:\/\/energie.pt\/es\/mundo-energie\/proyectos\/\"]}]},{\"@type\":\"ImageObject\",\"inLanguage\":\"es\",\"@id\":\"https:\/\/energie.pt\/es\/mundo-energie\/proyectos\/#primaryimage\",\"url\":\"https:\/\/energie.pt\/wp-content\/uploads\/2022\/11\/banners_v2-04.jpg\",\"contentUrl\":\"https:\/\/energie.pt\/wp-content\/uploads\/2022\/11\/banners_v2-04.jpg\",\"width\":2000,\"height\":641},{\"@type\":\"BreadcrumbList\",\"@id\":\"https:\/\/energie.pt\/es\/mundo-energie\/proyectos\/#breadcrumb\",\"itemListElement\":[{\"@type\":\"ListItem\",\"position\":1,\"name\":\"P\u00e1gina principal\",\"item\":\"https:\/\/energie.pt\/es\/\"},{\"@type\":\"ListItem\",\"position\":2,\"name\":\"Mundo Energie\",\"item\":\"https:\/\/energie.pt\/es\/mundo-energie\/\"},{\"@type\":\"ListItem\",\"position\":3,\"name\":\"Proyectos\"}]},{\"@type\":\"WebSite\",\"@id\":\"https:\/\/energie.pt\/es\/#website\",\"url\":\"https:\/\/energie.pt\/es\/\",\"name\":\"ENERGIE\",\"description\":\"Soluciones de Energ\u00eda Solar Termodin\u00e1mica, Climatizaci\u00f3n, Bombas de Calor y ACS\",\"publisher\":{\"@id\":\"https:\/\/energie.pt\/es\/#organization\"},\"alternateName\":\"ENERGIE\",\"potentialAction\":[{\"@type\":\"SearchAction\",\"target\":{\"@type\":\"EntryPoint\",\"urlTemplate\":\"https:\/\/energie.pt\/es\/?s={search_term_string}\"},\"query-input\":\"required name=search_term_string\"}],\"inLanguage\":\"es\"},{\"@type\":\"Organization\",\"@id\":\"https:\/\/energie.pt\/es\/#organization\",\"name\":\"Energie - Thermodynamic Solar Energy\",\"alternateName\":\"Energie\",\"url\":\"https:\/\/energie.pt\/es\/\",\"logo\":{\"@type\":\"ImageObject\",\"inLanguage\":\"es\",\"@id\":\"https:\/\/energie.pt\/es\/#\/schema\/logo\/image\/\",\"url\":\"https:\/\/energie.pt\/wp-content\/uploads\/2021\/06\/logo_energie.svg\",\"contentUrl\":\"https:\/\/energie.pt\/wp-content\/uploads\/2021\/06\/logo_energie.svg\",\"width\":190,\"height\":55,\"caption\":\"Energie - Thermodynamic Solar Energy\"},\"image\":{\"@id\":\"https:\/\/energie.pt\/es\/#\/schema\/logo\/image\/\"},\"sameAs\":[\"https:\/\/www.facebook.com\/EnergiePortugalEst\/\",\"https:\/\/www.instagram.com\/energieportugal\/\",\"https:\/\/www.youtube.com\/channel\/UCnItbF_zm_YZ1tFqzUcVgPQ\",\"https:\/\/www.linkedin.com\/company\/energieportugal\/\"]}]}<\/script>\r\n<!-- \/ Yoast SEO plugin. -->","yoast_head_json":{"title":"Proyectos - ENERGIE EST, Lda.","robots":{"index":"index","follow":"follow","max-snippet":"max-snippet:-1","max-image-preview":"max-image-preview:large","max-video-preview":"max-video-preview:-1"},"canonical":"https:\/\/energie.pt\/es\/mundo-energie\/proyectos\/","og_locale":"es_ES","og_type":"article","og_title":"Proyectos - ENERGIE EST, Lda.","og_url":"https:\/\/energie.pt\/es\/mundo-energie\/proyectos\/","og_site_name":"ENERGIE EST, Lda.","article_publisher":"https:\/\/www.facebook.com\/EnergiePortugalEst\/","article_modified_time":"2025-05-05T14:15:10+00:00","og_image":[{"width":2000,"height":641,"url":"https:\/\/energie.pt\/wp-content\/uploads\/2022\/11\/banners_v2-04.jpg","type":"image\/jpeg"}],"twitter_card":"summary_large_image","schema":{"@context":"https:\/\/schema.org","@graph":[{"@type":"WebPage","@id":"https:\/\/energie.pt\/es\/mundo-energie\/proyectos\/","url":"https:\/\/energie.pt\/es\/mundo-energie\/proyectos\/","name":"Proyectos - ENERGIE EST, Lda.","isPartOf":{"@id":"https:\/\/energie.pt\/es\/#website"},"primaryImageOfPage":{"@id":"https:\/\/energie.pt\/es\/mundo-energie\/proyectos\/#primaryimage"},"image":{"@id":"https:\/\/energie.pt\/es\/mundo-energie\/proyectos\/#primaryimage"},"thumbnailUrl":"https:\/\/energie.pt\/wp-content\/uploads\/2022\/11\/banners_v2-04.jpg","datePublished":"2022-05-06T16:47:38+00:00","dateModified":"2025-05-05T14:15:10+00:00","breadcrumb":{"@id":"https:\/\/energie.pt\/es\/mundo-energie\/proyectos\/#breadcrumb"},"inLanguage":"es","potentialAction":[{"@type":"ReadAction","target":["https:\/\/energie.pt\/es\/mundo-energie\/proyectos\/"]}]},{"@type":"ImageObject","inLanguage":"es","@id":"https:\/\/energie.pt\/es\/mundo-energie\/proyectos\/#primaryimage","url":"https:\/\/energie.pt\/wp-content\/uploads\/2022\/11\/banners_v2-04.jpg","contentUrl":"https:\/\/energie.pt\/wp-content\/uploads\/2022\/11\/banners_v2-04.jpg","width":2000,"height":641},{"@type":"BreadcrumbList","@id":"https:\/\/energie.pt\/es\/mundo-energie\/proyectos\/#breadcrumb","itemListElement":[{"@type":"ListItem","position":1,"name":"P\u00e1gina principal","item":"https:\/\/energie.pt\/es\/"},{"@type":"ListItem","position":2,"name":"Mundo Energie","item":"https:\/\/energie.pt\/es\/mundo-energie\/"},{"@type":"ListItem","position":3,"name":"Proyectos"}]},{"@type":"WebSite","@id":"https:\/\/energie.pt\/es\/#website","url":"https:\/\/energie.pt\/es\/","name":"ENERGIE","description":"Soluciones de Energ\u00eda Solar Termodin\u00e1mica, Climatizaci\u00f3n, Bombas de Calor y ACS","publisher":{"@id":"https:\/\/energie.pt\/es\/#organization"},"alternateName":"ENERGIE","potentialAction":[{"@type":"SearchAction","target":{"@type":"EntryPoint","urlTemplate":"https:\/\/energie.pt\/es\/?s={search_term_string}"},"query-input":"required name=search_term_string"}],"inLanguage":"es"},{"@type":"Organization","@id":"https:\/\/energie.pt\/es\/#organization","name":"Energie - Thermodynamic Solar Energy","alternateName":"Energie","url":"https:\/\/energie.pt\/es\/","logo":{"@type":"ImageObject","inLanguage":"es","@id":"https:\/\/energie.pt\/es\/#\/schema\/logo\/image\/","url":"https:\/\/energie.pt\/wp-content\/uploads\/2021\/06\/logo_energie.svg","contentUrl":"https:\/\/energie.pt\/wp-content\/uploads\/2021\/06\/logo_energie.svg","width":190,"height":55,"caption":"Energie - Thermodynamic Solar Energy"},"image":{"@id":"https:\/\/energie.pt\/es\/#\/schema\/logo\/image\/"},"sameAs":["https:\/\/www.facebook.com\/EnergiePortugalEst\/","https:\/\/www.instagram.com\/energieportugal\/","https:\/\/www.youtube.com\/channel\/UCnItbF_zm_YZ1tFqzUcVgPQ","https:\/\/www.linkedin.com\/company\/energieportugal\/"]}]}},"_links":{"self":[{"href":"https:\/\/energie.pt\/es\/wp-json\/wp\/v2\/pages\/7583"}],"collection":[{"href":"https:\/\/energie.pt\/es\/wp-json\/wp\/v2\/pages"}],"about":[{"href":"https:\/\/energie.pt\/es\/wp-json\/wp\/v2\/types\/page"}],"author":[{"embeddable":true,"href":"https:\/\/energie.pt\/es\/wp-json\/wp\/v2\/users\/12"}],"replies":[{"embeddable":true,"href":"https:\/\/energie.pt\/es\/wp-json\/wp\/v2\/comments?post=7583"}],"version-history":[{"count":2,"href":"https:\/\/energie.pt\/es\/wp-json\/wp\/v2\/pages\/7583\/revisions"}],"predecessor-version":[{"id":31413,"href":"https:\/\/energie.pt\/es\/wp-json\/wp\/v2\/pages\/7583\/revisions\/31413"}],"up":[{"embeddable":true,"href":"https:\/\/energie.pt\/es\/wp-json\/wp\/v2\/pages\/7588"}],"wp:featuredmedia":[{"embeddable":true,"href":"https:\/\/energie.pt\/es\/wp-json\/wp\/v2\/media\/15031"}],"wp:attachment":[{"href":"https:\/\/energie.pt\/es\/wp-json\/wp\/v2\/media?parent=7583"}],"curies":[{"name":"wp","href":"https:\/\/api.w.org\/{rel}","templated":true}]}}