{"id":7588,"date":"2022-05-11T16:14:13","date_gmt":"2022-05-11T16:14:13","guid":{"rendered":"https:\/\/energie.pt\/mundo-energie\/"},"modified":"2024-07-02T16:03:22","modified_gmt":"2024-07-02T16:03:22","slug":"mundo-energie","status":"publish","type":"page","link":"https:\/\/energie.pt\/es\/mundo-energie\/","title":{"rendered":"Mundo Energie"},"content":{"rendered":"\n<div class=\"wp-block-stackable-heading stk-block-heading stk-block-heading--v2 stk-block stk-57226d4\" id=\"a-marca-energie\" data-block-id=\"57226d4\"><style>.stk-57226d4 .stk-block-heading__text{text-transform:uppercase !important}.stk-57226d4 .stk-block-heading__bottom-line{height:2px !important;background-color:var(--theme-palette-color-2,#ff913d) !important;margin-top:10px !important}<\/style><h4 class=\"stk-block-heading__text\">LA MARCA ENERGIE<\/h4><div class=\"stk-block-heading__bottom-line\"><\/div><\/div>\n\n<div class=\"wp-block-stackable-columns stk-block-columns stk-block stk-84650b9\" data-block-id=\"84650b9\"><div class=\"stk-row stk-inner-blocks stk-block-content stk-content-align stk-84650b9-column\">\n<div class=\"wp-block-stackable-column stk-block-column stk-column stk-block stk-cec4d56\" data-v=\"4\" data-block-id=\"cec4d56\"><style>@media screen and (min-width:768px){.stk-cec4d56{flex:1 1 calc(60% - var(--stk-column-gap,0px) * 1 \/ 2 ) !important}}<\/style><div class=\"stk-column-wrapper stk-block-column__content stk-container stk-cec4d56-container stk--no-background stk--no-padding\"><div class=\"stk-block-content stk-inner-blocks stk-cec4d56-inner-blocks\">\n<p>Fundada en 1981, la empresa ENERGIE EST, Lda., de capital 100% portugu\u00e9s, tiene en exclusiva la patente como fabricante de los sistemas solares termodin\u00e1micos. Desde entonces, se ha convertido en una referencia nacional e internacional dentro de la fabricaci\u00f3n de energ\u00eda solar. <\/p>\n\n\n\n<p>La fiabilidad y la eficiencia demostrada a lo largo de los a\u00f1os han hecho de ENERGIE una empresa s\u00f3lida con un producto de reconocida calidad y robustez. <\/p>\n\n\n\n<p>El \u00e9xito de nuestro sistema, debido sobre todo a su ahorro, eficiencia y fiabilidad en comparaci\u00f3n con otros tipos de sistemas, atrae cada vez a m\u00e1s clientes en todo el mundo. <\/p>\n<\/div><\/div><\/div>\n\n\n\n<div class=\"wp-block-stackable-column stk-block-column stk-column stk-block stk-6e91ade\" data-v=\"4\" data-block-id=\"6e91ade\"><style>@media screen and (min-width:768px){.stk-6e91ade{flex:1 1 calc(40% - var(--stk-column-gap,0px) * 1 \/ 2 ) !important}}<\/style><div class=\"stk-column-wrapper stk-block-column__content stk-container stk-6e91ade-container stk--no-background stk--no-padding\"><div class=\"stk-block-content stk-inner-blocks stk-6e91ade-inner-blocks\">\n<div class=\"wp-block-stackable-carousel stk-block-carousel stk--is-slide stk--arrows-justify-space-between stk--arrows-align-center stk-block stk-88b1232\" data-slides-to-show=\"\" data-block-id=\"88b1232\"><div class=\"stk-block-carousel__content-wrapper\"><div class=\"stk-row stk-inner-blocks stk-block-content stk-block-carousel__slider-wrapper stk-content-align stk-88b1232-column\"><div class=\"stk-block-carousel__slider\" role=\"list\" data-autoplay=\"4000\" data-label-slide-of=\"Slide %%d of %%d\">\n<div class=\"wp-block-stackable-column stk-block-column stk-column stk-block stk-48c43ad\" data-v=\"4\" data-block-id=\"48c43ad\"><div class=\"stk-column-wrapper stk-block-column__content stk-container stk-48c43ad-container stk--no-background stk--no-padding\"><div class=\"stk-block-content stk-inner-blocks stk-48c43ad-inner-blocks\">\n<figure class=\"wp-block-image size-full\"><img loading=\"lazy\" decoding=\"async\" width=\"1000\" height=\"530\" src=\"https:\/\/energie.pt\/wp-content\/uploads\/2021\/07\/01.jpg\" alt=\"\" class=\"wp-image-211\" srcset=\"https:\/\/energie.pt\/wp-content\/uploads\/2021\/07\/01.jpg 1000w, https:\/\/energie.pt\/wp-content\/uploads\/2021\/07\/01-600x318.jpg 600w, https:\/\/energie.pt\/wp-content\/uploads\/2021\/07\/01-200x106.jpg 200w, https:\/\/energie.pt\/wp-content\/uploads\/2021\/07\/01-300x159.jpg 300w, https:\/\/energie.pt\/wp-content\/uploads\/2021\/07\/01-768x407.jpg 768w\" sizes=\"(max-width: 1000px) 100vw, 1000px\" \/><\/figure>\n<\/div><\/div><\/div>\n\n\n\n<div class=\"wp-block-stackable-column stk-block-column stk-column stk-block stk-0d2ee24\" data-v=\"4\" data-block-id=\"0d2ee24\"><div class=\"stk-column-wrapper stk-block-column__content stk-container stk-0d2ee24-container stk--no-background stk--no-padding\"><div class=\"stk-block-content stk-inner-blocks stk-0d2ee24-inner-blocks\">\n<figure class=\"wp-block-image size-full\"><img loading=\"lazy\" decoding=\"async\" width=\"1000\" height=\"530\" src=\"https:\/\/energie.pt\/wp-content\/uploads\/2021\/07\/02.jpg\" alt=\"\" class=\"wp-image-212\" srcset=\"https:\/\/energie.pt\/wp-content\/uploads\/2021\/07\/02.jpg 1000w, https:\/\/energie.pt\/wp-content\/uploads\/2021\/07\/02-600x318.jpg 600w, https:\/\/energie.pt\/wp-content\/uploads\/2021\/07\/02-200x106.jpg 200w, https:\/\/energie.pt\/wp-content\/uploads\/2021\/07\/02-300x159.jpg 300w, https:\/\/energie.pt\/wp-content\/uploads\/2021\/07\/02-768x407.jpg 768w\" sizes=\"(max-width: 1000px) 100vw, 1000px\" \/><\/figure>\n<\/div><\/div><\/div>\n\n\n\n<div class=\"wp-block-stackable-column stk-block-column stk-column stk-block stk-2aec8d3\" data-v=\"4\" data-block-id=\"2aec8d3\"><div class=\"stk-column-wrapper stk-block-column__content stk-container stk-2aec8d3-container stk--no-background stk--no-padding\"><div class=\"stk-block-content stk-inner-blocks stk-2aec8d3-inner-blocks\">\n<figure class=\"wp-block-image size-full\"><img loading=\"lazy\" decoding=\"async\" width=\"1000\" height=\"530\" src=\"https:\/\/energie.pt\/wp-content\/uploads\/2021\/07\/03.jpg\" alt=\"\" class=\"wp-image-213\" srcset=\"https:\/\/energie.pt\/wp-content\/uploads\/2021\/07\/03.jpg 1000w, https:\/\/energie.pt\/wp-content\/uploads\/2021\/07\/03-600x318.jpg 600w, https:\/\/energie.pt\/wp-content\/uploads\/2021\/07\/03-200x106.jpg 200w, https:\/\/energie.pt\/wp-content\/uploads\/2021\/07\/03-300x159.jpg 300w, https:\/\/energie.pt\/wp-content\/uploads\/2021\/07\/03-768x407.jpg 768w\" sizes=\"(max-width: 1000px) 100vw, 1000px\" \/><\/figure>\n<\/div><\/div><\/div>\n<\/div><div class=\"stk-block-carousel__buttons\"><button class=\"stk-block-carousel__button stk-block-carousel__button__prev\" aria-label=\"Previous slide\"><svg aria-hidden=\"true\" focusable=\"false\" data-prefix=\"fas\" data-icon=\"chevron-left\" class=\"svg-inline--fa fa-chevron-left\" xmlns=\"http:\/\/www.w3.org\/2000\/svg\" viewBox=\"0 0 320 512\" width=\"32\" height=\"32\"><path fill=\"currentColor\" d=\"M34.52 239.03L228.87 44.69c9.37-9.37 24.57-9.37 33.94 0l22.67 22.67c9.36 9.36 9.37 24.52.04 33.9L131.49 256l154.02 154.75c9.34 9.38 9.32 24.54-.04 33.9l-22.67 22.67c-9.37 9.37-24.57 9.37-33.94 0L34.52 272.97c-9.37-9.37-9.37-24.57 0-33.94z\"><\/path><\/svg><\/button><button class=\"stk-block-carousel__button stk-block-carousel__button__next\" aria-label=\"Next slide\"><svg aria-hidden=\"true\" focusable=\"false\" data-prefix=\"fas\" data-icon=\"chevron-right\" class=\"svg-inline--fa fa-chevron-right\" xmlns=\"http:\/\/www.w3.org\/2000\/svg\" viewBox=\"0 0 320 512\" width=\"32\" height=\"32\"><path fill=\"currentColor\" d=\"M285.476 272.971L91.132 467.314c-9.373 9.373-24.569 9.373-33.941 0l-22.667-22.667c-9.357-9.357-9.375-24.522-.04-33.901L188.505 256 34.484 101.255c-9.335-9.379-9.317-24.544.04-33.901l22.667-22.667c9.373-9.373 24.569-9.373 33.941 0L285.475 239.03c9.373 9.372 9.373 24.568.001 33.941z\"><\/path><\/svg><\/button><\/div><\/div><div class=\"stk-block-carousel__dots\" role=\"list\" data-label=\"Slide %%d\"><\/div><\/div><\/div>\n<\/div><\/div><\/div>\n<\/div><\/div>\n\n<p>Toda la producci\u00f3n cumple con los criterios m\u00e1s exigentes y elevados para garantizar as\u00ed a nuestros clientes los m\u00e1s altos patrones de calidad. <\/p>\n\n<p>El departamento de Investigaci\u00f3n y Desarrollo mantiene activas diversas l\u00edneas de investigaci\u00f3n que permiten a la empresa estar preparada para la r\u00e1pida integraci\u00f3n en el proceso industrial de los avances cient\u00edficos alcanzados. <\/p>\n\n<p>El compromiso con la investigaci\u00f3n ha hecho que ENERGIE sea considerada, hoy en d\u00eda, como una referencia en materia tecnol\u00f3gica y que la investigaci\u00f3n se transforme en uno de los pilares estrat\u00e9gicos de crecimiento. Para eso, la empresa utiliza la colaboraci\u00f3n de las m\u00e1s prestigiosas universidades y centros de investigaci\u00f3n nacionales e internacionales. <\/p>\n\n<p>Actualmente estamos presentes en los mercados m\u00e1s importantes del mundo.<\/p>\n\n<div class=\"wp-block-stackable-columns stk-block-columns stk-block stk-b26bf79\" data-block-id=\"b26bf79\"><div class=\"stk-row stk-inner-blocks stk-block-content stk-content-align stk-b26bf79-column\">\n<div class=\"wp-block-stackable-column stk-block-column stk-column stk-block stk-cee87f6\" data-v=\"4\" data-block-id=\"cee87f6\"><div class=\"stk-column-wrapper stk-block-column__content stk-container stk-cee87f6-container stk--no-background stk--no-padding\"><div class=\"stk-block-content stk-inner-blocks stk-cee87f6-inner-blocks\">\n<div class=\"wp-block-stackable-heading stk-block-heading stk-block-heading--v2 stk-block stk-5b383a7\" id=\"visao\" data-block-id=\"5b383a7\"><style>.stk-5b383a7 .stk-block-heading__text{text-transform:uppercase !important}.stk-5b383a7 .stk-block-heading__bottom-line{height:2px !important;background-color:var(--theme-palette-color-2,#ff913d) !important;margin-top:10px !important}<\/style><h4 class=\"stk-block-heading__text\">Visi\u00f3n<\/h4><div class=\"stk-block-heading__bottom-line\"><\/div><\/div>\n\n\n\n<p id=\"visao\">Creemos que a trav\u00e9s del desarrollo de tecnolog\u00edas innovadoras y procesos eficaces, encontraremos las soluciones necesarias para hacer frente a desaf\u00edos de futuro, creando de esta forma un planeta m\u00e1s sostenible econ\u00f3micamente a trav\u00e9s de un aprovechamiento total de los recursos naturales. <\/p>\n<\/div><\/div><\/div>\n\n\n\n<div class=\"wp-block-stackable-column stk-block-column stk-column stk-block stk-32a5cc6\" data-v=\"4\" data-block-id=\"32a5cc6\"><div class=\"stk-column-wrapper stk-block-column__content stk-container stk-32a5cc6-container stk--no-background stk--no-padding\"><div class=\"stk-block-content stk-inner-blocks stk-32a5cc6-inner-blocks\">\n<div class=\"wp-block-stackable-heading stk-block-heading stk-block-heading--v2 stk-block stk-4379277\" id=\"missao\" data-block-id=\"4379277\"><style>.stk-4379277 .stk-block-heading__text{text-transform:uppercase !important}.stk-4379277 .stk-block-heading__bottom-line{height:2px !important;background-color:var(--theme-palette-color-2,#ff913d) !important;margin-top:10px !important}<\/style><h4 class=\"stk-block-heading__text\">Misi\u00f3n<\/h4><div class=\"stk-block-heading__bottom-line\"><\/div><\/div>\n\n\n\n<p id=\"visao\">Nuestra misi\u00f3n consiste en continuar conquistando y lograr una posici\u00f3n destacada en los nuevos mercados de todo el mundo, y actuar de forma responsable socialmente dentro de la comunidad internacional. <\/p>\n<\/div><\/div><\/div>\n<\/div><\/div>\n\n<div class=\"wp-block-stackable-columns alignfull stk-block-columns stk-block stk-5ef4f11 stk-block-background stk--has-background-overlay\" data-block-id=\"5ef4f11\"><style>.stk-5ef4f11{background-image:url(https:\/\/energie.pt\/wp-content\/uploads\/2022\/06\/valores.webp) !important;min-height:400px !important;align-items:center !important;display:flex !important}.stk-5ef4f11:before{background-color:#000000 !important;opacity:0.7 !important}.stk-5ef4f11-column{justify-content:center !important}<\/style><div class=\"stk-row stk-inner-blocks has-text-align-center stk-block-content stk-content-align stk-5ef4f11-column stk--flex alignwide\">\n<div class=\"wp-block-stackable-column stk-block-column stk-column stk-block stk-0ae65b4\" data-v=\"4\" data-block-id=\"0ae65b4\"><div class=\"stk-column-wrapper stk-block-column__content stk-container stk-0ae65b4-container stk--no-background stk--no-padding\"><div class=\"stk-block-content stk-inner-blocks stk-0ae65b4-inner-blocks\">\n<div class=\"wp-block-stackable-heading stk-block-heading stk-block-heading--v2 stk-block stk-c254db2\" id=\"valores\" data-block-id=\"c254db2\"><style>.stk-c254db2 .stk-block-heading__text{color:#ffffff !important;text-transform:uppercase !important}.stk-c254db2 .stk-block-heading__bottom-line{height:2px !important;background-color:var(--theme-palette-color-2,#ff913d) !important;margin-top:10px !important}<\/style><h4 class=\"stk-block-heading__text has-text-color\">Valores<\/h4><\/div>\n<\/div><\/div><\/div>\n<\/div><\/div>\n\n<div class=\"wp-block-stackable-columns stk-block-columns stk-block stk-a972252\" data-block-id=\"a972252\"><div class=\"stk-row stk-inner-blocks stk-block-content stk-content-align stk-a972252-column\">\n<div class=\"wp-block-stackable-column stk-block-column stk-column stk-block stk-4173a54\" data-v=\"4\" data-block-id=\"4173a54\"><div class=\"stk-column-wrapper stk-block-column__content stk-container stk-4173a54-container stk--no-background stk--no-padding\"><div class=\"stk-block-content stk-inner-blocks stk-4173a54-inner-blocks\">\n<div class=\"wp-block-stackable-heading stk-block-heading stk-block-heading--v2 stk-block stk-0e1052f\" id=\"responsabilidade-social\" data-block-id=\"0e1052f\"><style>.stk-0e1052f{margin-bottom:0px !important}.stk-0e1052f .stk-block-heading__text{text-transform:uppercase !important}.stk-0e1052f .stk-block-heading__bottom-line{height:2px !important;background-color:var(--theme-palette-color-2,#ff913d) !important;margin-top:10px !important}<\/style><h5 class=\"stk-block-heading__text\">RESPONSABILIDAD SOCIAL<\/h5><\/div>\n\n\n\n<p id=\"responsabilidade-social\">Siempre estaremos comprometidos con el respeto a los derechos humanos, las condiciones de seguridad en el trabajo y las pr\u00e1cticas empresariales compatibles con el medio ambiente, tanto en lo que se refiere a la organizaci\u00f3n como a nuestros socios. <\/p>\n\n\n\n<div class=\"wp-block-stackable-heading stk-block-heading stk-block-heading--v2 stk-block stk-09ee4b3\" id=\"excelencia\" data-block-id=\"09ee4b3\"><style>.stk-09ee4b3{margin-bottom:0px !important}.stk-09ee4b3 .stk-block-heading__text{text-transform:uppercase !important}.stk-09ee4b3 .stk-block-heading__bottom-line{height:2px !important;background-color:var(--theme-palette-color-2,#ff913d) !important;margin-top:10px !important}<\/style><h5 class=\"stk-block-heading__text\">EXCELENCIA<\/h5><\/div>\n\n\n\n<p id=\"responsabilidade-social\">Nos comprometemos a tratar con profesionalidad todas las actividades y a desarrollar los mejores productos y servicios del mercado. <\/p>\n\n\n\n<div class=\"wp-block-stackable-heading stk-block-heading stk-block-heading--v2 stk-block stk-d06d7a9\" id=\"as-pessoas\" data-block-id=\"d06d7a9\"><style>.stk-d06d7a9{margin-bottom:0px !important}.stk-d06d7a9 .stk-block-heading__text{text-transform:uppercase !important}.stk-d06d7a9 .stk-block-heading__bottom-line{height:2px !important;background-color:var(--theme-palette-color-2,#ff913d) !important;margin-top:10px !important}<\/style><h5 class=\"stk-block-heading__text\">LAS PERSONAS<\/h5><\/div>\n\n\n\n<p id=\"visao\">Creamos una cultura empresarial donde cada colaborador tiene la libertad para desarrollar su capacidad, creatividad y motivaci\u00f3n para lograr la satisfacci\u00f3n personal y la de nuestros clientes. <\/p>\n<\/div><\/div><\/div>\n\n\n\n<div class=\"wp-block-stackable-column stk-block-column stk-column stk-block stk-0e9fbb7\" data-v=\"4\" data-block-id=\"0e9fbb7\"><div class=\"stk-column-wrapper stk-block-column__content stk-container stk-0e9fbb7-container stk--no-background stk--no-padding\"><div class=\"stk-block-content stk-inner-blocks stk-0e9fbb7-inner-blocks\">\n<div class=\"wp-block-stackable-heading stk-block-heading stk-block-heading--v2 stk-block stk-6d21939\" id=\"inovacao\" data-block-id=\"6d21939\"><style>.stk-6d21939{margin-bottom:0px !important}.stk-6d21939 .stk-block-heading__text{text-transform:uppercase !important}.stk-6d21939 .stk-block-heading__bottom-line{height:2px !important;background-color:var(--theme-palette-color-2,#ff913d) !important;margin-top:10px !important}<\/style><h5 class=\"stk-block-heading__text\">INNOVACI\u00d3N<\/h5><\/div>\n\n\n\n<p id=\"inovacao\">Apostamos por la investigaci\u00f3n y el desarrollo continuo de soluciones tecnol\u00f3gicamente m\u00e1s eficientes en las \u00e1reas en las que trabajamos. <\/p>\n\n\n\n<div class=\"wp-block-stackable-heading stk-block-heading stk-block-heading--v2 stk-block stk-e281764\" id=\"etica-e-confianca\" data-block-id=\"e281764\"><style>.stk-e281764{margin-bottom:0px !important}.stk-e281764 .stk-block-heading__text{text-transform:uppercase !important}.stk-e281764 .stk-block-heading__bottom-line{height:2px !important;background-color:var(--theme-palette-color-2,#ff913d) !important;margin-top:10px !important}<\/style><h5 class=\"stk-block-heading__text\">\u00c9TICA Y CONFIANZA<\/h5><\/div>\n\n\n\n<p id=\"visao\">Empe\u00f1ados en actuar como una empresa socialmente responsable dentro de la comunidad internacional, Energie encuentra, como fundamento de su sostenibilidad, el deseo de equilibrio entre las necesidades econ\u00f3micas, ambientales y sociales del mundo actual, bas\u00e1ndose en el compromiso \u00e9tico y de confianza con todos los participantes. <\/p>\n<\/div><\/div><\/div>\n<\/div><\/div>\n<!-- ========= Cool Timeline PRO 4.2.1 ========= --><div style=\"opacity:0;\" \r\n    data-showposts=\"40\"\r\n     class=\"cool_timeline cool-timeline-wrapper both-sided-wrapper white-timeline-wrapper main-default\" \r\n     id=\"tm-default-default-2\"  \r\n     data-pagination=\"no\"  \r\n     data-pagination-position=\"right\"><div class=\"avatar_container row\"><span title=\"Cronograma\"><img decoding=\"async\"  class=\" center-block img-responsive img-circle\" alt=\"Cronograma\" src=\"https:\/\/energie.pt\/wp-content\/uploads\/2021\/06\/logo_energie.svg\"><\/span><\/div> <div class=\"cool-timeline ultimate-style  white-timeline\"><div  class=\"filter-preloaders\"><img decoding=\"async\" src=\"https:\/\/energie.pt\/wp-content\/plugins\/cool-timeline-pro\/\/assets\/images\/clt-compact-preloader.gif\"><\/div><div data-animations=\"\"  id=\"timeline-cronograma\" class=\"cooltimeline_cont  clearfix icons_yes\"><!-- .timeline-post-start--><div   data-alternate=\"0\" id=\"story-34270\" class=\"timeline-post even light-grey-post icons_yes post-34270  default-meta\"><div   data-aos=\"\" class=\"timeline-meta\"><div class=\"meta-details\"><\/div><\/div><div   data-aos=\"\" class=\"timeline-icon icon-larger iconbg-turqoise icon-color-white default-icon\">\r\n                        <div class=\"icon-placeholder\"><i class=\"fa fa-clock-o\"><\/i><\/div>\r\n                        <div class=\"timeline-bar\"><\/div>\r\n                    <\/div><div  data-aos=\"\"  class=\"timeline-content  clearfix even  full default-content \"><h2 class=\"content-title\">2025<\/h2><div class=\"ctl_info event-description full\"><div class=\"content-details\"><p>ENERGIE fue adquirida en su totalidad por el fondo de inversi\u00f3n privado portugu\u00e9s Horizon Equity Partners.<\/p><\/div><\/div><\/div><!-- timeline content --><\/div>\r\n\r\n        <!-- .timeline-post-end --><!-- .timeline-post-start--><div   data-alternate=\"1\" id=\"story-20455\" class=\"timeline-post odd light-grey-post icons_yes post-20455 story-cat-363  default-meta\"><div   data-aos=\"\" class=\"timeline-meta\"><div class=\"meta-details\"><\/div><\/div><div   data-aos=\"\" class=\"timeline-icon icon-larger iconbg-turqoise icon-color-white default-icon\">\r\n                        <div class=\"icon-placeholder\"><img loading=\"lazy\" decoding=\"async\" width=\"150\" height=\"150\" src=\"https:\/\/energie.pt\/wp-content\/uploads\/2022\/04\/energie_icon-150x150.png\" class=\"ctl-icon-img\" alt=\"\" srcset=\"https:\/\/energie.pt\/wp-content\/uploads\/2022\/04\/energie_icon-150x150.png 150w, https:\/\/energie.pt\/wp-content\/uploads\/2022\/04\/energie_icon-100x100.png 100w, https:\/\/energie.pt\/wp-content\/uploads\/2022\/04\/energie_icon-600x600.png 600w, https:\/\/energie.pt\/wp-content\/uploads\/2022\/04\/energie_icon-200x200.png 200w, https:\/\/energie.pt\/wp-content\/uploads\/2022\/04\/energie_icon-300x300.png 300w, https:\/\/energie.pt\/wp-content\/uploads\/2022\/04\/energie_icon-768x768.png 768w, https:\/\/energie.pt\/wp-content\/uploads\/2022\/04\/energie_icon.png 1024w\" sizes=\"(max-width: 150px) 100vw, 150px\" \/><\/div>\r\n                        <div class=\"timeline-bar\"><\/div>\r\n                    <\/div><div  data-aos=\"\"  class=\"timeline-content  clearfix odd  full default-content \"><h2 class=\"content-title\">2023<\/h2><div class=\"ctl_info event-description full\"><div class=\"content-details\"><p>Reconocimiento con el estatus de PME L\u00edder y PME Excelencia.Premio 1000 mayores PME de Portugal.<\/p><\/div><\/div><\/div><!-- timeline content --><\/div>\r\n\r\n        <!-- .timeline-post-end --><!-- .timeline-post-start--><div   data-alternate=\"2\" id=\"story-9633\" class=\"timeline-post even light-grey-post icons_yes post-9633 story-cat-363  default-meta\"><div   data-aos=\"\" class=\"timeline-meta\"><div class=\"meta-details\"><\/div><\/div><div   data-aos=\"\" class=\"timeline-icon icon-larger iconbg-turqoise icon-color-white default-icon\">\r\n                        <div class=\"icon-placeholder\"><img loading=\"lazy\" decoding=\"async\" width=\"150\" height=\"150\" src=\"https:\/\/energie.pt\/wp-content\/uploads\/2022\/04\/energie_icon-150x150.png\" class=\"ctl-icon-img\" alt=\"\" srcset=\"https:\/\/energie.pt\/wp-content\/uploads\/2022\/04\/energie_icon-150x150.png 150w, https:\/\/energie.pt\/wp-content\/uploads\/2022\/04\/energie_icon-100x100.png 100w, https:\/\/energie.pt\/wp-content\/uploads\/2022\/04\/energie_icon-600x600.png 600w, https:\/\/energie.pt\/wp-content\/uploads\/2022\/04\/energie_icon-200x200.png 200w, https:\/\/energie.pt\/wp-content\/uploads\/2022\/04\/energie_icon-300x300.png 300w, https:\/\/energie.pt\/wp-content\/uploads\/2022\/04\/energie_icon-768x768.png 768w, https:\/\/energie.pt\/wp-content\/uploads\/2022\/04\/energie_icon.png 1024w\" sizes=\"(max-width: 150px) 100vw, 150px\" \/><\/div>\r\n                        <div class=\"timeline-bar\"><\/div>\r\n                    <\/div><div  data-aos=\"\"  class=\"timeline-content  clearfix even  full default-content \"><h2 class=\"content-title\">2022<\/h2><div class=\"ctl_info event-description full\"><div class=\"content-details\"><p>Creaci\u00f3n de un sistema de turnos de trabajo en el proceso productivo de ENERGIE<\/p><\/div><\/div><\/div><!-- timeline content --><\/div>\r\n\r\n        <!-- .timeline-post-end --><!-- .timeline-post-start--><div   data-alternate=\"3\" id=\"story-9629\" class=\"timeline-post odd light-grey-post icons_yes post-9629 story-cat-363  default-meta\"><div   data-aos=\"\" class=\"timeline-meta\"><div class=\"meta-details\"><\/div><\/div><div   data-aos=\"\" class=\"timeline-icon icon-larger iconbg-turqoise icon-color-white default-icon\">\r\n                        <div class=\"icon-placeholder\"><img loading=\"lazy\" decoding=\"async\" width=\"150\" height=\"150\" src=\"https:\/\/energie.pt\/wp-content\/uploads\/2022\/04\/energie_icon-150x150.png\" class=\"ctl-icon-img\" alt=\"\" srcset=\"https:\/\/energie.pt\/wp-content\/uploads\/2022\/04\/energie_icon-150x150.png 150w, https:\/\/energie.pt\/wp-content\/uploads\/2022\/04\/energie_icon-100x100.png 100w, https:\/\/energie.pt\/wp-content\/uploads\/2022\/04\/energie_icon-600x600.png 600w, https:\/\/energie.pt\/wp-content\/uploads\/2022\/04\/energie_icon-200x200.png 200w, https:\/\/energie.pt\/wp-content\/uploads\/2022\/04\/energie_icon-300x300.png 300w, https:\/\/energie.pt\/wp-content\/uploads\/2022\/04\/energie_icon-768x768.png 768w, https:\/\/energie.pt\/wp-content\/uploads\/2022\/04\/energie_icon.png 1024w\" sizes=\"(max-width: 150px) 100vw, 150px\" \/><\/div>\r\n                        <div class=\"timeline-bar\"><\/div>\r\n                    <\/div><div  data-aos=\"\"  class=\"timeline-content  clearfix odd  full default-content \"><h2 class=\"content-title\">2021<\/h2><div class=\"ctl_info event-description full\"><div class=\"content-details\"><p>Celebraci\u00f3n de los 40 a\u00f1os de ENERGIE.<\/p><\/div><\/div><\/div><!-- timeline content --><\/div>\r\n\r\n        <!-- .timeline-post-end --><!-- .timeline-post-start--><div   data-alternate=\"4\" id=\"story-9625\" class=\"timeline-post even light-grey-post icons_yes post-9625 story-cat-363  default-meta\"><div   data-aos=\"\" class=\"timeline-meta\"><div class=\"meta-details\"><\/div><\/div><div   data-aos=\"\" class=\"timeline-icon icon-larger iconbg-turqoise icon-color-white default-icon\">\r\n                        <div class=\"icon-placeholder\"><img loading=\"lazy\" decoding=\"async\" width=\"150\" height=\"150\" src=\"https:\/\/energie.pt\/wp-content\/uploads\/2022\/04\/energie_icon-150x150.png\" class=\"ctl-icon-img\" alt=\"\" srcset=\"https:\/\/energie.pt\/wp-content\/uploads\/2022\/04\/energie_icon-150x150.png 150w, https:\/\/energie.pt\/wp-content\/uploads\/2022\/04\/energie_icon-100x100.png 100w, https:\/\/energie.pt\/wp-content\/uploads\/2022\/04\/energie_icon-600x600.png 600w, https:\/\/energie.pt\/wp-content\/uploads\/2022\/04\/energie_icon-200x200.png 200w, https:\/\/energie.pt\/wp-content\/uploads\/2022\/04\/energie_icon-300x300.png 300w, https:\/\/energie.pt\/wp-content\/uploads\/2022\/04\/energie_icon-768x768.png 768w, https:\/\/energie.pt\/wp-content\/uploads\/2022\/04\/energie_icon.png 1024w\" sizes=\"(max-width: 150px) 100vw, 150px\" \/><\/div>\r\n                        <div class=\"timeline-bar\"><\/div>\r\n                    <\/div><div  data-aos=\"\"  class=\"timeline-content  clearfix even  full default-content \"><h2 class=\"content-title\">2020<\/h2><div class=\"ctl_info event-description full\"><div class=\"content-details\"><p>Incendio que destruy\u00f3 parte del \u00e1rea fabril e inauguraci\u00f3n de la ampliaci\u00f3n de una nueva unidad productiva con la visita del ministro del medio ambiente, Jo\u00e3o Pedro Matos Fernandes y del alcalde de P\u00f3voa de Varzim, Aires Pereira.<\/p><\/div><\/div><\/div><!-- timeline content --><\/div>\r\n\r\n        <!-- .timeline-post-end --><!-- .timeline-post-start--><div   data-alternate=\"5\" id=\"story-9621\" class=\"timeline-post odd light-grey-post icons_yes post-9621 story-cat-363  default-meta\"><div   data-aos=\"\" class=\"timeline-meta\"><div class=\"meta-details\"><\/div><\/div><div   data-aos=\"\" class=\"timeline-icon icon-larger iconbg-turqoise icon-color-white default-icon\">\r\n                        <div class=\"icon-placeholder\"><img loading=\"lazy\" decoding=\"async\" width=\"150\" height=\"150\" src=\"https:\/\/energie.pt\/wp-content\/uploads\/2022\/04\/energie_icon-150x150.png\" class=\"ctl-icon-img\" alt=\"\" srcset=\"https:\/\/energie.pt\/wp-content\/uploads\/2022\/04\/energie_icon-150x150.png 150w, https:\/\/energie.pt\/wp-content\/uploads\/2022\/04\/energie_icon-100x100.png 100w, https:\/\/energie.pt\/wp-content\/uploads\/2022\/04\/energie_icon-600x600.png 600w, https:\/\/energie.pt\/wp-content\/uploads\/2022\/04\/energie_icon-200x200.png 200w, https:\/\/energie.pt\/wp-content\/uploads\/2022\/04\/energie_icon-300x300.png 300w, https:\/\/energie.pt\/wp-content\/uploads\/2022\/04\/energie_icon-768x768.png 768w, https:\/\/energie.pt\/wp-content\/uploads\/2022\/04\/energie_icon.png 1024w\" sizes=\"(max-width: 150px) 100vw, 150px\" \/><\/div>\r\n                        <div class=\"timeline-bar\"><\/div>\r\n                    <\/div><div  data-aos=\"\"  class=\"timeline-content  clearfix odd  full default-content \"><h2 class=\"content-title\">2018<\/h2><div class=\"ctl_info event-description full\"><div class=\"content-details\"><p>Presencia en m\u00e1s de 50 pa\u00edses<\/p><\/div><\/div><\/div><!-- timeline content --><\/div>\r\n\r\n        <!-- .timeline-post-end --><!-- .timeline-post-start--><div   data-alternate=\"6\" id=\"story-9617\" class=\"timeline-post even light-grey-post icons_yes post-9617 story-cat-363  default-meta\"><div   data-aos=\"\" class=\"timeline-meta\"><div class=\"meta-details\"><\/div><\/div><div   data-aos=\"\" class=\"timeline-icon icon-larger iconbg-turqoise icon-color-white default-icon\">\r\n                        <div class=\"icon-placeholder\"><img loading=\"lazy\" decoding=\"async\" width=\"150\" height=\"150\" src=\"https:\/\/energie.pt\/wp-content\/uploads\/2022\/04\/energie_icon-150x150.png\" class=\"ctl-icon-img\" alt=\"\" srcset=\"https:\/\/energie.pt\/wp-content\/uploads\/2022\/04\/energie_icon-150x150.png 150w, https:\/\/energie.pt\/wp-content\/uploads\/2022\/04\/energie_icon-100x100.png 100w, https:\/\/energie.pt\/wp-content\/uploads\/2022\/04\/energie_icon-600x600.png 600w, https:\/\/energie.pt\/wp-content\/uploads\/2022\/04\/energie_icon-200x200.png 200w, https:\/\/energie.pt\/wp-content\/uploads\/2022\/04\/energie_icon-300x300.png 300w, https:\/\/energie.pt\/wp-content\/uploads\/2022\/04\/energie_icon-768x768.png 768w, https:\/\/energie.pt\/wp-content\/uploads\/2022\/04\/energie_icon.png 1024w\" sizes=\"(max-width: 150px) 100vw, 150px\" \/><\/div>\r\n                        <div class=\"timeline-bar\"><\/div>\r\n                    <\/div><div  data-aos=\"\"  class=\"timeline-content  clearfix even  full default-content \"><h2 class=\"content-title\">2016<\/h2><div class=\"ctl_info event-description full\"><div class=\"content-details\"><p>Inicio de producci\u00f3n de Bombas de Calor Geot\u00e9rmicas<\/p><\/div><\/div><\/div><!-- timeline content --><\/div>\r\n\r\n        <!-- .timeline-post-end --><!-- .timeline-post-start--><div   data-alternate=\"7\" id=\"story-9613\" class=\"timeline-post odd light-grey-post icons_yes post-9613 story-cat-363  default-meta\"><div   data-aos=\"\" class=\"timeline-meta\"><div class=\"meta-details\"><\/div><\/div><div   data-aos=\"\" class=\"timeline-icon icon-larger iconbg-turqoise icon-color-white default-icon\">\r\n                        <div class=\"icon-placeholder\"><img loading=\"lazy\" decoding=\"async\" width=\"150\" height=\"150\" src=\"https:\/\/energie.pt\/wp-content\/uploads\/2022\/04\/energie_icon-150x150.png\" class=\"ctl-icon-img\" alt=\"\" srcset=\"https:\/\/energie.pt\/wp-content\/uploads\/2022\/04\/energie_icon-150x150.png 150w, https:\/\/energie.pt\/wp-content\/uploads\/2022\/04\/energie_icon-100x100.png 100w, https:\/\/energie.pt\/wp-content\/uploads\/2022\/04\/energie_icon-600x600.png 600w, https:\/\/energie.pt\/wp-content\/uploads\/2022\/04\/energie_icon-200x200.png 200w, https:\/\/energie.pt\/wp-content\/uploads\/2022\/04\/energie_icon-300x300.png 300w, https:\/\/energie.pt\/wp-content\/uploads\/2022\/04\/energie_icon-768x768.png 768w, https:\/\/energie.pt\/wp-content\/uploads\/2022\/04\/energie_icon.png 1024w\" sizes=\"(max-width: 150px) 100vw, 150px\" \/><\/div>\r\n                        <div class=\"timeline-bar\"><\/div>\r\n                    <\/div><div  data-aos=\"\"  class=\"timeline-content  clearfix odd  full default-content \"><h2 class=\"content-title\">2014<\/h2><div class=\"ctl_info event-description full\"><div class=\"content-details\"><p>Inicio de producci\u00f3n de Bombas de calor de Aerotermia.<\/p><\/div><\/div><\/div><!-- timeline content --><\/div>\r\n\r\n        <!-- .timeline-post-end --><!-- .timeline-post-start--><div   data-alternate=\"8\" id=\"story-9609\" class=\"timeline-post even light-grey-post icons_yes post-9609 story-cat-363  default-meta\"><div   data-aos=\"\" class=\"timeline-meta\"><div class=\"meta-details\"><\/div><\/div><div   data-aos=\"\" class=\"timeline-icon icon-larger iconbg-turqoise icon-color-white default-icon\">\r\n                        <div class=\"icon-placeholder\"><img loading=\"lazy\" decoding=\"async\" width=\"150\" height=\"150\" src=\"https:\/\/energie.pt\/wp-content\/uploads\/2022\/04\/energie_icon-150x150.png\" class=\"ctl-icon-img\" alt=\"\" srcset=\"https:\/\/energie.pt\/wp-content\/uploads\/2022\/04\/energie_icon-150x150.png 150w, https:\/\/energie.pt\/wp-content\/uploads\/2022\/04\/energie_icon-100x100.png 100w, https:\/\/energie.pt\/wp-content\/uploads\/2022\/04\/energie_icon-600x600.png 600w, https:\/\/energie.pt\/wp-content\/uploads\/2022\/04\/energie_icon-200x200.png 200w, https:\/\/energie.pt\/wp-content\/uploads\/2022\/04\/energie_icon-300x300.png 300w, https:\/\/energie.pt\/wp-content\/uploads\/2022\/04\/energie_icon-768x768.png 768w, https:\/\/energie.pt\/wp-content\/uploads\/2022\/04\/energie_icon.png 1024w\" sizes=\"(max-width: 150px) 100vw, 150px\" \/><\/div>\r\n                        <div class=\"timeline-bar\"><\/div>\r\n                    <\/div><div  data-aos=\"\"  class=\"timeline-content  clearfix even  full default-content \"><h2 class=\"content-title\">2013<\/h2><div class=\"ctl_info event-description full\"><div class=\"content-details\"><p>Inauguraci\u00f3n de la nueva unidad industrial para la producci\u00f3n de bombas de calor y calentadores de agua<\/p><\/div><\/div><\/div><!-- timeline content --><\/div>\r\n\r\n        <!-- .timeline-post-end --><!-- .timeline-post-start--><div   data-alternate=\"9\" id=\"story-9605\" class=\"timeline-post odd light-grey-post icons_yes post-9605 story-cat-363  default-meta\"><div   data-aos=\"\" class=\"timeline-meta\"><div class=\"meta-details\"><\/div><\/div><div   data-aos=\"\" class=\"timeline-icon icon-larger iconbg-turqoise icon-color-white default-icon\">\r\n                        <div class=\"icon-placeholder\"><img loading=\"lazy\" decoding=\"async\" width=\"150\" height=\"150\" src=\"https:\/\/energie.pt\/wp-content\/uploads\/2022\/04\/energie_icon-150x150.png\" class=\"ctl-icon-img\" alt=\"\" srcset=\"https:\/\/energie.pt\/wp-content\/uploads\/2022\/04\/energie_icon-150x150.png 150w, https:\/\/energie.pt\/wp-content\/uploads\/2022\/04\/energie_icon-100x100.png 100w, https:\/\/energie.pt\/wp-content\/uploads\/2022\/04\/energie_icon-600x600.png 600w, https:\/\/energie.pt\/wp-content\/uploads\/2022\/04\/energie_icon-200x200.png 200w, https:\/\/energie.pt\/wp-content\/uploads\/2022\/04\/energie_icon-300x300.png 300w, https:\/\/energie.pt\/wp-content\/uploads\/2022\/04\/energie_icon-768x768.png 768w, https:\/\/energie.pt\/wp-content\/uploads\/2022\/04\/energie_icon.png 1024w\" sizes=\"(max-width: 150px) 100vw, 150px\" \/><\/div>\r\n                        <div class=\"timeline-bar\"><\/div>\r\n                    <\/div><div  data-aos=\"\"  class=\"timeline-content  clearfix odd  full default-content \"><h2 class=\"content-title\">2011<\/h2><div class=\"ctl_info event-description full\"><div class=\"content-details\"><p>Celebraci\u00f3n del 30 aniversario de ENERGIE<\/p><\/div><\/div><\/div><!-- timeline content --><\/div>\r\n\r\n        <!-- .timeline-post-end --><!-- .timeline-post-start--><div   data-alternate=\"10\" id=\"story-9601\" class=\"timeline-post even light-grey-post icons_yes post-9601 story-cat-363  default-meta\"><div   data-aos=\"\" class=\"timeline-meta\"><div class=\"meta-details\"><\/div><\/div><div   data-aos=\"\" class=\"timeline-icon icon-larger iconbg-turqoise icon-color-white default-icon\">\r\n                        <div class=\"icon-placeholder\"><img loading=\"lazy\" decoding=\"async\" width=\"150\" height=\"150\" src=\"https:\/\/energie.pt\/wp-content\/uploads\/2022\/04\/energie_icon-150x150.png\" class=\"ctl-icon-img\" alt=\"\" srcset=\"https:\/\/energie.pt\/wp-content\/uploads\/2022\/04\/energie_icon-150x150.png 150w, https:\/\/energie.pt\/wp-content\/uploads\/2022\/04\/energie_icon-100x100.png 100w, https:\/\/energie.pt\/wp-content\/uploads\/2022\/04\/energie_icon-600x600.png 600w, https:\/\/energie.pt\/wp-content\/uploads\/2022\/04\/energie_icon-200x200.png 200w, https:\/\/energie.pt\/wp-content\/uploads\/2022\/04\/energie_icon-300x300.png 300w, https:\/\/energie.pt\/wp-content\/uploads\/2022\/04\/energie_icon-768x768.png 768w, https:\/\/energie.pt\/wp-content\/uploads\/2022\/04\/energie_icon.png 1024w\" sizes=\"(max-width: 150px) 100vw, 150px\" \/><\/div>\r\n                        <div class=\"timeline-bar\"><\/div>\r\n                    <\/div><div  data-aos=\"\"  class=\"timeline-content  clearfix even  full default-content \"><h2 class=\"content-title\">2010<\/h2><div class=\"ctl_info event-description full\"><div class=\"content-details\"><p>Presencia en m\u00e1s de 30 pa\u00edses<\/p><\/div><\/div><\/div><!-- timeline content --><\/div>\r\n\r\n        <!-- .timeline-post-end --><!-- .timeline-post-start--><div   data-alternate=\"11\" id=\"story-9597\" class=\"timeline-post odd light-grey-post icons_yes post-9597 story-cat-363  default-meta\"><div   data-aos=\"\" class=\"timeline-meta\"><div class=\"meta-details\"><\/div><\/div><div   data-aos=\"\" class=\"timeline-icon icon-larger iconbg-turqoise icon-color-white default-icon\">\r\n                        <div class=\"icon-placeholder\"><img loading=\"lazy\" decoding=\"async\" width=\"150\" height=\"150\" src=\"https:\/\/energie.pt\/wp-content\/uploads\/2022\/04\/energie_icon-150x150.png\" class=\"ctl-icon-img\" alt=\"\" srcset=\"https:\/\/energie.pt\/wp-content\/uploads\/2022\/04\/energie_icon-150x150.png 150w, https:\/\/energie.pt\/wp-content\/uploads\/2022\/04\/energie_icon-100x100.png 100w, https:\/\/energie.pt\/wp-content\/uploads\/2022\/04\/energie_icon-600x600.png 600w, https:\/\/energie.pt\/wp-content\/uploads\/2022\/04\/energie_icon-200x200.png 200w, https:\/\/energie.pt\/wp-content\/uploads\/2022\/04\/energie_icon-300x300.png 300w, https:\/\/energie.pt\/wp-content\/uploads\/2022\/04\/energie_icon-768x768.png 768w, https:\/\/energie.pt\/wp-content\/uploads\/2022\/04\/energie_icon.png 1024w\" sizes=\"(max-width: 150px) 100vw, 150px\" \/><\/div>\r\n                        <div class=\"timeline-bar\"><\/div>\r\n                    <\/div><div  data-aos=\"\"  class=\"timeline-content  clearfix odd  full default-content \"><h2 class=\"content-title\">2009<\/h2><div class=\"ctl_info event-description full\"><div class=\"content-details\"><p>Ampliaci\u00f3n del complejo industrial con la visita del Presidente del Gobierno, Jos\u00e9 S\u00f3crates y del Ministro de Econom\u00eda, Manuel Pinho<\/p><\/div><\/div><\/div><!-- timeline content --><\/div>\r\n\r\n        <!-- .timeline-post-end --><!-- .timeline-post-start--><div   data-alternate=\"12\" id=\"story-9593\" class=\"timeline-post even light-grey-post icons_yes post-9593 story-cat-363  default-meta\"><div   data-aos=\"\" class=\"timeline-meta\"><div class=\"meta-details\"><\/div><\/div><div   data-aos=\"\" class=\"timeline-icon icon-larger iconbg-turqoise icon-color-white default-icon\">\r\n                        <div class=\"icon-placeholder\"><img loading=\"lazy\" decoding=\"async\" width=\"150\" height=\"150\" src=\"https:\/\/energie.pt\/wp-content\/uploads\/2022\/04\/energie_icon-150x150.png\" class=\"ctl-icon-img\" alt=\"\" srcset=\"https:\/\/energie.pt\/wp-content\/uploads\/2022\/04\/energie_icon-150x150.png 150w, https:\/\/energie.pt\/wp-content\/uploads\/2022\/04\/energie_icon-100x100.png 100w, https:\/\/energie.pt\/wp-content\/uploads\/2022\/04\/energie_icon-600x600.png 600w, https:\/\/energie.pt\/wp-content\/uploads\/2022\/04\/energie_icon-200x200.png 200w, https:\/\/energie.pt\/wp-content\/uploads\/2022\/04\/energie_icon-300x300.png 300w, https:\/\/energie.pt\/wp-content\/uploads\/2022\/04\/energie_icon-768x768.png 768w, https:\/\/energie.pt\/wp-content\/uploads\/2022\/04\/energie_icon.png 1024w\" sizes=\"(max-width: 150px) 100vw, 150px\" \/><\/div>\r\n                        <div class=\"timeline-bar\"><\/div>\r\n                    <\/div><div  data-aos=\"\"  class=\"timeline-content  clearfix even  full default-content \"><h2 class=\"content-title\">2008<\/h2><div class=\"ctl_info event-description full\"><div class=\"content-details\"><p>Reconocimiento con el estatus de PME L\u00edder y PME Excelencia hasta el momento. Obtuvimos la certificaci\u00f3n de Calidad IS0 9001<\/p><\/div><\/div><\/div><!-- timeline content --><\/div>\r\n\r\n        <!-- .timeline-post-end --><!-- .timeline-post-start--><div   data-alternate=\"13\" id=\"story-9589\" class=\"timeline-post odd light-grey-post icons_yes post-9589 story-cat-363  default-meta\"><div   data-aos=\"\" class=\"timeline-meta\"><div class=\"meta-details\"><\/div><\/div><div   data-aos=\"\" class=\"timeline-icon icon-larger iconbg-turqoise icon-color-white default-icon\">\r\n                        <div class=\"icon-placeholder\"><img loading=\"lazy\" decoding=\"async\" width=\"150\" height=\"150\" src=\"https:\/\/energie.pt\/wp-content\/uploads\/2022\/04\/energie_icon-150x150.png\" class=\"ctl-icon-img\" alt=\"\" srcset=\"https:\/\/energie.pt\/wp-content\/uploads\/2022\/04\/energie_icon-150x150.png 150w, https:\/\/energie.pt\/wp-content\/uploads\/2022\/04\/energie_icon-100x100.png 100w, https:\/\/energie.pt\/wp-content\/uploads\/2022\/04\/energie_icon-600x600.png 600w, https:\/\/energie.pt\/wp-content\/uploads\/2022\/04\/energie_icon-200x200.png 200w, https:\/\/energie.pt\/wp-content\/uploads\/2022\/04\/energie_icon-300x300.png 300w, https:\/\/energie.pt\/wp-content\/uploads\/2022\/04\/energie_icon-768x768.png 768w, https:\/\/energie.pt\/wp-content\/uploads\/2022\/04\/energie_icon.png 1024w\" sizes=\"(max-width: 150px) 100vw, 150px\" \/><\/div>\r\n                        <div class=\"timeline-bar\"><\/div>\r\n                    <\/div><div  data-aos=\"\"  class=\"timeline-content  clearfix odd  full default-content \"><h2 class=\"content-title\">2007<\/h2><div class=\"ctl_info event-description full\"><div class=\"content-details\"><p>Nuevo complejo industrial, de 4000 m2. El nombre de la empresa asume el nombre de la marca.<\/p><\/div><\/div><\/div><!-- timeline content --><\/div>\r\n\r\n        <!-- .timeline-post-end --><!-- .timeline-post-start--><div   data-alternate=\"14\" id=\"story-9585\" class=\"timeline-post even light-grey-post icons_yes post-9585 story-cat-363  default-meta\"><div   data-aos=\"\" class=\"timeline-meta\"><div class=\"meta-details\"><\/div><\/div><div   data-aos=\"\" class=\"timeline-icon icon-larger iconbg-turqoise icon-color-white default-icon\">\r\n                        <div class=\"icon-placeholder\"><img loading=\"lazy\" decoding=\"async\" width=\"150\" height=\"150\" src=\"https:\/\/energie.pt\/wp-content\/uploads\/2022\/04\/energie_icon-150x150.png\" class=\"ctl-icon-img\" alt=\"\" srcset=\"https:\/\/energie.pt\/wp-content\/uploads\/2022\/04\/energie_icon-150x150.png 150w, https:\/\/energie.pt\/wp-content\/uploads\/2022\/04\/energie_icon-100x100.png 100w, https:\/\/energie.pt\/wp-content\/uploads\/2022\/04\/energie_icon-600x600.png 600w, https:\/\/energie.pt\/wp-content\/uploads\/2022\/04\/energie_icon-200x200.png 200w, https:\/\/energie.pt\/wp-content\/uploads\/2022\/04\/energie_icon-300x300.png 300w, https:\/\/energie.pt\/wp-content\/uploads\/2022\/04\/energie_icon-768x768.png 768w, https:\/\/energie.pt\/wp-content\/uploads\/2022\/04\/energie_icon.png 1024w\" sizes=\"(max-width: 150px) 100vw, 150px\" \/><\/div>\r\n                        <div class=\"timeline-bar\"><\/div>\r\n                    <\/div><div  data-aos=\"\"  class=\"timeline-content  clearfix even  full default-content \"><h2 class=\"content-title\">2002<\/h2><div class=\"ctl_info event-description full\"><div class=\"content-details\"><p>Inauguraci\u00f3n de nuevas instalaciones con 1000 m2<\/p><\/div><\/div><\/div><!-- timeline content --><\/div>\r\n\r\n        <!-- .timeline-post-end --><!-- .timeline-post-start--><div   data-alternate=\"15\" id=\"story-9638\" class=\"timeline-post odd light-grey-post icons_yes post-9638 story-cat-363  default-meta\"><div   data-aos=\"\" class=\"timeline-meta\"><div class=\"meta-details\"><\/div><\/div><div   data-aos=\"\" class=\"timeline-icon icon-larger iconbg-turqoise icon-color-white default-icon\">\r\n                        <div class=\"icon-placeholder\"><img loading=\"lazy\" decoding=\"async\" width=\"150\" height=\"150\" src=\"https:\/\/energie.pt\/wp-content\/uploads\/2022\/04\/energie_icon-150x150.png\" class=\"ctl-icon-img\" alt=\"\" srcset=\"https:\/\/energie.pt\/wp-content\/uploads\/2022\/04\/energie_icon-150x150.png 150w, https:\/\/energie.pt\/wp-content\/uploads\/2022\/04\/energie_icon-100x100.png 100w, https:\/\/energie.pt\/wp-content\/uploads\/2022\/04\/energie_icon-600x600.png 600w, https:\/\/energie.pt\/wp-content\/uploads\/2022\/04\/energie_icon-200x200.png 200w, https:\/\/energie.pt\/wp-content\/uploads\/2022\/04\/energie_icon-300x300.png 300w, https:\/\/energie.pt\/wp-content\/uploads\/2022\/04\/energie_icon-768x768.png 768w, https:\/\/energie.pt\/wp-content\/uploads\/2022\/04\/energie_icon.png 1024w\" sizes=\"(max-width: 150px) 100vw, 150px\" \/><\/div>\r\n                        <div class=\"timeline-bar\"><\/div>\r\n                    <\/div><div  data-aos=\"\"  class=\"timeline-content  clearfix odd  full default-content \"><h2 class=\"content-title\">2000<\/h2><div class=\"ctl_info event-description full\"><div class=\"content-details\"><p>Creaci\u00f3n de un Centro de Investigaci\u00f3n y Desarrollo (I+D).<\/p><\/div><\/div><\/div><!-- timeline content --><\/div>\r\n\r\n        <!-- .timeline-post-end --><!-- .timeline-post-start--><div   data-alternate=\"16\" id=\"story-9573\" class=\"timeline-post even light-grey-post icons_yes post-9573 story-cat-363  default-meta\"><div   data-aos=\"\" class=\"timeline-meta\"><div class=\"meta-details\"><\/div><\/div><div   data-aos=\"\" class=\"timeline-icon icon-larger iconbg-turqoise icon-color-white default-icon\">\r\n                        <div class=\"icon-placeholder\"><img loading=\"lazy\" decoding=\"async\" width=\"150\" height=\"150\" src=\"https:\/\/energie.pt\/wp-content\/uploads\/2022\/04\/energie_icon-150x150.png\" class=\"ctl-icon-img\" alt=\"\" srcset=\"https:\/\/energie.pt\/wp-content\/uploads\/2022\/04\/energie_icon-150x150.png 150w, https:\/\/energie.pt\/wp-content\/uploads\/2022\/04\/energie_icon-100x100.png 100w, https:\/\/energie.pt\/wp-content\/uploads\/2022\/04\/energie_icon-600x600.png 600w, https:\/\/energie.pt\/wp-content\/uploads\/2022\/04\/energie_icon-200x200.png 200w, https:\/\/energie.pt\/wp-content\/uploads\/2022\/04\/energie_icon-300x300.png 300w, https:\/\/energie.pt\/wp-content\/uploads\/2022\/04\/energie_icon-768x768.png 768w, https:\/\/energie.pt\/wp-content\/uploads\/2022\/04\/energie_icon.png 1024w\" sizes=\"(max-width: 150px) 100vw, 150px\" \/><\/div>\r\n                        <div class=\"timeline-bar\"><\/div>\r\n                    <\/div><div  data-aos=\"\"  class=\"timeline-content  clearfix even  full default-content \"><h2 class=\"content-title\">1990<\/h2><div class=\"ctl_info event-description full\"><div class=\"content-details\"><p>La marca ENERGIE ha sido patentada y registrada en todo el mundo.<\/p><\/div><\/div><\/div><!-- timeline content --><\/div>\r\n\r\n        <!-- .timeline-post-end --><!-- .timeline-post-start--><div   data-alternate=\"17\" id=\"story-9558\" class=\"timeline-post odd light-grey-post icons_yes post-9558 story-cat-363  default-meta\"><div   data-aos=\"\" class=\"timeline-meta\"><div class=\"meta-details\"><\/div><\/div><div   data-aos=\"\" class=\"timeline-icon icon-larger iconbg-turqoise icon-color-white default-icon\">\r\n                        <div class=\"icon-placeholder\"><img loading=\"lazy\" decoding=\"async\" width=\"150\" height=\"150\" src=\"https:\/\/energie.pt\/wp-content\/uploads\/2022\/04\/energie_icon-150x150.png\" class=\"ctl-icon-img\" alt=\"\" srcset=\"https:\/\/energie.pt\/wp-content\/uploads\/2022\/04\/energie_icon-150x150.png 150w, https:\/\/energie.pt\/wp-content\/uploads\/2022\/04\/energie_icon-100x100.png 100w, https:\/\/energie.pt\/wp-content\/uploads\/2022\/04\/energie_icon-600x600.png 600w, https:\/\/energie.pt\/wp-content\/uploads\/2022\/04\/energie_icon-200x200.png 200w, https:\/\/energie.pt\/wp-content\/uploads\/2022\/04\/energie_icon-300x300.png 300w, https:\/\/energie.pt\/wp-content\/uploads\/2022\/04\/energie_icon-768x768.png 768w, https:\/\/energie.pt\/wp-content\/uploads\/2022\/04\/energie_icon.png 1024w\" sizes=\"(max-width: 150px) 100vw, 150px\" \/><\/div>\r\n                        <div class=\"timeline-bar\"><\/div>\r\n                    <\/div><div  data-aos=\"\"  class=\"timeline-content  clearfix odd  full default-content \"><h2 class=\"content-title\">1981<\/h2><div class=\"ctl_info event-description full\"><div class=\"content-details\"><p>Fundaci\u00f3n de la empresa con la denominaci\u00f3n Lar Bombas Sistemas Hidr\u00e1ulicos e Energia Solar.<\/p><\/div><\/div><\/div><!-- timeline content --><\/div>\r\n\r\n        <!-- .timeline-post-end --><style type=\"text\/css\"><\/style><div  class=\"end-timeline clearfix\"><\/div><\/div><\/div><\/div>  <!-- end\r\n================================================== --><style type=\"text\/css\"><\/style>\n\n<div class=\"wp-block-stackable-columns stk-block-columns stk-block stk-6d50452\" data-block-id=\"6d50452\"><div class=\"stk-row stk-inner-blocks stk-block-content stk-content-align stk-6d50452-column\">\n<div class=\"wp-block-stackable-column stk-block-column stk-column stk-block stk-a79e753\" data-v=\"4\" data-block-id=\"a79e753\"><div class=\"stk-column-wrapper stk-block-column__content stk-container stk-a79e753-container stk--no-background stk--no-padding\"><div class=\"stk-block-content stk-inner-blocks stk-a79e753-inner-blocks\">\n<div class=\"wp-block-stackable-heading stk-block-heading stk-block-heading--v2 stk-block stk-a7a7a7b\" id=\"politica-da-qualidade\" data-block-id=\"a7a7a7b\"><style>.stk-a7a7a7b .stk-block-heading__text{text-transform:uppercase !important}.stk-a7a7a7b .stk-block-heading__bottom-line{height:2px !important;background-color:var(--theme-palette-color-2,#ff913d) !important;margin-top:10px !important}<\/style><h4 class=\"stk-block-heading__text\">POL\u00cdTICA DE CALIDAD<\/h4><div class=\"stk-block-heading__bottom-line\"><\/div><\/div>\n\n\n\n<p>El Sistema de Gesti\u00f3n de Calidad de ENERGIE est\u00e1 certificado por T\u00fcv Rheinland desde 2008, seg\u00fan la norma NP EN ISO 9001.<br\/> La Direcci\u00f3n General de ENERGIE asume que la satisfacci\u00f3n total del Cliente es un factor fundamental para la competitividad y rentabilidad de la Compa\u00f1\u00eda. As\u00ed, asume como vectores principales:<\/p>\n\n\n\n<ul class=\"wp-block-list\">\n<li>Proporcionar productos y servicios que satisfagan todos los requisitos legales y estatutarios del Cliente; <\/li>\n\n\n\n<li>Hazlo bien la primera vez;<\/li>\n\n\n\n<li>Mejorar continuamente la calidad de los productos y servicios, creando valor para los Clientes y partes interesadas. <\/li>\n<\/ul>\n<\/div><\/div><\/div>\n<\/div><\/div>\n","protected":false},"excerpt":{"rendered":"<p>LA MARCA ENERGIE Fundada en 1981, la empresa ENERGIE EST, Lda., de capital 100% portugu\u00e9s, tiene en exclusiva la patente como fabricante de los sistemas solares termodin\u00e1micos. Desde entonces, se ha convertido en una referencia nacional e internacional dentro de la fabricaci\u00f3n de energ\u00eda solar. La fiabilidad y la eficiencia&hellip;<\/p>\n","protected":false},"author":12,"featured_media":0,"parent":0,"menu_order":0,"comment_status":"closed","ping_status":"closed","template":"","meta":{"_acf_changed":false,"footnotes":""},"class_list":["post-7588","page","type-page","status-publish","hentry"],"blocksy_meta":{"styles_descriptor":{"styles":{"desktop":"","tablet":"","mobile":""},"google_fonts":[],"version":6}},"acf":[],"yoast_head":"<!-- This site is optimized with the Yoast SEO plugin v22.8 - https:\/\/yoast.com\/wordpress\/plugins\/seo\/ -->\r\n<title>Mundo Energie - ENERGIE EST, Lda.<\/title>\r\n<meta name=\"robots\" content=\"index, follow, max-snippet:-1, max-image-preview:large, max-video-preview:-1\" \/>\r\n<link rel=\"canonical\" href=\"https:\/\/energie.pt\/es\/mundo-energie\/\" \/>\r\n<meta property=\"og:locale\" content=\"es_ES\" \/>\r\n<meta property=\"og:type\" content=\"article\" \/>\r\n<meta property=\"og:title\" content=\"Mundo Energie - ENERGIE EST, Lda.\" \/>\r\n<meta property=\"og:description\" content=\"LA MARCA ENERGIE Fundada en 1981, la empresa ENERGIE EST, Lda., de capital 100% portugu\u00e9s, tiene en exclusiva la patente como fabricante de los sistemas solares termodin\u00e1micos. Desde entonces, se ha convertido en una referencia nacional e internacional dentro de la fabricaci\u00f3n de energ\u00eda solar. La fiabilidad y la eficiencia&hellip;\" \/>\r\n<meta property=\"og:url\" content=\"https:\/\/energie.pt\/es\/mundo-energie\/\" \/>\r\n<meta property=\"og:site_name\" content=\"ENERGIE EST, Lda.\" \/>\r\n<meta property=\"article:publisher\" content=\"https:\/\/www.facebook.com\/EnergiePortugalEst\/\" \/>\r\n<meta property=\"article:modified_time\" content=\"2024-07-02T16:03:22+00:00\" \/>\r\n<meta property=\"og:image\" content=\"https:\/\/energie.pt\/wp-content\/uploads\/2021\/07\/01.jpg\" \/>\r\n<meta name=\"twitter:card\" content=\"summary_large_image\" \/>\r\n<meta name=\"twitter:label1\" content=\"Tiempo de lectura\" \/>\n\t<meta name=\"twitter:data1\" content=\"3 minutos\" \/>\r\n<script type=\"application\/ld+json\" class=\"yoast-schema-graph\">{\"@context\":\"https:\/\/schema.org\",\"@graph\":[{\"@type\":\"WebPage\",\"@id\":\"https:\/\/energie.pt\/es\/mundo-energie\/\",\"url\":\"https:\/\/energie.pt\/es\/mundo-energie\/\",\"name\":\"Mundo Energie - ENERGIE EST, Lda.\",\"isPartOf\":{\"@id\":\"https:\/\/energie.pt\/es\/#website\"},\"primaryImageOfPage\":{\"@id\":\"https:\/\/energie.pt\/es\/mundo-energie\/#primaryimage\"},\"image\":{\"@id\":\"https:\/\/energie.pt\/es\/mundo-energie\/#primaryimage\"},\"thumbnailUrl\":\"https:\/\/energie.pt\/wp-content\/uploads\/2021\/07\/01.jpg\",\"datePublished\":\"2022-05-11T16:14:13+00:00\",\"dateModified\":\"2024-07-02T16:03:22+00:00\",\"breadcrumb\":{\"@id\":\"https:\/\/energie.pt\/es\/mundo-energie\/#breadcrumb\"},\"inLanguage\":\"es\",\"potentialAction\":[{\"@type\":\"ReadAction\",\"target\":[\"https:\/\/energie.pt\/es\/mundo-energie\/\"]}]},{\"@type\":\"ImageObject\",\"inLanguage\":\"es\",\"@id\":\"https:\/\/energie.pt\/es\/mundo-energie\/#primaryimage\",\"url\":\"https:\/\/energie.pt\/wp-content\/uploads\/2021\/07\/01.jpg\",\"contentUrl\":\"https:\/\/energie.pt\/wp-content\/uploads\/2021\/07\/01.jpg\"},{\"@type\":\"BreadcrumbList\",\"@id\":\"https:\/\/energie.pt\/es\/mundo-energie\/#breadcrumb\",\"itemListElement\":[{\"@type\":\"ListItem\",\"position\":1,\"name\":\"P\u00e1gina principal\",\"item\":\"https:\/\/energie.pt\/es\/\"},{\"@type\":\"ListItem\",\"position\":2,\"name\":\"Mundo Energie\"}]},{\"@type\":\"WebSite\",\"@id\":\"https:\/\/energie.pt\/es\/#website\",\"url\":\"https:\/\/energie.pt\/es\/\",\"name\":\"ENERGIE\",\"description\":\"Soluciones de Energ\u00eda Solar Termodin\u00e1mica, Climatizaci\u00f3n, Bombas de Calor y ACS\",\"publisher\":{\"@id\":\"https:\/\/energie.pt\/es\/#organization\"},\"alternateName\":\"ENERGIE\",\"potentialAction\":[{\"@type\":\"SearchAction\",\"target\":{\"@type\":\"EntryPoint\",\"urlTemplate\":\"https:\/\/energie.pt\/es\/?s={search_term_string}\"},\"query-input\":\"required name=search_term_string\"}],\"inLanguage\":\"es\"},{\"@type\":\"Organization\",\"@id\":\"https:\/\/energie.pt\/es\/#organization\",\"name\":\"Energie - Thermodynamic Solar Energy\",\"alternateName\":\"Energie\",\"url\":\"https:\/\/energie.pt\/es\/\",\"logo\":{\"@type\":\"ImageObject\",\"inLanguage\":\"es\",\"@id\":\"https:\/\/energie.pt\/es\/#\/schema\/logo\/image\/\",\"url\":\"https:\/\/energie.pt\/wp-content\/uploads\/2021\/06\/logo_energie.svg\",\"contentUrl\":\"https:\/\/energie.pt\/wp-content\/uploads\/2021\/06\/logo_energie.svg\",\"width\":190,\"height\":55,\"caption\":\"Energie - Thermodynamic Solar Energy\"},\"image\":{\"@id\":\"https:\/\/energie.pt\/es\/#\/schema\/logo\/image\/\"},\"sameAs\":[\"https:\/\/www.facebook.com\/EnergiePortugalEst\/\",\"https:\/\/www.instagram.com\/energieportugal\/\",\"https:\/\/www.youtube.com\/channel\/UCnItbF_zm_YZ1tFqzUcVgPQ\",\"https:\/\/www.linkedin.com\/company\/energieportugal\/\"]}]}<\/script>\r\n<!-- \/ Yoast SEO plugin. -->","yoast_head_json":{"title":"Mundo Energie - ENERGIE EST, Lda.","robots":{"index":"index","follow":"follow","max-snippet":"max-snippet:-1","max-image-preview":"max-image-preview:large","max-video-preview":"max-video-preview:-1"},"canonical":"https:\/\/energie.pt\/es\/mundo-energie\/","og_locale":"es_ES","og_type":"article","og_title":"Mundo Energie - ENERGIE EST, Lda.","og_description":"LA MARCA ENERGIE Fundada en 1981, la empresa ENERGIE EST, Lda., de capital 100% portugu\u00e9s, tiene en exclusiva la patente como fabricante de los sistemas solares termodin\u00e1micos. Desde entonces, se ha convertido en una referencia nacional e internacional dentro de la fabricaci\u00f3n de energ\u00eda solar. La fiabilidad y la eficiencia&hellip;","og_url":"https:\/\/energie.pt\/es\/mundo-energie\/","og_site_name":"ENERGIE EST, Lda.","article_publisher":"https:\/\/www.facebook.com\/EnergiePortugalEst\/","article_modified_time":"2024-07-02T16:03:22+00:00","og_image":[{"url":"https:\/\/energie.pt\/wp-content\/uploads\/2021\/07\/01.jpg"}],"twitter_card":"summary_large_image","twitter_misc":{"Tiempo de lectura":"3 minutos"},"schema":{"@context":"https:\/\/schema.org","@graph":[{"@type":"WebPage","@id":"https:\/\/energie.pt\/es\/mundo-energie\/","url":"https:\/\/energie.pt\/es\/mundo-energie\/","name":"Mundo Energie - ENERGIE EST, Lda.","isPartOf":{"@id":"https:\/\/energie.pt\/es\/#website"},"primaryImageOfPage":{"@id":"https:\/\/energie.pt\/es\/mundo-energie\/#primaryimage"},"image":{"@id":"https:\/\/energie.pt\/es\/mundo-energie\/#primaryimage"},"thumbnailUrl":"https:\/\/energie.pt\/wp-content\/uploads\/2021\/07\/01.jpg","datePublished":"2022-05-11T16:14:13+00:00","dateModified":"2024-07-02T16:03:22+00:00","breadcrumb":{"@id":"https:\/\/energie.pt\/es\/mundo-energie\/#breadcrumb"},"inLanguage":"es","potentialAction":[{"@type":"ReadAction","target":["https:\/\/energie.pt\/es\/mundo-energie\/"]}]},{"@type":"ImageObject","inLanguage":"es","@id":"https:\/\/energie.pt\/es\/mundo-energie\/#primaryimage","url":"https:\/\/energie.pt\/wp-content\/uploads\/2021\/07\/01.jpg","contentUrl":"https:\/\/energie.pt\/wp-content\/uploads\/2021\/07\/01.jpg"},{"@type":"BreadcrumbList","@id":"https:\/\/energie.pt\/es\/mundo-energie\/#breadcrumb","itemListElement":[{"@type":"ListItem","position":1,"name":"P\u00e1gina principal","item":"https:\/\/energie.pt\/es\/"},{"@type":"ListItem","position":2,"name":"Mundo Energie"}]},{"@type":"WebSite","@id":"https:\/\/energie.pt\/es\/#website","url":"https:\/\/energie.pt\/es\/","name":"ENERGIE","description":"Soluciones de Energ\u00eda Solar Termodin\u00e1mica, Climatizaci\u00f3n, Bombas de Calor y ACS","publisher":{"@id":"https:\/\/energie.pt\/es\/#organization"},"alternateName":"ENERGIE","potentialAction":[{"@type":"SearchAction","target":{"@type":"EntryPoint","urlTemplate":"https:\/\/energie.pt\/es\/?s={search_term_string}"},"query-input":"required name=search_term_string"}],"inLanguage":"es"},{"@type":"Organization","@id":"https:\/\/energie.pt\/es\/#organization","name":"Energie - Thermodynamic Solar Energy","alternateName":"Energie","url":"https:\/\/energie.pt\/es\/","logo":{"@type":"ImageObject","inLanguage":"es","@id":"https:\/\/energie.pt\/es\/#\/schema\/logo\/image\/","url":"https:\/\/energie.pt\/wp-content\/uploads\/2021\/06\/logo_energie.svg","contentUrl":"https:\/\/energie.pt\/wp-content\/uploads\/2021\/06\/logo_energie.svg","width":190,"height":55,"caption":"Energie - Thermodynamic Solar Energy"},"image":{"@id":"https:\/\/energie.pt\/es\/#\/schema\/logo\/image\/"},"sameAs":["https:\/\/www.facebook.com\/EnergiePortugalEst\/","https:\/\/www.instagram.com\/energieportugal\/","https:\/\/www.youtube.com\/channel\/UCnItbF_zm_YZ1tFqzUcVgPQ","https:\/\/www.linkedin.com\/company\/energieportugal\/"]}]}},"_links":{"self":[{"href":"https:\/\/energie.pt\/es\/wp-json\/wp\/v2\/pages\/7588"}],"collection":[{"href":"https:\/\/energie.pt\/es\/wp-json\/wp\/v2\/pages"}],"about":[{"href":"https:\/\/energie.pt\/es\/wp-json\/wp\/v2\/types\/page"}],"author":[{"embeddable":true,"href":"https:\/\/energie.pt\/es\/wp-json\/wp\/v2\/users\/12"}],"replies":[{"embeddable":true,"href":"https:\/\/energie.pt\/es\/wp-json\/wp\/v2\/comments?post=7588"}],"version-history":[{"count":2,"href":"https:\/\/energie.pt\/es\/wp-json\/wp\/v2\/pages\/7588\/revisions"}],"predecessor-version":[{"id":26916,"href":"https:\/\/energie.pt\/es\/wp-json\/wp\/v2\/pages\/7588\/revisions\/26916"}],"wp:attachment":[{"href":"https:\/\/energie.pt\/es\/wp-json\/wp\/v2\/media?parent=7588"}],"curies":[{"name":"wp","href":"https:\/\/api.w.org\/{rel}","templated":true}]}}