{"id":7571,"date":"2022-05-06T13:49:57","date_gmt":"2022-05-06T13:49:57","guid":{"rendered":"https:\/\/energie.pt\/nouvelles\/"},"modified":"2024-10-22T10:01:30","modified_gmt":"2024-10-22T10:01:30","slug":"nouvelles","status":"publish","type":"page","link":"https:\/\/energie.pt\/fr\/monde-energie\/nouvelles\/","title":{"rendered":"Nouvelles"},"content":{"rendered":"<div class=\"ct-posts-shortcode\" data-prefix=\"blog\"><div class=\"entries\" data-archive=\"default\" data-layout=\"grid\" data-cards=\"boxed\"  data-hover=\"zoom-in\" ><article class=\"entry-card card-content post-34230 post type-post status-publish format-standard has-post-thumbnail hentry category-monde-energie category-nouvelles\" data-reveal=\"bottom:no\"><a class=\"ct-media-container boundless-image has-hover-effect\" href=\"https:\/\/energie.pt\/fr\/monde-energie\/fevrier-a-ete-une-fois-de-plus-un-mois-de-grandes-realisations-pour-energie\/\" aria-label=\"F\u00c9VRIER A \u00c9T\u00c9, UNE FOIS DE PLUS, UN MOIS DE GRANDES R\u00c9ALISATIONS POUR ENERGIE!\" tabindex=\"-1\"><img decoding=\"async\" width=\"768\" height=\"407\" src=\"https:\/\/energie.pt\/wp-content\/uploads\/2026\/02\/JAN-FEV_heatpumpkeymark-768x407.png\" class=\"attachment-medium_large size-medium_large wp-post-image\" alt=\"\" loading=\"lazy\" srcset=\"https:\/\/energie.pt\/wp-content\/uploads\/2026\/02\/JAN-FEV_heatpumpkeymark-768x407.png 768w, https:\/\/energie.pt\/wp-content\/uploads\/2026\/02\/JAN-FEV_heatpumpkeymark-300x159.png 300w, https:\/\/energie.pt\/wp-content\/uploads\/2026\/02\/JAN-FEV_heatpumpkeymark-1024x543.png 1024w, https:\/\/energie.pt\/wp-content\/uploads\/2026\/02\/JAN-FEV_heatpumpkeymark-1536x815.png 1536w, https:\/\/energie.pt\/wp-content\/uploads\/2026\/02\/JAN-FEV_heatpumpkeymark-2048x1086.png 2048w\" sizes=\"(max-width: 768px) 100vw, 768px\" itemprop=\"image\" style=\"aspect-ratio: 2251\/1194;\" \/><\/a><h6 class=\"entry-title\"><a href=\"https:\/\/energie.pt\/fr\/monde-energie\/fevrier-a-ete-une-fois-de-plus-un-mois-de-grandes-realisations-pour-energie\/\" rel=\"bookmark\">F\u00c9VRIER A \u00c9T\u00c9, UNE FOIS DE PLUS, UN MOIS DE GRANDES R\u00c9ALISATIONS POUR ENERGIE!<\/a><\/h6><ul class=\"entry-meta\" data-type=\"simple:slash\" data-id=\"1M94lq\" ><li class=\"meta-custom-field\" data-field=\"data_bimensal_da_noticia\">JANVIER | F\u00c9VRIER \/ 2026<\/li><\/ul><div class=\"entry-excerpt\"><p>L\u2019entreprise a renouvel\u00e9 sa certification Heat Pump Keymark, renfor\u00e7ant la conformit\u00e9 de ses produits aux\u2026<\/p>\n<\/div><a class=\"entry-button\" href=\"https:\/\/energie.pt\/fr\/monde-energie\/fevrier-a-ete-une-fois-de-plus-un-mois-de-grandes-realisations-pour-energie\/\">Lire la suite<svg width=\"17px\" height=\"17px\" viewBox=\"0 0 32 32\" fill=\"currentColor\"><path d=\"M 21.1875 9.28125 L 19.78125 10.71875 L 24.0625 15 L 4 15 L 4 17 L 24.0625 17 L 19.78125 21.28125 L 21.1875 22.71875 L 27.90625 16 Z \"><\/path><\/svg><span class=\"screen-reader-text\">F\u00c9VRIER A \u00c9T\u00c9, UNE FOIS DE PLUS, UN MOIS DE GRANDES R\u00c9ALISATIONS POUR ENERGIE!<\/span><\/a><\/article><article class=\"entry-card card-content post-34207 post type-post status-publish format-standard has-post-thumbnail hentry category-monde-energie category-nouvelles\" data-reveal=\"bottom:no\"><a class=\"ct-media-container boundless-image has-hover-effect\" href=\"https:\/\/energie.pt\/fr\/monde-energie\/presentation-de-linverter-x75ht\/\" aria-label=\"PR\u00c9SENTATION DE L\u2019INVERTER X75HT\" tabindex=\"-1\"><img decoding=\"async\" width=\"768\" height=\"407\" src=\"https:\/\/energie.pt\/wp-content\/uploads\/2026\/02\/JAN-FEV_inverterx75ht-768x407.png\" class=\"attachment-medium_large size-medium_large wp-post-image\" alt=\"\" loading=\"lazy\" srcset=\"https:\/\/energie.pt\/wp-content\/uploads\/2026\/02\/JAN-FEV_inverterx75ht-768x407.png 768w, https:\/\/energie.pt\/wp-content\/uploads\/2026\/02\/JAN-FEV_inverterx75ht-300x159.png 300w, https:\/\/energie.pt\/wp-content\/uploads\/2026\/02\/JAN-FEV_inverterx75ht-1024x543.png 1024w, https:\/\/energie.pt\/wp-content\/uploads\/2026\/02\/JAN-FEV_inverterx75ht-1536x815.png 1536w, https:\/\/energie.pt\/wp-content\/uploads\/2026\/02\/JAN-FEV_inverterx75ht-2048x1086.png 2048w\" sizes=\"(max-width: 768px) 100vw, 768px\" itemprop=\"image\" style=\"aspect-ratio: 2251\/1194;\" \/><\/a><h6 class=\"entry-title\"><a href=\"https:\/\/energie.pt\/fr\/monde-energie\/presentation-de-linverter-x75ht\/\" rel=\"bookmark\">PR\u00c9SENTATION DE L\u2019INVERTER X75HT<\/a><\/h6><ul class=\"entry-meta\" data-type=\"simple:slash\" data-id=\"1M94lq\" ><li class=\"meta-custom-field\" data-field=\"data_bimensal_da_noticia\">JANVIER | F\u00c9VRIER \/ 2026<\/li><\/ul><div class=\"entry-excerpt\"><p>Energie pr\u00e9sente l\u2019AQUAPURA INVERTER X75, la pompe \u00e0 chaleur a\u00e9rothermique de derni\u00e8re g\u00e9n\u00e9ration, con\u00e7ue pour\u2026<\/p>\n<\/div><a class=\"entry-button\" href=\"https:\/\/energie.pt\/fr\/monde-energie\/presentation-de-linverter-x75ht\/\">Lire la suite<svg width=\"17px\" height=\"17px\" viewBox=\"0 0 32 32\" fill=\"currentColor\"><path d=\"M 21.1875 9.28125 L 19.78125 10.71875 L 24.0625 15 L 4 15 L 4 17 L 24.0625 17 L 19.78125 21.28125 L 21.1875 22.71875 L 27.90625 16 Z \"><\/path><\/svg><span class=\"screen-reader-text\">PR\u00c9SENTATION DE L\u2019INVERTER X75HT<\/span><\/a><\/article><article class=\"entry-card card-content post-34167 post type-post status-publish format-standard has-post-thumbnail hentry category-monde-energie category-nouvelles\" data-reveal=\"bottom:no\"><a class=\"ct-media-container boundless-image has-hover-effect\" href=\"https:\/\/energie.pt\/fr\/monde-energie\/energie-presente-les-resultats-de-lenquete-de-satisfaction-2025-et-definit-les-objectifs-strategiques-pour-2026\/\" aria-label=\"ENERGIE PR\u00c9SENTE LES R\u00c9SULTATS DE L\u2019ENQU\u00caTE DE SATISFACTION 2025 ET D\u00c9FINIT LES OBJECTIFS STRAT\u00c9GIQUES POUR 2026\" tabindex=\"-1\"><img decoding=\"async\" width=\"768\" height=\"408\" src=\"https:\/\/energie.pt\/wp-content\/uploads\/2026\/02\/JAN-FEV_resultados-768x408.png\" class=\"attachment-medium_large size-medium_large wp-post-image\" alt=\"\" loading=\"lazy\" srcset=\"https:\/\/energie.pt\/wp-content\/uploads\/2026\/02\/JAN-FEV_resultados-768x408.png 768w, https:\/\/energie.pt\/wp-content\/uploads\/2026\/02\/JAN-FEV_resultados-300x159.png 300w, https:\/\/energie.pt\/wp-content\/uploads\/2026\/02\/JAN-FEV_resultados-1024x543.png 1024w, https:\/\/energie.pt\/wp-content\/uploads\/2026\/02\/JAN-FEV_resultados-1536x815.png 1536w, https:\/\/energie.pt\/wp-content\/uploads\/2026\/02\/JAN-FEV_resultados-2048x1087.png 2048w\" sizes=\"(max-width: 768px) 100vw, 768px\" itemprop=\"image\" style=\"aspect-ratio: 375\/199;\" \/><\/a><h6 class=\"entry-title\"><a href=\"https:\/\/energie.pt\/fr\/monde-energie\/energie-presente-les-resultats-de-lenquete-de-satisfaction-2025-et-definit-les-objectifs-strategiques-pour-2026\/\" rel=\"bookmark\">ENERGIE PR\u00c9SENTE LES R\u00c9SULTATS DE L\u2019ENQU\u00caTE DE SATISFACTION 2025 ET D\u00c9FINIT LES OBJECTIFS STRAT\u00c9GIQUES POUR 2026<\/a><\/h6><ul class=\"entry-meta\" data-type=\"simple:slash\" data-id=\"1M94lq\" ><li class=\"meta-custom-field\" data-field=\"data_bimensal_da_noticia\">JANVIER | F\u00c9VRIER \/ 2026<\/li><\/ul><div class=\"entry-excerpt\"><p>En janvier 2026, Energie a r\u00e9uni ses collaborateurs pour pr\u00e9senter les r\u00e9sultats de l\u2019enqu\u00eate interne\u2026<\/p>\n<\/div><a class=\"entry-button\" href=\"https:\/\/energie.pt\/fr\/monde-energie\/energie-presente-les-resultats-de-lenquete-de-satisfaction-2025-et-definit-les-objectifs-strategiques-pour-2026\/\">Lire la suite<svg width=\"17px\" height=\"17px\" viewBox=\"0 0 32 32\" fill=\"currentColor\"><path d=\"M 21.1875 9.28125 L 19.78125 10.71875 L 24.0625 15 L 4 15 L 4 17 L 24.0625 17 L 19.78125 21.28125 L 21.1875 22.71875 L 27.90625 16 Z \"><\/path><\/svg><span class=\"screen-reader-text\">ENERGIE PR\u00c9SENTE LES R\u00c9SULTATS DE L\u2019ENQU\u00caTE DE SATISFACTION 2025 ET D\u00c9FINIT LES OBJECTIFS STRAT\u00c9GIQUES POUR 2026<\/span><\/a><\/article><article class=\"entry-card card-content post-33566 post type-post status-publish format-standard has-post-thumbnail hentry category-monde-energie category-nouvelles\" data-reveal=\"bottom:no\"><a class=\"ct-media-container boundless-image has-hover-effect\" href=\"https:\/\/energie.pt\/fr\/monde-energie\/energie-a-presente-ses-dernieres-innovations-au-cr-2025-a-madrid\/\" aria-label=\"ENERGIE A PR\u00c9SENT\u00c9 SES DERNI\u00c8RES INNOVATIONS AU C&#038;R 2025, \u00c0 MADRID\" tabindex=\"-1\"><img decoding=\"async\" width=\"768\" height=\"407\" src=\"https:\/\/energie.pt\/wp-content\/uploads\/2025\/12\/NOV_DEZ_feira-768x407.png\" class=\"attachment-medium_large size-medium_large wp-post-image\" alt=\"\" loading=\"lazy\" srcset=\"https:\/\/energie.pt\/wp-content\/uploads\/2025\/12\/NOV_DEZ_feira-768x407.png 768w, https:\/\/energie.pt\/wp-content\/uploads\/2025\/12\/NOV_DEZ_feira-300x159.png 300w, https:\/\/energie.pt\/wp-content\/uploads\/2025\/12\/NOV_DEZ_feira-1024x543.png 1024w, https:\/\/energie.pt\/wp-content\/uploads\/2025\/12\/NOV_DEZ_feira.png 1080w\" sizes=\"(max-width: 768px) 100vw, 768px\" itemprop=\"image\" style=\"aspect-ratio: 360\/191;\" \/><\/a><h6 class=\"entry-title\"><a href=\"https:\/\/energie.pt\/fr\/monde-energie\/energie-a-presente-ses-dernieres-innovations-au-cr-2025-a-madrid\/\" rel=\"bookmark\">ENERGIE A PR\u00c9SENT\u00c9 SES DERNI\u00c8RES INNOVATIONS AU C&#038;R 2025, \u00c0 MADRID<\/a><\/h6><ul class=\"entry-meta\" data-type=\"simple:slash\" data-id=\"1M94lq\" ><li class=\"meta-custom-field\" data-field=\"data_bimensal_da_noticia\">NOVEMBRE | D\u00c9CEMBRE \/ 2025<\/li><\/ul><div class=\"entry-excerpt\"><p>Du 18 au 20 novembre, l\u2019IFEMA MADRID a accueilli une nouvelle \u00e9dition du C&amp;R \u2013\u2026<\/p>\n<\/div><a class=\"entry-button\" href=\"https:\/\/energie.pt\/fr\/monde-energie\/energie-a-presente-ses-dernieres-innovations-au-cr-2025-a-madrid\/\">Lire la suite<svg width=\"17px\" height=\"17px\" viewBox=\"0 0 32 32\" fill=\"currentColor\"><path d=\"M 21.1875 9.28125 L 19.78125 10.71875 L 24.0625 15 L 4 15 L 4 17 L 24.0625 17 L 19.78125 21.28125 L 21.1875 22.71875 L 27.90625 16 Z \"><\/path><\/svg><span class=\"screen-reader-text\">ENERGIE A PR\u00c9SENT\u00c9 SES DERNI\u00c8RES INNOVATIONS AU C&#038;R 2025, \u00c0 MADRID<\/span><\/a><\/article><article class=\"entry-card card-content post-33526 post type-post status-publish format-standard has-post-thumbnail hentry category-monde-energie category-nouvelles\" data-reveal=\"bottom:no\"><a class=\"ct-media-container boundless-image has-hover-effect\" href=\"https:\/\/energie.pt\/fr\/monde-energie\/nouvelle-thermobox-duo-light\/\" aria-label=\"NOUVELLE THERMOBOX DUO LIGHT\" tabindex=\"-1\"><img decoding=\"async\" width=\"768\" height=\"407\" src=\"https:\/\/energie.pt\/wp-content\/uploads\/2025\/12\/NOV_DEZ_duo_light_v1-768x407.png\" class=\"attachment-medium_large size-medium_large wp-post-image\" alt=\"\" loading=\"lazy\" srcset=\"https:\/\/energie.pt\/wp-content\/uploads\/2025\/12\/NOV_DEZ_duo_light_v1-768x407.png 768w, https:\/\/energie.pt\/wp-content\/uploads\/2025\/12\/NOV_DEZ_duo_light_v1-300x159.png 300w, https:\/\/energie.pt\/wp-content\/uploads\/2025\/12\/NOV_DEZ_duo_light_v1-1024x543.png 1024w, https:\/\/energie.pt\/wp-content\/uploads\/2025\/12\/NOV_DEZ_duo_light_v1.png 1080w\" sizes=\"(max-width: 768px) 100vw, 768px\" itemprop=\"image\" style=\"aspect-ratio: 360\/191;\" \/><\/a><h6 class=\"entry-title\"><a href=\"https:\/\/energie.pt\/fr\/monde-energie\/nouvelle-thermobox-duo-light\/\" rel=\"bookmark\">NOUVELLE THERMOBOX DUO LIGHT<\/a><\/h6><ul class=\"entry-meta\" data-type=\"simple:slash\" data-id=\"1M94lq\" ><li class=\"meta-custom-field\" data-field=\"data_bimensal_da_noticia\">NOVEMBRE | D\u00c9CEMBRE \/ 2025<\/li><\/ul><div class=\"entry-excerpt\"><p>ENERGIE pr\u00e9sente la nouvelle THERMOBOX DUO LIGHT: efficacit\u00e9 maximale, compacit\u00e9 et installation simplifi\u00e9e. ENERGIE a\u2026<\/p>\n<\/div><a class=\"entry-button\" href=\"https:\/\/energie.pt\/fr\/monde-energie\/nouvelle-thermobox-duo-light\/\">Lire la suite<svg width=\"17px\" height=\"17px\" viewBox=\"0 0 32 32\" fill=\"currentColor\"><path d=\"M 21.1875 9.28125 L 19.78125 10.71875 L 24.0625 15 L 4 15 L 4 17 L 24.0625 17 L 19.78125 21.28125 L 21.1875 22.71875 L 27.90625 16 Z \"><\/path><\/svg><span class=\"screen-reader-text\">NOUVELLE THERMOBOX DUO LIGHT<\/span><\/a><\/article><article class=\"entry-card card-content post-33495 post type-post status-publish format-standard has-post-thumbnail hentry category-monde-energie category-nouvelles\" data-reveal=\"bottom:no\"><a class=\"ct-media-container boundless-image has-hover-effect\" href=\"https:\/\/energie.pt\/fr\/monde-energie\/travaux-de-reference-immeuble-residentiel-2\/\" aria-label=\"TRAVAUX DE R\u00c9F\u00c9RENCE \u2013 IMMEUBLE R\u00c9SIDENTIEL\" tabindex=\"-1\"><img decoding=\"async\" width=\"768\" height=\"407\" src=\"https:\/\/energie.pt\/wp-content\/uploads\/2025\/12\/NOV_DEZ_obra-768x407.png\" class=\"attachment-medium_large size-medium_large wp-post-image\" alt=\"\" loading=\"lazy\" srcset=\"https:\/\/energie.pt\/wp-content\/uploads\/2025\/12\/NOV_DEZ_obra-768x407.png 768w, https:\/\/energie.pt\/wp-content\/uploads\/2025\/12\/NOV_DEZ_obra-300x159.png 300w, https:\/\/energie.pt\/wp-content\/uploads\/2025\/12\/NOV_DEZ_obra-1024x543.png 1024w, https:\/\/energie.pt\/wp-content\/uploads\/2025\/12\/NOV_DEZ_obra.png 1080w\" sizes=\"(max-width: 768px) 100vw, 768px\" itemprop=\"image\" style=\"aspect-ratio: 360\/191;\" \/><\/a><h6 class=\"entry-title\"><a href=\"https:\/\/energie.pt\/fr\/monde-energie\/travaux-de-reference-immeuble-residentiel-2\/\" rel=\"bookmark\">TRAVAUX DE R\u00c9F\u00c9RENCE \u2013 IMMEUBLE R\u00c9SIDENTIEL<\/a><\/h6><ul class=\"entry-meta\" data-type=\"simple:slash\" data-id=\"1M94lq\" ><li class=\"meta-custom-field\" data-field=\"data_bimensal_da_noticia\">NOVEMBRE | D\u00c9CEMBRE \/ 2025<\/li><\/ul><div class=\"entry-excerpt\"><p>Le b\u00e2timent JeronimuFlats, \u00e0 Braga, a renforc\u00e9 son engagement en faveur de l\u2019efficacit\u00e9 \u00e9nerg\u00e9tique et\u2026<\/p>\n<\/div><a class=\"entry-button\" href=\"https:\/\/energie.pt\/fr\/monde-energie\/travaux-de-reference-immeuble-residentiel-2\/\">Lire la suite<svg width=\"17px\" height=\"17px\" viewBox=\"0 0 32 32\" fill=\"currentColor\"><path d=\"M 21.1875 9.28125 L 19.78125 10.71875 L 24.0625 15 L 4 15 L 4 17 L 24.0625 17 L 19.78125 21.28125 L 21.1875 22.71875 L 27.90625 16 Z \"><\/path><\/svg><span class=\"screen-reader-text\">TRAVAUX DE R\u00c9F\u00c9RENCE \u2013 IMMEUBLE R\u00c9SIDENTIEL<\/span><\/a><\/article><\/div>\n\t\t<nav class=\"ct-pagination\" data-pagination=\"simple\" data-divider >\n\t\t\t<div class=\"ct-hidden-sm\"><span aria-current=\"page\" class=\"page-numbers current\">1<\/span>\n<a class=\"page-numbers\" href=\"https:\/\/energie.pt\/fr\/wp-json\/wp\/v2\/pages\/7571\/page\/2\/\">2<\/a>\n<a class=\"page-numbers\" href=\"https:\/\/energie.pt\/fr\/wp-json\/wp\/v2\/pages\/7571\/page\/3\/\">3<\/a>\n<a class=\"page-numbers\" href=\"https:\/\/energie.pt\/fr\/wp-json\/wp\/v2\/pages\/7571\/page\/4\/\">4<\/a>\n<span class=\"page-numbers dots\">\u2026<\/span>\n<a class=\"page-numbers\" href=\"https:\/\/energie.pt\/fr\/wp-json\/wp\/v2\/pages\/7571\/page\/32\/\">32<\/a><\/div><a class=\"next page-numbers\" rel=\"next\" href=\"https:\/\/energie.pt\/fr\/wp-json\/wp\/v2\/pages\/7571\/page\/2\/\">Suivant <svg width=\"9px\" height=\"9px\" viewBox=\"0 0 15 15\" fill=\"currentColor\"><path d=\"M4.1,15c0.2,0,0.4-0.1,0.6-0.2L11.4,8c0.3-0.3,0.3-0.8,0-1.1L4.8,0.2C4.5-0.1,4-0.1,3.7,0.2C3.4,0.5,3.4,1,3.7,1.3l6.1,6.1l-6.2,6.2c-0.3,0.3-0.3,0.8,0,1.1C3.7,14.9,3.9,15,4.1,15z\"\/><\/svg><\/a>\n\t\t\t\n\t\t<\/nav><\/div>\n\n\n\n<p><\/p>\n","protected":false},"excerpt":{"rendered":"","protected":false},"author":12,"featured_media":15019,"parent":7586,"menu_order":0,"comment_status":"closed","ping_status":"closed","template":"","meta":{"_acf_changed":false,"footnotes":""},"class_list":["post-7571","page","type-page","status-publish","has-post-thumbnail","hentry"],"blocksy_meta":{"styles_descriptor":{"styles":{"desktop":"","tablet":"","mobile":""},"google_fonts":[],"version":6}},"acf":[],"yoast_head":"<!-- This site is optimized with the Yoast SEO plugin v22.8 - https:\/\/yoast.com\/wordpress\/plugins\/seo\/ -->\r\n<title>Nouvelles - ENERGIE EST, Lda.<\/title>\r\n<meta name=\"robots\" content=\"index, follow, max-snippet:-1, max-image-preview:large, max-video-preview:-1\" \/>\r\n<link rel=\"canonical\" href=\"https:\/\/energie.pt\/fr\/monde-energie\/nouvelles\/\" \/>\r\n<meta property=\"og:locale\" content=\"fr_FR\" \/>\r\n<meta property=\"og:type\" content=\"article\" \/>\r\n<meta property=\"og:title\" content=\"Nouvelles - ENERGIE EST, Lda.\" \/>\r\n<meta property=\"og:url\" content=\"https:\/\/energie.pt\/fr\/monde-energie\/nouvelles\/\" \/>\r\n<meta property=\"og:site_name\" content=\"ENERGIE EST, Lda.\" \/>\r\n<meta property=\"article:publisher\" content=\"https:\/\/www.facebook.com\/EnergiePortugalEst\/\" \/>\r\n<meta property=\"article:modified_time\" content=\"2024-10-22T10:01:30+00:00\" \/>\r\n<meta property=\"og:image\" content=\"https:\/\/energie.pt\/wp-content\/uploads\/2022\/11\/banners_v2-02.jpg\" \/>\r\n\t<meta property=\"og:image:width\" content=\"2000\" \/>\r\n\t<meta property=\"og:image:height\" content=\"641\" \/>\r\n\t<meta property=\"og:image:type\" content=\"image\/jpeg\" \/>\r\n<meta name=\"twitter:card\" content=\"summary_large_image\" \/>\r\n<script type=\"application\/ld+json\" class=\"yoast-schema-graph\">{\"@context\":\"https:\/\/schema.org\",\"@graph\":[{\"@type\":\"WebPage\",\"@id\":\"https:\/\/energie.pt\/fr\/monde-energie\/nouvelles\/\",\"url\":\"https:\/\/energie.pt\/fr\/monde-energie\/nouvelles\/\",\"name\":\"Nouvelles - ENERGIE EST, Lda.\",\"isPartOf\":{\"@id\":\"https:\/\/energie.pt\/fr\/#website\"},\"primaryImageOfPage\":{\"@id\":\"https:\/\/energie.pt\/fr\/monde-energie\/nouvelles\/#primaryimage\"},\"image\":{\"@id\":\"https:\/\/energie.pt\/fr\/monde-energie\/nouvelles\/#primaryimage\"},\"thumbnailUrl\":\"https:\/\/energie.pt\/wp-content\/uploads\/2022\/11\/banners_v2-02.jpg\",\"datePublished\":\"2022-05-06T13:49:57+00:00\",\"dateModified\":\"2024-10-22T10:01:30+00:00\",\"breadcrumb\":{\"@id\":\"https:\/\/energie.pt\/fr\/monde-energie\/nouvelles\/#breadcrumb\"},\"inLanguage\":\"fr-FR\",\"potentialAction\":[{\"@type\":\"ReadAction\",\"target\":[\"https:\/\/energie.pt\/fr\/monde-energie\/nouvelles\/\"]}]},{\"@type\":\"ImageObject\",\"inLanguage\":\"fr-FR\",\"@id\":\"https:\/\/energie.pt\/fr\/monde-energie\/nouvelles\/#primaryimage\",\"url\":\"https:\/\/energie.pt\/wp-content\/uploads\/2022\/11\/banners_v2-02.jpg\",\"contentUrl\":\"https:\/\/energie.pt\/wp-content\/uploads\/2022\/11\/banners_v2-02.jpg\",\"width\":2000,\"height\":641},{\"@type\":\"BreadcrumbList\",\"@id\":\"https:\/\/energie.pt\/fr\/monde-energie\/nouvelles\/#breadcrumb\",\"itemListElement\":[{\"@type\":\"ListItem\",\"position\":1,\"name\":\"Page d'accueil\",\"item\":\"https:\/\/energie.pt\/fr\/\"},{\"@type\":\"ListItem\",\"position\":2,\"name\":\"Monde Energie\",\"item\":\"https:\/\/energie.pt\/fr\/monde-energie\/\"},{\"@type\":\"ListItem\",\"position\":3,\"name\":\"Nouvelles\"}]},{\"@type\":\"WebSite\",\"@id\":\"https:\/\/energie.pt\/fr\/#website\",\"url\":\"https:\/\/energie.pt\/fr\/\",\"name\":\"ENERGIE\",\"description\":\"Solutions d'\u00e9nergie solaire thermodynamique, climatisation, pompes \u00e0 chaleur et ECS\",\"publisher\":{\"@id\":\"https:\/\/energie.pt\/fr\/#organization\"},\"alternateName\":\"ENERGIE\",\"potentialAction\":[{\"@type\":\"SearchAction\",\"target\":{\"@type\":\"EntryPoint\",\"urlTemplate\":\"https:\/\/energie.pt\/fr\/?s={search_term_string}\"},\"query-input\":\"required name=search_term_string\"}],\"inLanguage\":\"fr-FR\"},{\"@type\":\"Organization\",\"@id\":\"https:\/\/energie.pt\/fr\/#organization\",\"name\":\"Energie - Thermodynamic Solar Energy\",\"alternateName\":\"Energie\",\"url\":\"https:\/\/energie.pt\/fr\/\",\"logo\":{\"@type\":\"ImageObject\",\"inLanguage\":\"fr-FR\",\"@id\":\"https:\/\/energie.pt\/fr\/#\/schema\/logo\/image\/\",\"url\":\"https:\/\/energie.pt\/wp-content\/uploads\/2021\/06\/logo_energie.svg\",\"contentUrl\":\"https:\/\/energie.pt\/wp-content\/uploads\/2021\/06\/logo_energie.svg\",\"width\":190,\"height\":55,\"caption\":\"Energie - Thermodynamic Solar Energy\"},\"image\":{\"@id\":\"https:\/\/energie.pt\/fr\/#\/schema\/logo\/image\/\"},\"sameAs\":[\"https:\/\/www.facebook.com\/EnergiePortugalEst\/\",\"https:\/\/www.instagram.com\/energieportugal\/\",\"https:\/\/www.youtube.com\/channel\/UCnItbF_zm_YZ1tFqzUcVgPQ\",\"https:\/\/www.linkedin.com\/company\/energieportugal\/\"]}]}<\/script>\r\n<!-- \/ Yoast SEO plugin. -->","yoast_head_json":{"title":"Nouvelles - ENERGIE EST, Lda.","robots":{"index":"index","follow":"follow","max-snippet":"max-snippet:-1","max-image-preview":"max-image-preview:large","max-video-preview":"max-video-preview:-1"},"canonical":"https:\/\/energie.pt\/fr\/monde-energie\/nouvelles\/","og_locale":"fr_FR","og_type":"article","og_title":"Nouvelles - ENERGIE EST, Lda.","og_url":"https:\/\/energie.pt\/fr\/monde-energie\/nouvelles\/","og_site_name":"ENERGIE EST, Lda.","article_publisher":"https:\/\/www.facebook.com\/EnergiePortugalEst\/","article_modified_time":"2024-10-22T10:01:30+00:00","og_image":[{"width":2000,"height":641,"url":"https:\/\/energie.pt\/wp-content\/uploads\/2022\/11\/banners_v2-02.jpg","type":"image\/jpeg"}],"twitter_card":"summary_large_image","schema":{"@context":"https:\/\/schema.org","@graph":[{"@type":"WebPage","@id":"https:\/\/energie.pt\/fr\/monde-energie\/nouvelles\/","url":"https:\/\/energie.pt\/fr\/monde-energie\/nouvelles\/","name":"Nouvelles - ENERGIE EST, Lda.","isPartOf":{"@id":"https:\/\/energie.pt\/fr\/#website"},"primaryImageOfPage":{"@id":"https:\/\/energie.pt\/fr\/monde-energie\/nouvelles\/#primaryimage"},"image":{"@id":"https:\/\/energie.pt\/fr\/monde-energie\/nouvelles\/#primaryimage"},"thumbnailUrl":"https:\/\/energie.pt\/wp-content\/uploads\/2022\/11\/banners_v2-02.jpg","datePublished":"2022-05-06T13:49:57+00:00","dateModified":"2024-10-22T10:01:30+00:00","breadcrumb":{"@id":"https:\/\/energie.pt\/fr\/monde-energie\/nouvelles\/#breadcrumb"},"inLanguage":"fr-FR","potentialAction":[{"@type":"ReadAction","target":["https:\/\/energie.pt\/fr\/monde-energie\/nouvelles\/"]}]},{"@type":"ImageObject","inLanguage":"fr-FR","@id":"https:\/\/energie.pt\/fr\/monde-energie\/nouvelles\/#primaryimage","url":"https:\/\/energie.pt\/wp-content\/uploads\/2022\/11\/banners_v2-02.jpg","contentUrl":"https:\/\/energie.pt\/wp-content\/uploads\/2022\/11\/banners_v2-02.jpg","width":2000,"height":641},{"@type":"BreadcrumbList","@id":"https:\/\/energie.pt\/fr\/monde-energie\/nouvelles\/#breadcrumb","itemListElement":[{"@type":"ListItem","position":1,"name":"Page d'accueil","item":"https:\/\/energie.pt\/fr\/"},{"@type":"ListItem","position":2,"name":"Monde Energie","item":"https:\/\/energie.pt\/fr\/monde-energie\/"},{"@type":"ListItem","position":3,"name":"Nouvelles"}]},{"@type":"WebSite","@id":"https:\/\/energie.pt\/fr\/#website","url":"https:\/\/energie.pt\/fr\/","name":"ENERGIE","description":"Solutions d'\u00e9nergie solaire thermodynamique, climatisation, pompes \u00e0 chaleur et ECS","publisher":{"@id":"https:\/\/energie.pt\/fr\/#organization"},"alternateName":"ENERGIE","potentialAction":[{"@type":"SearchAction","target":{"@type":"EntryPoint","urlTemplate":"https:\/\/energie.pt\/fr\/?s={search_term_string}"},"query-input":"required name=search_term_string"}],"inLanguage":"fr-FR"},{"@type":"Organization","@id":"https:\/\/energie.pt\/fr\/#organization","name":"Energie - Thermodynamic Solar Energy","alternateName":"Energie","url":"https:\/\/energie.pt\/fr\/","logo":{"@type":"ImageObject","inLanguage":"fr-FR","@id":"https:\/\/energie.pt\/fr\/#\/schema\/logo\/image\/","url":"https:\/\/energie.pt\/wp-content\/uploads\/2021\/06\/logo_energie.svg","contentUrl":"https:\/\/energie.pt\/wp-content\/uploads\/2021\/06\/logo_energie.svg","width":190,"height":55,"caption":"Energie - Thermodynamic Solar Energy"},"image":{"@id":"https:\/\/energie.pt\/fr\/#\/schema\/logo\/image\/"},"sameAs":["https:\/\/www.facebook.com\/EnergiePortugalEst\/","https:\/\/www.instagram.com\/energieportugal\/","https:\/\/www.youtube.com\/channel\/UCnItbF_zm_YZ1tFqzUcVgPQ","https:\/\/www.linkedin.com\/company\/energieportugal\/"]}]}},"_links":{"self":[{"href":"https:\/\/energie.pt\/fr\/wp-json\/wp\/v2\/pages\/7571"}],"collection":[{"href":"https:\/\/energie.pt\/fr\/wp-json\/wp\/v2\/pages"}],"about":[{"href":"https:\/\/energie.pt\/fr\/wp-json\/wp\/v2\/types\/page"}],"author":[{"embeddable":true,"href":"https:\/\/energie.pt\/fr\/wp-json\/wp\/v2\/users\/12"}],"replies":[{"embeddable":true,"href":"https:\/\/energie.pt\/fr\/wp-json\/wp\/v2\/comments?post=7571"}],"version-history":[{"count":2,"href":"https:\/\/energie.pt\/fr\/wp-json\/wp\/v2\/pages\/7571\/revisions"}],"predecessor-version":[{"id":25664,"href":"https:\/\/energie.pt\/fr\/wp-json\/wp\/v2\/pages\/7571\/revisions\/25664"}],"up":[{"embeddable":true,"href":"https:\/\/energie.pt\/fr\/wp-json\/wp\/v2\/pages\/7586"}],"wp:featuredmedia":[{"embeddable":true,"href":"https:\/\/energie.pt\/fr\/wp-json\/wp\/v2\/media\/15019"}],"wp:attachment":[{"href":"https:\/\/energie.pt\/fr\/wp-json\/wp\/v2\/media?parent=7571"}],"curies":[{"name":"wp","href":"https:\/\/api.w.org\/{rel}","templated":true}]}}