{"id":7593,"date":"2021-07-05T09:58:46","date_gmt":"2021-07-05T09:58:46","guid":{"rendered":"https:\/\/energie.pt\/monde-energie\/qui-nous-sommes\/"},"modified":"2024-10-22T11:27:08","modified_gmt":"2024-10-22T11:27:08","slug":"qui-nous-sommes","status":"publish","type":"page","link":"https:\/\/energie.pt\/fr\/monde-energie\/qui-nous-sommes\/","title":{"rendered":"QUI NOUS SOMMES"},"content":{"rendered":"\n<div class=\"wp-block-stackable-columns stk-block-columns stk-block stk-ca7db49\" data-block-id=\"ca7db49\"><div class=\"stk-row stk-inner-blocks stk-block-content stk-content-align stk-ca7db49-column\">\n<div class=\"wp-block-stackable-column stk-block-column stk-column stk-block stk-a867da0\" data-v=\"4\" data-block-id=\"a867da0\"><style>@media screen and (min-width:768px){.stk-a867da0{flex:var(--stk-flex-grow,1) 1 calc(60% - var(--stk-column-gap,0px) * 1 \/ 2 ) !important}}<\/style><div class=\"stk-column-wrapper stk-block-column__content stk-container stk-a867da0-container stk--no-background stk--no-padding\"><div class=\"stk-block-content stk-inner-blocks stk-a867da0-inner-blocks\">\n<h2 class=\"wp-block-heading\">LA MARQUE ENERGIE<\/h2>\n\n\n\n<p>Fond\u00e9e en 1981, l\u2019entreprise ENERGIE EST, Lda., de capitaux 100% portugais, est la d\u00e9tentrice exclusive du brevet et le fabricant des syst\u00e8mes solaires thermodynamiques. Depuis lors, elle s\u2019est affirm\u00e9e sur le march\u00e9 national et international comme une r\u00e9f\u00e9rence dans la fabrication d\u2019\u00e9nergie solaire.<\/p>\n\n\n\n<p>La fiabilit\u00e9 et l\u2019efficacit\u00e9 d\u00e9montr\u00e9e au long des ann\u00e9es ont fait d\u2019 ENERGIE une entreprise solide avec un produit de qualit\u00e9 et robustesse reconnues.<\/p>\n\n\n\n<p>Le succ\u00e8s de notre syst\u00e8me r\u00e9sultant surtout de son \u00e9conomie, de son efficacit\u00e9 et de sa fiabilit\u00e9, en comparaison avec les autres types de syst\u00e8mes, est venu \u00e0 attirer l\u2019int\u00e9r\u00eat de plus en plus de clients dans le monde entier.<\/p>\n<\/div><\/div><\/div>\n\n\n\n<div class=\"wp-block-stackable-column stk-block-column stk-column stk-block stk-b4a5645\" data-v=\"4\" data-block-id=\"b4a5645\"><style>@media screen and (min-width:768px){.stk-b4a5645{flex:var(--stk-flex-grow,1) 1 calc(40% - var(--stk-column-gap,0px) * 1 \/ 2 ) !important}}<\/style><div class=\"stk-column-wrapper stk-block-column__content stk-container stk-b4a5645-container stk--no-background stk--no-padding\"><div class=\"stk-block-content stk-inner-blocks stk-b4a5645-inner-blocks\">\n<div class=\"wp-block-stackable-carousel stk-block-carousel stk--is-slide stk--arrows-justify-space-between stk--arrows-align-center stk-block stk-a55de32\" data-slides-to-show=\"\" data-block-id=\"a55de32\"><style>.stk-a55de32 .stk-block-carousel__dot{--dot-color:var(--theme-palette-color-3,#687279) !important}.stk-a55de32 .stk-block-carousel__dot.stk-block-carousel__dot--active:before{background-color:var(--theme-palette-color-2,#ff913d) !important}<\/style><div class=\"stk-block-carousel__content-wrapper\"><div class=\"stk-row stk-inner-blocks stk-block-content stk-block-carousel__slider-wrapper stk-content-align stk-a55de32-column\"><div class=\"stk-block-carousel__slider\" role=\"list\" data-autoplay=\"4000\" data-label-slide-of=\"Slide %%d of %%d\">\n<div class=\"wp-block-stackable-column stk-block-column stk-column stk-block stk-822ca0e\" data-v=\"4\" data-block-id=\"822ca0e\"><div class=\"stk-column-wrapper stk-block-column__content stk-container stk-822ca0e-container stk--no-background stk--no-padding\"><div class=\"stk-block-content stk-inner-blocks stk-822ca0e-inner-blocks\">\n<figure class=\"wp-block-image size-full\"><img loading=\"lazy\" decoding=\"async\" width=\"1000\" height=\"530\" src=\"https:\/\/energie.pt\/wp-content\/uploads\/2021\/07\/01.jpg\" alt=\"\" class=\"wp-image-211\" srcset=\"https:\/\/energie.pt\/wp-content\/uploads\/2021\/07\/01.jpg 1000w, https:\/\/energie.pt\/wp-content\/uploads\/2021\/07\/01-600x318.jpg 600w, https:\/\/energie.pt\/wp-content\/uploads\/2021\/07\/01-200x106.jpg 200w, https:\/\/energie.pt\/wp-content\/uploads\/2021\/07\/01-300x159.jpg 300w, https:\/\/energie.pt\/wp-content\/uploads\/2021\/07\/01-768x407.jpg 768w\" sizes=\"(max-width: 1000px) 100vw, 1000px\" \/><\/figure>\n<\/div><\/div><\/div>\n\n\n\n<div class=\"wp-block-stackable-column stk-block-column stk-column stk-block stk-b96c773\" data-v=\"4\" data-block-id=\"b96c773\"><div class=\"stk-column-wrapper stk-block-column__content stk-container stk-b96c773-container stk--no-background stk--no-padding\"><div class=\"stk-block-content stk-inner-blocks stk-b96c773-inner-blocks\">\n<figure class=\"wp-block-image size-full\"><img loading=\"lazy\" decoding=\"async\" width=\"1000\" height=\"530\" src=\"https:\/\/energie.pt\/wp-content\/uploads\/2021\/07\/02.jpg\" alt=\"\" class=\"wp-image-212\" srcset=\"https:\/\/energie.pt\/wp-content\/uploads\/2021\/07\/02.jpg 1000w, https:\/\/energie.pt\/wp-content\/uploads\/2021\/07\/02-600x318.jpg 600w, https:\/\/energie.pt\/wp-content\/uploads\/2021\/07\/02-200x106.jpg 200w, https:\/\/energie.pt\/wp-content\/uploads\/2021\/07\/02-300x159.jpg 300w, https:\/\/energie.pt\/wp-content\/uploads\/2021\/07\/02-768x407.jpg 768w\" sizes=\"(max-width: 1000px) 100vw, 1000px\" \/><\/figure>\n<\/div><\/div><\/div>\n\n\n\n<div class=\"wp-block-stackable-column stk-block-column stk-column stk-block stk-20f99d5\" data-v=\"4\" data-block-id=\"20f99d5\"><div class=\"stk-column-wrapper stk-block-column__content stk-container stk-20f99d5-container stk--no-background stk--no-padding\"><div class=\"stk-block-content stk-inner-blocks stk-20f99d5-inner-blocks\">\n<figure class=\"wp-block-image size-full is-style-default\"><img loading=\"lazy\" decoding=\"async\" width=\"1000\" height=\"530\" src=\"https:\/\/energie.pt\/wp-content\/uploads\/2021\/07\/03.jpg\" alt=\"\" class=\"wp-image-213\" srcset=\"https:\/\/energie.pt\/wp-content\/uploads\/2021\/07\/03.jpg 1000w, https:\/\/energie.pt\/wp-content\/uploads\/2021\/07\/03-600x318.jpg 600w, https:\/\/energie.pt\/wp-content\/uploads\/2021\/07\/03-200x106.jpg 200w, https:\/\/energie.pt\/wp-content\/uploads\/2021\/07\/03-300x159.jpg 300w, https:\/\/energie.pt\/wp-content\/uploads\/2021\/07\/03-768x407.jpg 768w\" sizes=\"(max-width: 1000px) 100vw, 1000px\" \/><\/figure>\n<\/div><\/div><\/div>\n<\/div><div class=\"stk-block-carousel__buttons\"><button class=\"stk-block-carousel__button stk-block-carousel__button__prev\" aria-label=\"Previous slide\"><svg aria-hidden=\"true\" focusable=\"false\" data-prefix=\"fas\" data-icon=\"chevron-left\" class=\"svg-inline--fa fa-chevron-left\" xmlns=\"http:\/\/www.w3.org\/2000\/svg\" viewBox=\"0 0 320 512\" width=\"32\" height=\"32\"><path fill=\"currentColor\" d=\"M34.52 239.03L228.87 44.69c9.37-9.37 24.57-9.37 33.94 0l22.67 22.67c9.36 9.36 9.37 24.52.04 33.9L131.49 256l154.02 154.75c9.34 9.38 9.32 24.54-.04 33.9l-22.67 22.67c-9.37 9.37-24.57 9.37-33.94 0L34.52 272.97c-9.37-9.37-9.37-24.57 0-33.94z\"><\/path><\/svg><\/button><button class=\"stk-block-carousel__button stk-block-carousel__button__next\" aria-label=\"Next slide\"><svg aria-hidden=\"true\" focusable=\"false\" data-prefix=\"fas\" data-icon=\"chevron-right\" class=\"svg-inline--fa fa-chevron-right\" xmlns=\"http:\/\/www.w3.org\/2000\/svg\" viewBox=\"0 0 320 512\" width=\"32\" height=\"32\"><path fill=\"currentColor\" d=\"M285.476 272.971L91.132 467.314c-9.373 9.373-24.569 9.373-33.941 0l-22.667-22.667c-9.357-9.357-9.375-24.522-.04-33.901L188.505 256 34.484 101.255c-9.335-9.379-9.317-24.544.04-33.901l22.667-22.667c9.373-9.373 24.569-9.373 33.941 0L285.475 239.03c9.373 9.372 9.373 24.568.001 33.941z\"><\/path><\/svg><\/button><\/div><\/div><div class=\"stk-block-carousel__dots\" role=\"list\" data-label=\"Slide %%d\"><\/div><\/div><\/div>\n<\/div><\/div><\/div>\n<\/div><\/div>\n\n<p>Toute la production respecte les crit\u00e8res les plus exigeants et les plus \u00e9lev\u00e9s de mani\u00e8re \u00e0 garantir \u00e0 nos clients les standards de qualit\u00e9 les plus \u00e9lev\u00e9s.<\/p>\n\n<p>Le d\u00e9partement de recherche et de d\u00e9veloppement maintient actifs plusieurs axes de recherche qui permettent \u00e0 l\u2019entreprise d\u2019\u00eatre toujours pr\u00e9par\u00e9e pour une rapide int\u00e9gration des avanc\u00e9es scientifiques et technologiques obtenues dans le domaine industriel.<\/p>\n\n<p>L\u2019engagement dans la recherche a permis \u00e0 ENERGIE d\u2019\u00eatre consid\u00e9r\u00e9e aujourd\u2019hui comme une r\u00e9f\u00e9rence en mati\u00e8re de technologie et la recherche est devenue un des piliers strat\u00e9gique de sa croissance. Pour cela, la soci\u00e9t\u00e9 jouit de la collaboration des plus prestigieuses universit\u00e9s et centres de recherche nationaux et internationaux.<\/p>\n\n<p>\u00c0 l\u2019heure actuelle nous sommes pr\u00e9sents sur les march\u00e9s mondialement les plus d\u00e9velopp\u00e9s.<\/p>\n\n<div class=\"wp-block-stackable-columns stk-block-columns stk-block stk-c9864c4\" data-block-id=\"c9864c4\"><div class=\"stk-row stk-inner-blocks stk-block-content stk-content-align stk-c9864c4-column\">\n<div class=\"wp-block-stackable-column stk-block-column stk-column stk-block stk-e967dd8\" data-v=\"4\" data-block-id=\"e967dd8\"><div class=\"stk-column-wrapper stk-block-column__content stk-container stk-e967dd8-container stk--no-background stk--no-padding\"><div class=\"stk-block-content stk-inner-blocks stk-e967dd8-inner-blocks\">\n<h2 class=\"wp-block-heading\">Vision<\/h2>\n\n\n\n<p>Nous croyons qu\u2019\u00e0 travers le d\u00e9veloppement de technologies innovatrices et de processus efficaces nous trouverons les solutions n\u00e9cessaires pour affronter les d\u00e9fis du futur et que nous rendrons de cette forme la plan\u00e8te \u00e9conomiquement plus stable, gr\u00e2ce \u00e0 une exploitation int\u00e9grale des ressources naturelles.<\/p>\n<\/div><\/div><\/div>\n\n\n\n<div class=\"wp-block-stackable-column stk-block-column stk-column stk-block stk-5cca168\" data-v=\"4\" data-block-id=\"5cca168\"><div class=\"stk-column-wrapper stk-block-column__content stk-container stk-5cca168-container stk--no-background stk--no-padding\"><div class=\"stk-block-content stk-inner-blocks stk-5cca168-inner-blocks\">\n<h2 class=\"wp-block-heading\">Mission<\/h2>\n\n\n\n<p>Notre mission consiste \u00e0 continuer \u00e0 conqu\u00e9rir et atteindre une position pro\u00e9minente sur les nouveaux march\u00e9s dans le monde entier et \u00e0 agir de forme socialement responsable dans la communaut\u00e9 globale.<\/p>\n<\/div><\/div><\/div>\n<\/div><\/div>\n\n<div class=\"wp-block-stackable-columns alignfull stk-block-columns stk-block stk-1a48615 stk-block-background stk--has-background-overlay\" data-block-id=\"1a48615\"><style>.stk-1a48615 .stk--block-align-1a48615{align-items:center !important}.stk-1a48615{background-image:url(https:\/\/energie.pt\/wp-content\/uploads\/2022\/06\/valores.webp) !important;min-height:300px !important;align-items:center !important;display:flex !important}.stk-1a48615:before{background-color:#000000 !important;opacity:0.6 !important}.stk-1a48615-column{justify-content:center !important}<\/style><div class=\"stk-row stk-inner-blocks stk--block-align-1a48615 stk-block-content stk-content-align stk-1a48615-column stk--flex\">\n<div class=\"wp-block-stackable-column stk-block-column stk-column stk-block stk-0291848\" data-v=\"4\" data-block-id=\"0291848\"><div class=\"stk-column-wrapper stk-block-column__content stk-container stk-0291848-container stk--no-background stk--no-padding\"><div class=\"stk-block-content stk-inner-blocks stk-0291848-inner-blocks\">\n<h2 class=\"wp-block-heading has-palette-color-8-color has-text-color has-link-color wp-elements-9a383389b6c28803cbbe4147b39944d1\">VALEURS<\/h2>\n<\/div><\/div><\/div>\n<\/div><\/div>\n\n<div class=\"wp-block-stackable-columns stk-block-columns stk-block stk-2730a0b\" data-block-id=\"2730a0b\"><div class=\"stk-row stk-inner-blocks stk-block-content stk-content-align stk-2730a0b-column\">\n<div class=\"wp-block-stackable-column stk-block-column stk-column stk-block stk-00ba759\" data-v=\"4\" data-block-id=\"00ba759\"><div class=\"stk-column-wrapper stk-block-column__content stk-container stk-00ba759-container stk--no-background stk--no-padding\"><div class=\"stk-block-content stk-inner-blocks stk-00ba759-inner-blocks\">\n<h3 class=\"wp-block-heading\">RESPONSABILIT\u00c9 SOCIALE<\/h3>\n\n\n\n<p>Nous serons toujours associ\u00e9s au respect des droits de l\u2019homme, des conditions de s\u00e9curit\u00e9 dans le travail et aux pratiques industrielles compatibles avec l\u2019environnement, que soit pour l\u2019organisation ou pour les partenaires.<\/p>\n\n\n\n<h3 class=\"wp-block-heading\">EXCELLENCE<\/h3>\n\n\n\n<p>Nous nous engageons \u00e0 traiter avec professionnalisme toutes les activit\u00e9s et \u00e0 d\u00e9velopper les meilleurs produits et services du march\u00e9.<\/p>\n\n\n\n<h3 class=\"wp-block-heading\">LES PERSONNES<\/h3>\n\n\n\n<p>Nous cr\u00e9ons une culture d\u2019entreprise o\u00f9 chaque collaborateur a la libert\u00e9 de d\u00e9velopper ses capacit\u00e9s, sa cr\u00e9ativit\u00e9 et sa motivation pour qu\u2019il parvienne \u00e0 sa propre satisfaction ainsi que celle de nos clients.<\/p>\n<\/div><\/div><\/div>\n\n\n\n<div class=\"wp-block-stackable-column stk-block-column stk-column stk-block stk-eca840f\" data-v=\"4\" data-block-id=\"eca840f\"><div class=\"stk-column-wrapper stk-block-column__content stk-container stk-eca840f-container stk--no-background stk--no-padding\"><div class=\"stk-block-content stk-inner-blocks stk-eca840f-inner-blocks\">\n<h3 class=\"wp-block-heading\">INNOVATION<\/h3>\n\n\n\n<p>Nous parions sur la recherche et le d\u00e9veloppement continu de solutions technologiquement plus efficaces dans les secteurs o\u00f9 nous op\u00e9rons.<\/p>\n\n\n\n<h3 class=\"wp-block-heading\">\u00c9THIQUE ET CONFIANCE<\/h3>\n\n\n\n<p>S\u2019engageant \u00e0 agir en tant qu\u2019entreprise socialement responsable au sein de la communaut\u00e9 globale, Energie maintient au centre de son d\u00e9veloppement durable le d\u00e9sir de maintenir un \u00e9quilibre entre les n\u00e9cessit\u00e9s \u00e9conomiques, environnementales et sociales du monde actuel. Cet \u00e9quilibre repose sur l\u2019engagement \u00e9thique et de confiance avec tous les intervenants.<\/p>\n<\/div><\/div><\/div>\n<\/div><\/div>\n<!-- ========= Cool Timeline PRO 4.2.1 ========= --><div style=\"opacity:0;\" \r\n    data-showposts=\"40\"\r\n     class=\"cool_timeline cool-timeline-wrapper both-sided-wrapper white-timeline-wrapper main-default\" \r\n     id=\"tm-default-default-2\"  \r\n     data-pagination=\"no\"  \r\n     data-pagination-position=\"right\"><div class=\"avatar_container row\"><span title=\"Cronograma\"><img decoding=\"async\"  class=\" center-block img-responsive img-circle\" alt=\"Cronograma\" src=\"https:\/\/energie.pt\/wp-content\/uploads\/2021\/06\/logo_energie.svg\"><\/span><\/div> <div class=\"cool-timeline ultimate-style  white-timeline\"><div  class=\"filter-preloaders\"><img decoding=\"async\" src=\"https:\/\/energie.pt\/wp-content\/plugins\/cool-timeline-pro\/\/assets\/images\/clt-compact-preloader.gif\"><\/div><div data-animations=\"\"  id=\"timeline-cronograma\" class=\"cooltimeline_cont  clearfix icons_yes\"><!-- .timeline-post-start--><div   data-alternate=\"0\" id=\"story-9556\" class=\"timeline-post even light-grey-post icons_yes post-9556  default-meta\"><div   data-aos=\"\" class=\"timeline-meta\"><div class=\"meta-details\"><\/div><\/div><div   data-aos=\"\" class=\"timeline-icon icon-larger iconbg-turqoise icon-color-white default-icon\">\r\n                        <div class=\"icon-placeholder\"><img loading=\"lazy\" decoding=\"async\" width=\"150\" height=\"150\" src=\"https:\/\/energie.pt\/wp-content\/uploads\/2022\/04\/energie_icon-150x150.png\" class=\"ctl-icon-img\" alt=\"\" srcset=\"https:\/\/energie.pt\/wp-content\/uploads\/2022\/04\/energie_icon-150x150.png 150w, https:\/\/energie.pt\/wp-content\/uploads\/2022\/04\/energie_icon-100x100.png 100w, https:\/\/energie.pt\/wp-content\/uploads\/2022\/04\/energie_icon-600x600.png 600w, https:\/\/energie.pt\/wp-content\/uploads\/2022\/04\/energie_icon-200x200.png 200w, https:\/\/energie.pt\/wp-content\/uploads\/2022\/04\/energie_icon-300x300.png 300w, https:\/\/energie.pt\/wp-content\/uploads\/2022\/04\/energie_icon-768x768.png 768w, https:\/\/energie.pt\/wp-content\/uploads\/2022\/04\/energie_icon.png 1024w\" sizes=\"(max-width: 150px) 100vw, 150px\" \/><\/div>\r\n                        <div class=\"timeline-bar\"><\/div>\r\n                    <\/div><div  data-aos=\"\"  class=\"timeline-content  clearfix even  full default-content \"><h2 class=\"content-title\">1981<\/h2><div class=\"ctl_info event-description full\"><div class=\"content-details\"><p>Fondation de l&rsquo;entreprise avec la d\u00e9signation Lar Bombas Sistemas Hidr\u00e1ulicos e Energia Solar.<\/p><\/div><\/div><\/div><!-- timeline content --><\/div>\r\n\r\n        <!-- .timeline-post-end --><!-- .timeline-post-start--><div   data-alternate=\"1\" id=\"story-9560\" class=\"timeline-post odd light-grey-post icons_yes post-9560 story-cat-361  default-meta\"><div   data-aos=\"\" class=\"timeline-meta\"><div class=\"meta-details\"><\/div><\/div><div   data-aos=\"\" class=\"timeline-icon icon-larger iconbg-turqoise icon-color-white default-icon\">\r\n                        <div class=\"icon-placeholder\"><img loading=\"lazy\" decoding=\"async\" width=\"150\" height=\"150\" src=\"https:\/\/energie.pt\/wp-content\/uploads\/2022\/04\/energie_icon-150x150.png\" class=\"ctl-icon-img\" alt=\"\" srcset=\"https:\/\/energie.pt\/wp-content\/uploads\/2022\/04\/energie_icon-150x150.png 150w, https:\/\/energie.pt\/wp-content\/uploads\/2022\/04\/energie_icon-100x100.png 100w, https:\/\/energie.pt\/wp-content\/uploads\/2022\/04\/energie_icon-600x600.png 600w, https:\/\/energie.pt\/wp-content\/uploads\/2022\/04\/energie_icon-200x200.png 200w, https:\/\/energie.pt\/wp-content\/uploads\/2022\/04\/energie_icon-300x300.png 300w, https:\/\/energie.pt\/wp-content\/uploads\/2022\/04\/energie_icon-768x768.png 768w, https:\/\/energie.pt\/wp-content\/uploads\/2022\/04\/energie_icon.png 1024w\" sizes=\"(max-width: 150px) 100vw, 150px\" \/><\/div>\r\n                        <div class=\"timeline-bar\"><\/div>\r\n                    <\/div><div  data-aos=\"\"  class=\"timeline-content  clearfix odd  full default-content \"><h2 class=\"content-title\">1990<\/h2><div class=\"ctl_info event-description full\"><div class=\"content-details\"><p>La marque ENERGIE a \u00e9t\u00e9 brevet\u00e9e et enregistr\u00e9e dans le monde entier.<\/p><\/div><\/div><\/div><!-- timeline content --><\/div>\r\n\r\n        <!-- .timeline-post-end --><!-- .timeline-post-start--><div   data-alternate=\"2\" id=\"story-9636\" class=\"timeline-post even light-grey-post icons_yes post-9636 story-cat-361  default-meta\"><div   data-aos=\"\" class=\"timeline-meta\"><div class=\"meta-details\"><\/div><\/div><div   data-aos=\"\" class=\"timeline-icon icon-larger iconbg-turqoise icon-color-white default-icon\">\r\n                        <div class=\"icon-placeholder\"><img loading=\"lazy\" decoding=\"async\" width=\"150\" height=\"150\" src=\"https:\/\/energie.pt\/wp-content\/uploads\/2022\/04\/energie_icon-150x150.png\" class=\"ctl-icon-img\" alt=\"\" srcset=\"https:\/\/energie.pt\/wp-content\/uploads\/2022\/04\/energie_icon-150x150.png 150w, https:\/\/energie.pt\/wp-content\/uploads\/2022\/04\/energie_icon-100x100.png 100w, https:\/\/energie.pt\/wp-content\/uploads\/2022\/04\/energie_icon-600x600.png 600w, https:\/\/energie.pt\/wp-content\/uploads\/2022\/04\/energie_icon-200x200.png 200w, https:\/\/energie.pt\/wp-content\/uploads\/2022\/04\/energie_icon-300x300.png 300w, https:\/\/energie.pt\/wp-content\/uploads\/2022\/04\/energie_icon-768x768.png 768w, https:\/\/energie.pt\/wp-content\/uploads\/2022\/04\/energie_icon.png 1024w\" sizes=\"(max-width: 150px) 100vw, 150px\" \/><\/div>\r\n                        <div class=\"timeline-bar\"><\/div>\r\n                    <\/div><div  data-aos=\"\"  class=\"timeline-content  clearfix even  full default-content \"><h2 class=\"content-title\">2000<\/h2><div class=\"ctl_info event-description full\"><div class=\"content-details\"><p>Cr\u00e9ation d&rsquo;un Centre de Recherche et D\u00e9veloppement (R&#038;D).<\/p><\/div><\/div><\/div><!-- timeline content --><\/div>\r\n\r\n        <!-- .timeline-post-end --><!-- .timeline-post-start--><div   data-alternate=\"3\" id=\"story-9583\" class=\"timeline-post odd light-grey-post icons_yes post-9583 story-cat-361  default-meta\"><div   data-aos=\"\" class=\"timeline-meta\"><div class=\"meta-details\"><\/div><\/div><div   data-aos=\"\" class=\"timeline-icon icon-larger iconbg-turqoise icon-color-white default-icon\">\r\n                        <div class=\"icon-placeholder\"><img loading=\"lazy\" decoding=\"async\" width=\"150\" height=\"150\" src=\"https:\/\/energie.pt\/wp-content\/uploads\/2022\/04\/energie_icon-150x150.png\" class=\"ctl-icon-img\" alt=\"\" srcset=\"https:\/\/energie.pt\/wp-content\/uploads\/2022\/04\/energie_icon-150x150.png 150w, https:\/\/energie.pt\/wp-content\/uploads\/2022\/04\/energie_icon-100x100.png 100w, https:\/\/energie.pt\/wp-content\/uploads\/2022\/04\/energie_icon-600x600.png 600w, https:\/\/energie.pt\/wp-content\/uploads\/2022\/04\/energie_icon-200x200.png 200w, https:\/\/energie.pt\/wp-content\/uploads\/2022\/04\/energie_icon-300x300.png 300w, https:\/\/energie.pt\/wp-content\/uploads\/2022\/04\/energie_icon-768x768.png 768w, https:\/\/energie.pt\/wp-content\/uploads\/2022\/04\/energie_icon.png 1024w\" sizes=\"(max-width: 150px) 100vw, 150px\" \/><\/div>\r\n                        <div class=\"timeline-bar\"><\/div>\r\n                    <\/div><div  data-aos=\"\"  class=\"timeline-content  clearfix odd  full default-content \"><h2 class=\"content-title\">2002<\/h2><div class=\"ctl_info event-description full\"><div class=\"content-details\"><p>Inauguration de nouvelles installations avec 1000 m2<\/p><\/div><\/div><\/div><!-- timeline content --><\/div>\r\n\r\n        <!-- .timeline-post-end --><!-- .timeline-post-start--><div   data-alternate=\"4\" id=\"story-9587\" class=\"timeline-post even light-grey-post icons_yes post-9587 story-cat-361  default-meta\"><div   data-aos=\"\" class=\"timeline-meta\"><div class=\"meta-details\"><\/div><\/div><div   data-aos=\"\" class=\"timeline-icon icon-larger iconbg-turqoise icon-color-white default-icon\">\r\n                        <div class=\"icon-placeholder\"><img loading=\"lazy\" decoding=\"async\" width=\"150\" height=\"150\" src=\"https:\/\/energie.pt\/wp-content\/uploads\/2022\/04\/energie_icon-150x150.png\" class=\"ctl-icon-img\" alt=\"\" srcset=\"https:\/\/energie.pt\/wp-content\/uploads\/2022\/04\/energie_icon-150x150.png 150w, https:\/\/energie.pt\/wp-content\/uploads\/2022\/04\/energie_icon-100x100.png 100w, https:\/\/energie.pt\/wp-content\/uploads\/2022\/04\/energie_icon-600x600.png 600w, https:\/\/energie.pt\/wp-content\/uploads\/2022\/04\/energie_icon-200x200.png 200w, https:\/\/energie.pt\/wp-content\/uploads\/2022\/04\/energie_icon-300x300.png 300w, https:\/\/energie.pt\/wp-content\/uploads\/2022\/04\/energie_icon-768x768.png 768w, https:\/\/energie.pt\/wp-content\/uploads\/2022\/04\/energie_icon.png 1024w\" sizes=\"(max-width: 150px) 100vw, 150px\" \/><\/div>\r\n                        <div class=\"timeline-bar\"><\/div>\r\n                    <\/div><div  data-aos=\"\"  class=\"timeline-content  clearfix even  full default-content \"><h2 class=\"content-title\">2007<\/h2><div class=\"ctl_info event-description full\"><div class=\"content-details\"><p>Nouveau complexe industriel, de 4000 m2. Le nom de l&rsquo;entreprise prend le nom de la marque<\/p><\/div><\/div><\/div><!-- timeline content --><\/div>\r\n\r\n        <!-- .timeline-post-end --><!-- .timeline-post-start--><div   data-alternate=\"5\" id=\"story-9591\" class=\"timeline-post odd light-grey-post icons_yes post-9591 story-cat-361  default-meta\"><div   data-aos=\"\" class=\"timeline-meta\"><div class=\"meta-details\"><\/div><\/div><div   data-aos=\"\" class=\"timeline-icon icon-larger iconbg-turqoise icon-color-white default-icon\">\r\n                        <div class=\"icon-placeholder\"><img loading=\"lazy\" decoding=\"async\" width=\"150\" height=\"150\" src=\"https:\/\/energie.pt\/wp-content\/uploads\/2022\/04\/energie_icon-150x150.png\" class=\"ctl-icon-img\" alt=\"\" srcset=\"https:\/\/energie.pt\/wp-content\/uploads\/2022\/04\/energie_icon-150x150.png 150w, https:\/\/energie.pt\/wp-content\/uploads\/2022\/04\/energie_icon-100x100.png 100w, https:\/\/energie.pt\/wp-content\/uploads\/2022\/04\/energie_icon-600x600.png 600w, https:\/\/energie.pt\/wp-content\/uploads\/2022\/04\/energie_icon-200x200.png 200w, https:\/\/energie.pt\/wp-content\/uploads\/2022\/04\/energie_icon-300x300.png 300w, https:\/\/energie.pt\/wp-content\/uploads\/2022\/04\/energie_icon-768x768.png 768w, https:\/\/energie.pt\/wp-content\/uploads\/2022\/04\/energie_icon.png 1024w\" sizes=\"(max-width: 150px) 100vw, 150px\" \/><\/div>\r\n                        <div class=\"timeline-bar\"><\/div>\r\n                    <\/div><div  data-aos=\"\"  class=\"timeline-content  clearfix odd  full default-content \"><h2 class=\"content-title\">2008<\/h2><div class=\"ctl_info event-description full\"><div class=\"content-details\"><p>Reconnaissance avec le statut de PME Leader et PME Excellence jusqu&rsquo;\u00e0 pr\u00e9sent. Nous avons obtenu la certification Qualit\u00e9 IS0 9001<\/p><\/div><\/div><\/div><!-- timeline content --><\/div>\r\n\r\n        <!-- .timeline-post-end --><!-- .timeline-post-start--><div   data-alternate=\"6\" id=\"story-9595\" class=\"timeline-post even light-grey-post icons_yes post-9595 story-cat-361  default-meta\"><div   data-aos=\"\" class=\"timeline-meta\"><div class=\"meta-details\"><\/div><\/div><div   data-aos=\"\" class=\"timeline-icon icon-larger iconbg-turqoise icon-color-white default-icon\">\r\n                        <div class=\"icon-placeholder\"><img loading=\"lazy\" decoding=\"async\" width=\"150\" height=\"150\" src=\"https:\/\/energie.pt\/wp-content\/uploads\/2022\/04\/energie_icon-150x150.png\" class=\"ctl-icon-img\" alt=\"\" srcset=\"https:\/\/energie.pt\/wp-content\/uploads\/2022\/04\/energie_icon-150x150.png 150w, https:\/\/energie.pt\/wp-content\/uploads\/2022\/04\/energie_icon-100x100.png 100w, https:\/\/energie.pt\/wp-content\/uploads\/2022\/04\/energie_icon-600x600.png 600w, https:\/\/energie.pt\/wp-content\/uploads\/2022\/04\/energie_icon-200x200.png 200w, https:\/\/energie.pt\/wp-content\/uploads\/2022\/04\/energie_icon-300x300.png 300w, https:\/\/energie.pt\/wp-content\/uploads\/2022\/04\/energie_icon-768x768.png 768w, https:\/\/energie.pt\/wp-content\/uploads\/2022\/04\/energie_icon.png 1024w\" sizes=\"(max-width: 150px) 100vw, 150px\" \/><\/div>\r\n                        <div class=\"timeline-bar\"><\/div>\r\n                    <\/div><div  data-aos=\"\"  class=\"timeline-content  clearfix even  full default-content \"><h2 class=\"content-title\">2009<\/h2><div class=\"ctl_info event-description full\"><div class=\"content-details\"><p>Agrandissement du complexe industriel avec la visite du Premier ministre Jos\u00e9 S\u00f3crates et du ministre de l&rsquo;\u00c9conomie Manuel Pinho<\/p><\/div><\/div><\/div><!-- timeline content --><\/div>\r\n\r\n        <!-- .timeline-post-end --><!-- .timeline-post-start--><div   data-alternate=\"7\" id=\"story-9599\" class=\"timeline-post odd light-grey-post icons_yes post-9599 story-cat-361  default-meta\"><div   data-aos=\"\" class=\"timeline-meta\"><div class=\"meta-details\"><\/div><\/div><div   data-aos=\"\" class=\"timeline-icon icon-larger iconbg-turqoise icon-color-white default-icon\">\r\n                        <div class=\"icon-placeholder\"><img loading=\"lazy\" decoding=\"async\" width=\"150\" height=\"150\" src=\"https:\/\/energie.pt\/wp-content\/uploads\/2022\/04\/energie_icon-150x150.png\" class=\"ctl-icon-img\" alt=\"\" srcset=\"https:\/\/energie.pt\/wp-content\/uploads\/2022\/04\/energie_icon-150x150.png 150w, https:\/\/energie.pt\/wp-content\/uploads\/2022\/04\/energie_icon-100x100.png 100w, https:\/\/energie.pt\/wp-content\/uploads\/2022\/04\/energie_icon-600x600.png 600w, https:\/\/energie.pt\/wp-content\/uploads\/2022\/04\/energie_icon-200x200.png 200w, https:\/\/energie.pt\/wp-content\/uploads\/2022\/04\/energie_icon-300x300.png 300w, https:\/\/energie.pt\/wp-content\/uploads\/2022\/04\/energie_icon-768x768.png 768w, https:\/\/energie.pt\/wp-content\/uploads\/2022\/04\/energie_icon.png 1024w\" sizes=\"(max-width: 150px) 100vw, 150px\" \/><\/div>\r\n                        <div class=\"timeline-bar\"><\/div>\r\n                    <\/div><div  data-aos=\"\"  class=\"timeline-content  clearfix odd  full default-content \"><h2 class=\"content-title\">2010<\/h2><div class=\"ctl_info event-description full\"><div class=\"content-details\"><p>Pr\u00e9sence dans plus de 30 pays<\/p><\/div><\/div><\/div><!-- timeline content --><\/div>\r\n\r\n        <!-- .timeline-post-end --><!-- .timeline-post-start--><div   data-alternate=\"8\" id=\"story-9603\" class=\"timeline-post even light-grey-post icons_yes post-9603 story-cat-361  default-meta\"><div   data-aos=\"\" class=\"timeline-meta\"><div class=\"meta-details\"><\/div><\/div><div   data-aos=\"\" class=\"timeline-icon icon-larger iconbg-turqoise icon-color-white default-icon\">\r\n                        <div class=\"icon-placeholder\"><img loading=\"lazy\" decoding=\"async\" width=\"150\" height=\"150\" src=\"https:\/\/energie.pt\/wp-content\/uploads\/2022\/04\/energie_icon-150x150.png\" class=\"ctl-icon-img\" alt=\"\" srcset=\"https:\/\/energie.pt\/wp-content\/uploads\/2022\/04\/energie_icon-150x150.png 150w, https:\/\/energie.pt\/wp-content\/uploads\/2022\/04\/energie_icon-100x100.png 100w, https:\/\/energie.pt\/wp-content\/uploads\/2022\/04\/energie_icon-600x600.png 600w, https:\/\/energie.pt\/wp-content\/uploads\/2022\/04\/energie_icon-200x200.png 200w, https:\/\/energie.pt\/wp-content\/uploads\/2022\/04\/energie_icon-300x300.png 300w, https:\/\/energie.pt\/wp-content\/uploads\/2022\/04\/energie_icon-768x768.png 768w, https:\/\/energie.pt\/wp-content\/uploads\/2022\/04\/energie_icon.png 1024w\" sizes=\"(max-width: 150px) 100vw, 150px\" \/><\/div>\r\n                        <div class=\"timeline-bar\"><\/div>\r\n                    <\/div><div  data-aos=\"\"  class=\"timeline-content  clearfix even  full default-content \"><h2 class=\"content-title\">2011<\/h2><div class=\"ctl_info event-description full\"><div class=\"content-details\"><p>C\u00e9l\u00e9bration des 30 ans d&rsquo;ENERGIE<\/p><\/div><\/div><\/div><!-- timeline content --><\/div>\r\n\r\n        <!-- .timeline-post-end --><!-- .timeline-post-start--><div   data-alternate=\"9\" id=\"story-9607\" class=\"timeline-post odd light-grey-post icons_yes post-9607 story-cat-361  default-meta\"><div   data-aos=\"\" class=\"timeline-meta\"><div class=\"meta-details\"><\/div><\/div><div   data-aos=\"\" class=\"timeline-icon icon-larger iconbg-turqoise icon-color-white default-icon\">\r\n                        <div class=\"icon-placeholder\"><img loading=\"lazy\" decoding=\"async\" width=\"150\" height=\"150\" src=\"https:\/\/energie.pt\/wp-content\/uploads\/2022\/04\/energie_icon-150x150.png\" class=\"ctl-icon-img\" alt=\"\" srcset=\"https:\/\/energie.pt\/wp-content\/uploads\/2022\/04\/energie_icon-150x150.png 150w, https:\/\/energie.pt\/wp-content\/uploads\/2022\/04\/energie_icon-100x100.png 100w, https:\/\/energie.pt\/wp-content\/uploads\/2022\/04\/energie_icon-600x600.png 600w, https:\/\/energie.pt\/wp-content\/uploads\/2022\/04\/energie_icon-200x200.png 200w, https:\/\/energie.pt\/wp-content\/uploads\/2022\/04\/energie_icon-300x300.png 300w, https:\/\/energie.pt\/wp-content\/uploads\/2022\/04\/energie_icon-768x768.png 768w, https:\/\/energie.pt\/wp-content\/uploads\/2022\/04\/energie_icon.png 1024w\" sizes=\"(max-width: 150px) 100vw, 150px\" \/><\/div>\r\n                        <div class=\"timeline-bar\"><\/div>\r\n                    <\/div><div  data-aos=\"\"  class=\"timeline-content  clearfix odd  full default-content \"><h2 class=\"content-title\">2013<\/h2><div class=\"ctl_info event-description full\"><div class=\"content-details\"><p>Inauguration de la nouvelle unit\u00e9 industrielle de production de pompes \u00e0 chaleur et chauffe-eau<\/p><\/div><\/div><\/div><!-- timeline content --><\/div>\r\n\r\n        <!-- .timeline-post-end --><!-- .timeline-post-start--><div   data-alternate=\"10\" id=\"story-9611\" class=\"timeline-post even light-grey-post icons_yes post-9611 story-cat-361  default-meta\"><div   data-aos=\"\" class=\"timeline-meta\"><div class=\"meta-details\"><\/div><\/div><div   data-aos=\"\" class=\"timeline-icon icon-larger iconbg-turqoise icon-color-white default-icon\">\r\n                        <div class=\"icon-placeholder\"><img loading=\"lazy\" decoding=\"async\" width=\"150\" height=\"150\" src=\"https:\/\/energie.pt\/wp-content\/uploads\/2022\/04\/energie_icon-150x150.png\" class=\"ctl-icon-img\" alt=\"\" srcset=\"https:\/\/energie.pt\/wp-content\/uploads\/2022\/04\/energie_icon-150x150.png 150w, https:\/\/energie.pt\/wp-content\/uploads\/2022\/04\/energie_icon-100x100.png 100w, https:\/\/energie.pt\/wp-content\/uploads\/2022\/04\/energie_icon-600x600.png 600w, https:\/\/energie.pt\/wp-content\/uploads\/2022\/04\/energie_icon-200x200.png 200w, https:\/\/energie.pt\/wp-content\/uploads\/2022\/04\/energie_icon-300x300.png 300w, https:\/\/energie.pt\/wp-content\/uploads\/2022\/04\/energie_icon-768x768.png 768w, https:\/\/energie.pt\/wp-content\/uploads\/2022\/04\/energie_icon.png 1024w\" sizes=\"(max-width: 150px) 100vw, 150px\" \/><\/div>\r\n                        <div class=\"timeline-bar\"><\/div>\r\n                    <\/div><div  data-aos=\"\"  class=\"timeline-content  clearfix even  full default-content \"><h2 class=\"content-title\">2014<\/h2><div class=\"ctl_info event-description full\"><div class=\"content-details\"><p>D\u00e9but de la production de pompes \u00e0 chaleur a\u00e9rothermiques.<\/p><\/div><\/div><\/div><!-- timeline content --><\/div>\r\n\r\n        <!-- .timeline-post-end --><!-- .timeline-post-start--><div   data-alternate=\"11\" id=\"story-9615\" class=\"timeline-post odd light-grey-post icons_yes post-9615 story-cat-361  default-meta\"><div   data-aos=\"\" class=\"timeline-meta\"><div class=\"meta-details\"><\/div><\/div><div   data-aos=\"\" class=\"timeline-icon icon-larger iconbg-turqoise icon-color-white default-icon\">\r\n                        <div class=\"icon-placeholder\"><img loading=\"lazy\" decoding=\"async\" width=\"150\" height=\"150\" src=\"https:\/\/energie.pt\/wp-content\/uploads\/2022\/04\/energie_icon-150x150.png\" class=\"ctl-icon-img\" alt=\"\" srcset=\"https:\/\/energie.pt\/wp-content\/uploads\/2022\/04\/energie_icon-150x150.png 150w, https:\/\/energie.pt\/wp-content\/uploads\/2022\/04\/energie_icon-100x100.png 100w, https:\/\/energie.pt\/wp-content\/uploads\/2022\/04\/energie_icon-600x600.png 600w, https:\/\/energie.pt\/wp-content\/uploads\/2022\/04\/energie_icon-200x200.png 200w, https:\/\/energie.pt\/wp-content\/uploads\/2022\/04\/energie_icon-300x300.png 300w, https:\/\/energie.pt\/wp-content\/uploads\/2022\/04\/energie_icon-768x768.png 768w, https:\/\/energie.pt\/wp-content\/uploads\/2022\/04\/energie_icon.png 1024w\" sizes=\"(max-width: 150px) 100vw, 150px\" \/><\/div>\r\n                        <div class=\"timeline-bar\"><\/div>\r\n                    <\/div><div  data-aos=\"\"  class=\"timeline-content  clearfix odd  full default-content \"><h2 class=\"content-title\">2016<\/h2><div class=\"ctl_info event-description full\"><div class=\"content-details\"><p>D\u00e9but de la production des Pompes \u00e0 Chaleur G\u00e9othermiques<\/p><\/div><\/div><\/div><!-- timeline content --><\/div>\r\n\r\n        <!-- .timeline-post-end --><!-- .timeline-post-start--><div   data-alternate=\"12\" id=\"story-9619\" class=\"timeline-post even light-grey-post icons_yes post-9619 story-cat-361  default-meta\"><div   data-aos=\"\" class=\"timeline-meta\"><div class=\"meta-details\"><\/div><\/div><div   data-aos=\"\" class=\"timeline-icon icon-larger iconbg-turqoise icon-color-white default-icon\">\r\n                        <div class=\"icon-placeholder\"><img loading=\"lazy\" decoding=\"async\" width=\"150\" height=\"150\" src=\"https:\/\/energie.pt\/wp-content\/uploads\/2022\/04\/energie_icon-150x150.png\" class=\"ctl-icon-img\" alt=\"\" srcset=\"https:\/\/energie.pt\/wp-content\/uploads\/2022\/04\/energie_icon-150x150.png 150w, https:\/\/energie.pt\/wp-content\/uploads\/2022\/04\/energie_icon-100x100.png 100w, https:\/\/energie.pt\/wp-content\/uploads\/2022\/04\/energie_icon-600x600.png 600w, https:\/\/energie.pt\/wp-content\/uploads\/2022\/04\/energie_icon-200x200.png 200w, https:\/\/energie.pt\/wp-content\/uploads\/2022\/04\/energie_icon-300x300.png 300w, https:\/\/energie.pt\/wp-content\/uploads\/2022\/04\/energie_icon-768x768.png 768w, https:\/\/energie.pt\/wp-content\/uploads\/2022\/04\/energie_icon.png 1024w\" sizes=\"(max-width: 150px) 100vw, 150px\" \/><\/div>\r\n                        <div class=\"timeline-bar\"><\/div>\r\n                    <\/div><div  data-aos=\"\"  class=\"timeline-content  clearfix even  full default-content \"><h2 class=\"content-title\">2018<\/h2><div class=\"ctl_info event-description full\"><div class=\"content-details\"><p>Pr\u00e9sence dans plus de 50 pays<\/p><\/div><\/div><\/div><!-- timeline content --><\/div>\r\n\r\n        <!-- .timeline-post-end --><!-- .timeline-post-start--><div   data-alternate=\"13\" id=\"story-9623\" class=\"timeline-post odd light-grey-post icons_yes post-9623 story-cat-361  default-meta\"><div   data-aos=\"\" class=\"timeline-meta\"><div class=\"meta-details\"><\/div><\/div><div   data-aos=\"\" class=\"timeline-icon icon-larger iconbg-turqoise icon-color-white default-icon\">\r\n                        <div class=\"icon-placeholder\"><img loading=\"lazy\" decoding=\"async\" width=\"150\" height=\"150\" src=\"https:\/\/energie.pt\/wp-content\/uploads\/2022\/04\/energie_icon-150x150.png\" class=\"ctl-icon-img\" alt=\"\" srcset=\"https:\/\/energie.pt\/wp-content\/uploads\/2022\/04\/energie_icon-150x150.png 150w, https:\/\/energie.pt\/wp-content\/uploads\/2022\/04\/energie_icon-100x100.png 100w, https:\/\/energie.pt\/wp-content\/uploads\/2022\/04\/energie_icon-600x600.png 600w, https:\/\/energie.pt\/wp-content\/uploads\/2022\/04\/energie_icon-200x200.png 200w, https:\/\/energie.pt\/wp-content\/uploads\/2022\/04\/energie_icon-300x300.png 300w, https:\/\/energie.pt\/wp-content\/uploads\/2022\/04\/energie_icon-768x768.png 768w, https:\/\/energie.pt\/wp-content\/uploads\/2022\/04\/energie_icon.png 1024w\" sizes=\"(max-width: 150px) 100vw, 150px\" \/><\/div>\r\n                        <div class=\"timeline-bar\"><\/div>\r\n                    <\/div><div  data-aos=\"\"  class=\"timeline-content  clearfix odd  full default-content \"><h2 class=\"content-title\">2020<\/h2><div class=\"ctl_info event-description full\"><div class=\"content-details\"><p>Incendie qui a d\u00e9truit une partie de la zone de fabrication et inauguration de l&rsquo;agrandissement d&rsquo;une nouvelle unit\u00e9 de production avec la visite du ministre de l&rsquo;environnement, Jo\u00e3o Pedro Matos Fernandes et du maire de P\u00f3voa de Varzim, Aires Pereira.<\/p><\/div><\/div><\/div><!-- timeline content --><\/div>\r\n\r\n        <!-- .timeline-post-end --><!-- .timeline-post-start--><div   data-alternate=\"14\" id=\"story-9627\" class=\"timeline-post even light-grey-post icons_yes post-9627 story-cat-361  default-meta\"><div   data-aos=\"\" class=\"timeline-meta\"><div class=\"meta-details\"><\/div><\/div><div   data-aos=\"\" class=\"timeline-icon icon-larger iconbg-turqoise icon-color-white default-icon\">\r\n                        <div class=\"icon-placeholder\"><img loading=\"lazy\" decoding=\"async\" width=\"150\" height=\"150\" src=\"https:\/\/energie.pt\/wp-content\/uploads\/2022\/04\/energie_icon-150x150.png\" class=\"ctl-icon-img\" alt=\"\" srcset=\"https:\/\/energie.pt\/wp-content\/uploads\/2022\/04\/energie_icon-150x150.png 150w, https:\/\/energie.pt\/wp-content\/uploads\/2022\/04\/energie_icon-100x100.png 100w, https:\/\/energie.pt\/wp-content\/uploads\/2022\/04\/energie_icon-600x600.png 600w, https:\/\/energie.pt\/wp-content\/uploads\/2022\/04\/energie_icon-200x200.png 200w, https:\/\/energie.pt\/wp-content\/uploads\/2022\/04\/energie_icon-300x300.png 300w, https:\/\/energie.pt\/wp-content\/uploads\/2022\/04\/energie_icon-768x768.png 768w, https:\/\/energie.pt\/wp-content\/uploads\/2022\/04\/energie_icon.png 1024w\" sizes=\"(max-width: 150px) 100vw, 150px\" \/><\/div>\r\n                        <div class=\"timeline-bar\"><\/div>\r\n                    <\/div><div  data-aos=\"\"  class=\"timeline-content  clearfix even  full default-content \"><h2 class=\"content-title\">2021<\/h2><div class=\"ctl_info event-description full\"><div class=\"content-details\"><p>C\u00e9l\u00e9bration des 40 ans d&rsquo;ENERGIE.<\/p><\/div><\/div><\/div><!-- timeline content --><\/div>\r\n\r\n        <!-- .timeline-post-end --><!-- .timeline-post-start--><div   data-alternate=\"15\" id=\"story-9631\" class=\"timeline-post odd light-grey-post icons_yes post-9631 story-cat-361  default-meta\"><div   data-aos=\"\" class=\"timeline-meta\"><div class=\"meta-details\"><\/div><\/div><div   data-aos=\"\" class=\"timeline-icon icon-larger iconbg-turqoise icon-color-white default-icon\">\r\n                        <div class=\"icon-placeholder\"><img loading=\"lazy\" decoding=\"async\" width=\"150\" height=\"150\" src=\"https:\/\/energie.pt\/wp-content\/uploads\/2022\/04\/energie_icon-150x150.png\" class=\"ctl-icon-img\" alt=\"\" srcset=\"https:\/\/energie.pt\/wp-content\/uploads\/2022\/04\/energie_icon-150x150.png 150w, https:\/\/energie.pt\/wp-content\/uploads\/2022\/04\/energie_icon-100x100.png 100w, https:\/\/energie.pt\/wp-content\/uploads\/2022\/04\/energie_icon-600x600.png 600w, https:\/\/energie.pt\/wp-content\/uploads\/2022\/04\/energie_icon-200x200.png 200w, https:\/\/energie.pt\/wp-content\/uploads\/2022\/04\/energie_icon-300x300.png 300w, https:\/\/energie.pt\/wp-content\/uploads\/2022\/04\/energie_icon-768x768.png 768w, https:\/\/energie.pt\/wp-content\/uploads\/2022\/04\/energie_icon.png 1024w\" sizes=\"(max-width: 150px) 100vw, 150px\" \/><\/div>\r\n                        <div class=\"timeline-bar\"><\/div>\r\n                    <\/div><div  data-aos=\"\"  class=\"timeline-content  clearfix odd  full default-content \"><h2 class=\"content-title\">2022<\/h2><div class=\"ctl_info event-description full\"><div class=\"content-details\"><p>Cr\u00e9ation d&rsquo;un syst\u00e8me de travail post\u00e9 dans le processus de production d&rsquo;ENERGIE<\/p><\/div><\/div><\/div><!-- timeline content --><\/div>\r\n\r\n        <!-- .timeline-post-end --><!-- .timeline-post-start--><div   data-alternate=\"16\" id=\"story-20414\" class=\"timeline-post even light-grey-post icons_yes post-20414 story-cat-361  default-meta\"><div   data-aos=\"\" class=\"timeline-meta\"><div class=\"meta-details\"><\/div><\/div><div   data-aos=\"\" class=\"timeline-icon icon-larger iconbg-turqoise icon-color-white default-icon\">\r\n                        <div class=\"icon-placeholder\"><img loading=\"lazy\" decoding=\"async\" width=\"150\" height=\"150\" src=\"https:\/\/energie.pt\/wp-content\/uploads\/2022\/04\/energie_icon-150x150.png\" class=\"ctl-icon-img\" alt=\"\" srcset=\"https:\/\/energie.pt\/wp-content\/uploads\/2022\/04\/energie_icon-150x150.png 150w, https:\/\/energie.pt\/wp-content\/uploads\/2022\/04\/energie_icon-100x100.png 100w, https:\/\/energie.pt\/wp-content\/uploads\/2022\/04\/energie_icon-600x600.png 600w, https:\/\/energie.pt\/wp-content\/uploads\/2022\/04\/energie_icon-200x200.png 200w, https:\/\/energie.pt\/wp-content\/uploads\/2022\/04\/energie_icon-300x300.png 300w, https:\/\/energie.pt\/wp-content\/uploads\/2022\/04\/energie_icon-768x768.png 768w, https:\/\/energie.pt\/wp-content\/uploads\/2022\/04\/energie_icon.png 1024w\" sizes=\"(max-width: 150px) 100vw, 150px\" \/><\/div>\r\n                        <div class=\"timeline-bar\"><\/div>\r\n                    <\/div><div  data-aos=\"\"  class=\"timeline-content  clearfix even  full default-content \"><h2 class=\"content-title\">2023<\/h2><div class=\"ctl_info event-description full\"><div class=\"content-details\"><p>Reconnaissance avec le statut de PME Leader et PME Excellence. Prix \u200b\u200b1000 plus grandes PME au Portugal.<\/p><\/div><\/div><\/div><!-- timeline content --><\/div>\r\n\r\n        <!-- .timeline-post-end --><!-- .timeline-post-start--><div   data-alternate=\"17\" id=\"story-34268\" class=\"timeline-post odd light-grey-post icons_yes post-34268 story-cat-361  default-meta\"><div   data-aos=\"\" class=\"timeline-meta\"><div class=\"meta-details\"><\/div><\/div><div   data-aos=\"\" class=\"timeline-icon icon-larger iconbg-turqoise icon-color-white default-icon\">\r\n                        <div class=\"icon-placeholder\"><i class=\"fa fa-clock-o\"><\/i><\/div>\r\n                        <div class=\"timeline-bar\"><\/div>\r\n                    <\/div><div  data-aos=\"\"  class=\"timeline-content  clearfix odd  full default-content \"><h2 class=\"content-title\">2025<\/h2><div class=\"ctl_info event-description full\"><div class=\"content-details\"><p>ENERGIE a \u00e9t\u00e9 int\u00e9gralement acquise par le fonds d\u2019investissement priv\u00e9 portugais Horizon Equity Partners.<\/p><\/div><\/div><\/div><!-- timeline content --><\/div>\r\n\r\n        <!-- .timeline-post-end --><style type=\"text\/css\"><\/style><div  class=\"end-timeline clearfix\"><\/div><\/div><\/div><\/div>  <!-- end\r\n================================================== --><style type=\"text\/css\"><\/style>\n\n<h2 class=\"wp-block-heading\">POLITIQUE DE QUALIT\u00c9<\/h2>\n\n<p>Le syst\u00e8me de gestion de la qualit\u00e9 d\u2019ENERGIE est certifi\u00e9 par T\u00fcv Rheinland depuis 2008, selon la norme NP EN ISO 9001.&#13;\nLa Direction G\u00e9n\u00e9rale d\u2019ENERGIE part du principe que la satisfaction totale du Client est un facteur fondamental pour la comp\u00e9titivit\u00e9 et la rentabilit\u00e9 de l\u2019Entreprise. Ainsi, il suppose comme vecteurs principaux :<\/p>\n\n<ul class=\"wp-block-list\">\n<li>Fournir des produits et services qui satisfont \u00e0 toutes les exigences l\u00e9gales et r\u00e9glementaires du Client ;&#13;\n<\/li>\n\n\n\n<li>Fa\u00eetes-le bien la premi\u00e8re fois;<\/li>\n\n\n\n<li>Am\u00e9liorer en permanence la qualit\u00e9 des produits et services, en cr\u00e9ant de la valeur pour les Clients et les parties prenantes.<\/li>\n<\/ul>\n","protected":false},"excerpt":{"rendered":"<p>LA MARQUE ENERGIE Fond\u00e9e en 1981, l\u2019entreprise ENERGIE EST, Lda., de capitaux 100% portugais, est la d\u00e9tentrice exclusive du brevet et le fabricant des syst\u00e8mes solaires thermodynamiques. Depuis lors, elle s\u2019est affirm\u00e9e sur le march\u00e9 national et international comme une r\u00e9f\u00e9rence dans la fabrication d\u2019\u00e9nergie solaire. La fiabilit\u00e9 et l\u2019efficacit\u00e9\u2026<\/p>\n","protected":false},"author":12,"featured_media":28626,"parent":7586,"menu_order":0,"comment_status":"closed","ping_status":"closed","template":"","meta":{"_acf_changed":false,"footnotes":""},"class_list":["post-7593","page","type-page","status-publish","has-post-thumbnail","hentry"],"blocksy_meta":{"styles_descriptor":{"styles":{"desktop":"","tablet":"","mobile":""},"google_fonts":[],"version":6},"page_title_panel":"","has_hero_section":"default","f283c84b272483c24ed35113dc9af0e5":"","hero_section":"type-2","hero_elements":[{"id":"custom_title","enabled":true,"heading_tag":"h1","title":"Home","__id":"PgtpWsq25Bmf1c8Hbcghj"},{"id":"breadcrumbs","enabled":true,"__id":"62YX_XPVFtVcN3KX8t_45"},{"id":"custom_description","enabled":false,"description_visibility":{"desktop":true,"tablet":true,"mobile":false},"__id":"plMKBupdpacQuRWQaJVam"},{"id":"custom_meta","enabled":false,"meta_elements":[{"id":"author","enabled":true,"label":"By","has_author_avatar":"yes","avatar_size":25},{"id":"post_date","enabled":true,"label":"On","date_format_source":"default","date_format":"M j, Y"},{"id":"comments","enabled":true}],"page_meta_elements":{"joined":true,"articles_count":true,"comments":true},"__id":"JCLi3JZgK882MOdM9_2Id"}],"03deb3dd5ba755c24a9df6690c45dfcc":"","hero_alignment1":"CT_CSS_SKIP_RULE","hero_margin":40,"hero_alignment2":{"0":"c","1":"e","2":"n","3":"t","4":"e","5":"r","desktop":"left","tablet":"left","mobile":"left","__changed":[]},"hero_vertical_alignment":"center","9915a5855d5287593aa7bf03b602605a":"","hero_structure":"normal","e6edc7028aae6f15f436a99c5500bcce":"","page_title_bg_type":"custom_image","custom_hero_background":{"attachment_id":187,"url":"https:\/\/energie.pt\/wp-content\/uploads\/2021\/07\/mundo_energie-1024x282.jpg"},"parallax":{"desktop":false,"tablet":false,"mobile":false},"9460072307362dd3a37c495c0120bd99":"","hero_height":"250px","pageTitleFont":{"family":"Default","variation":"Default","size":{"desktop":"32px","tablet":"30px","mobile":"25px"},"line-height":"CT_CSS_SKIP_RULE","letter-spacing":"CT_CSS_SKIP_RULE","text-transform":"CT_CSS_SKIP_RULE","text-decoration":"CT_CSS_SKIP_RULE"},"pageTitleFontColor":{"default":{"color":"var(--theme-palette-color-8)"}},"4c1d54a5f265a250d20ea7af5d059eef":"","pageMetaFont":{"family":"Default","variation":"n6","size":"12px","line-height":"1.3","letter-spacing":"CT_CSS_SKIP_RULE","text-transform":"uppercase","text-decoration":"CT_CSS_SKIP_RULE"},"pageMetaFontColor":{"default":{"color":"CT_CSS_SKIP_RULEDEFAULT"},"hover":{"color":"CT_CSS_SKIP_RULEDEFAULT"}},"page_meta_button_type_font_colors":{"default":{"color":"CT_CSS_SKIP_RULEDEFAULT"},"hover":{"color":"CT_CSS_SKIP_RULEDEFAULT"}},"page_meta_button_type_background_colors":{"default":{"color":"CT_CSS_SKIP_RULEDEFAULT"},"hover":{"color":"CT_CSS_SKIP_RULEDEFAULT"}},"9bc6a98a9e39b8f01b05ada87f7865b9":"","pageExcerptFont":{"family":"Default","variation":"Default","size":"CT_CSS_SKIP_RULE","line-height":"CT_CSS_SKIP_RULE","letter-spacing":"CT_CSS_SKIP_RULE","text-transform":"CT_CSS_SKIP_RULE","text-decoration":"CT_CSS_SKIP_RULE"},"pageExcerptColor":{"default":{"color":"CT_CSS_SKIP_RULEDEFAULT"}},"0415fc4deddfb8c88ea21dd8c335a4f7":"","breadcrumbsFont":{"family":"Default","variation":"n6","size":"12px","line-height":"CT_CSS_SKIP_RULE","letter-spacing":"CT_CSS_SKIP_RULE","text-transform":"uppercase","text-decoration":"CT_CSS_SKIP_RULE"},"breadcrumbsFontColor":{"default":{"color":"var(--theme-palette-color-8)"},"initial":{"color":"CT_CSS_SKIP_RULEDEFAULT"},"hover":{"color":"CT_CSS_SKIP_RULEDEFAULT"}},"513eed283bd72468e4af19ce1e265974":"","pageTitleOverlay":{"default":{"color":"rgba(0, 0, 0, 0.76)"}},"af209ac4d339e7f941980dc0559e4657":"","pageTitleBackground":{"background_type":"color","background_pattern":"type-1","background_image":{"attachment_id":null,"x":0,"y":0},"gradient":"linear-gradient(135deg,rgba(6,147,227,1) 0%,rgb(155,81,224) 100%)","background_repeat":"no-repeat","background_size":"auto","background_attachment":"scroll","patternColor":{"default":{"color":"#e5e7ea"}},"overlayColor":{"default":{"color":"CT_CSS_SKIP_RULE"}},"backgroundColor":{"default":{"color":"var(--theme-palette-color-6)"}}},"7644439a6ed8ad5fb9e1428a4ec09d3b":"","pageTitlePadding":{"top":"50px","bottom":"50px","left":"auto","right":"auto","linked":true},"9925e8d8761ae3e32964f4da0520f693":"","page_structure_type":"default","cf1d66a6bd3dd94eb1bded8da9cba76f":"","content_style_source":"inherit","content_style":"wide","vertical_spacing_source":"inherit","content_area_spacing":"both","background":{"background_type":"color","background_pattern":"type-1","background_image":{"attachment_id":null,"x":0,"y":0},"gradient":"linear-gradient(135deg,rgba(6,147,227,1) 0%,rgb(155,81,224) 100%)","background_repeat":"no-repeat","background_size":"auto","background_attachment":"scroll","patternColor":{"default":{"color":"#e5e7ea"}},"overlayColor":{"default":{"color":"CT_CSS_SKIP_RULE"}},"backgroundColor":{"default":{"color":"CT_CSS_SKIP_RULE"}}},"content_background":{"background_type":"color","background_pattern":"type-1","background_image":{"attachment_id":null,"x":0,"y":0},"gradient":"linear-gradient(135deg,rgba(6,147,227,1) 0%,rgb(155,81,224) 100%)","background_repeat":"no-repeat","background_size":"auto","background_attachment":"scroll","patternColor":{"default":{"color":"#e5e7ea"}},"overlayColor":{"default":{"color":"CT_CSS_SKIP_RULE"}},"backgroundColor":{"default":{"color":"var(--theme-palette-color-8)"}}},"content_boxed_shadow":{"inherit":false,"blur":18,"spread":-6,"v_offset":12,"h_offset":0,"inset":false,"enable":true,"color":{"color":"rgba(34, 56, 101, 0.04)"}},"boxed_content_spacing":{"desktop":{"top":"40px","bottom":"40px","left":"40px","right":"40px","linked":true},"tablet":{"top":"35px","bottom":"35px","left":"35px","right":"35px","linked":true},"mobile":{"top":"20px","bottom":"20px","left":"20px","right":"20px","linked":true}},"content_boxed_radius":{"top":"3px","bottom":"3px","left":"3px","right":"3px","linked":true},"217976f83649f309bb01266d2fc0fa23":"","disable_featured_image":"no","disable_header":"no","disable_footer":"no","dd124ce2e6c48129b6c3cf6c9d051dc1":"","9970f15d24c11b558314e7523b8aa1ad":"","7fa3ec33311a2c5b61a13f303b6630cb":"","baf2e311331ebe510f91dad6778e2dbd":"","7e58df98883000557d08767058a5c3f2":"","aec86425e8318a1ceb7c755fcd4d5c0b":"","325a87980201a1cc6b14883002a911fe":"","1ab5f111b02a96c0f91baec540bcb0c6":"","62d48a7523330d93274e50be3fa78549":"","b429004534dd58cb1933ddfadc7de9f2":"","c379f0565f38b3974ca370e5ae2df609":"","f2243feb13fb7101d3e56b5be1c480f3":"","41fb76ffe9e69e3410db5d699023e4b5":"","5a0a32eb3089c54c87dd6438352a899c":"","9d98a3c94b86c6602b939625a6d21305":"","8fea831cf60f7c6cde5849bd7775fc83":"","5670ab8be5b0721af4d96de0b024945f":"","fbdfed29f2aa976362305cac4a145038":"","79c7e19a7aec5c828ae6bd135211f1be":"","b42275fb842da0498a6543dfd027011a":"","28df394dd731ef8e6dc2d94f759ce18f":"","31c7e0ff874fd5fe8a52fad067a44790":""},"acf":[],"yoast_head":"<!-- This site is optimized with the Yoast SEO plugin v22.8 - https:\/\/yoast.com\/wordpress\/plugins\/seo\/ -->\r\n<title>QUI NOUS SOMMES - ENERGIE EST, Lda.<\/title>\r\n<meta name=\"robots\" content=\"index, follow, max-snippet:-1, max-image-preview:large, max-video-preview:-1\" \/>\r\n<link rel=\"canonical\" href=\"https:\/\/energie.pt\/fr\/monde-energie\/qui-nous-sommes\/\" \/>\r\n<meta property=\"og:locale\" content=\"fr_FR\" \/>\r\n<meta property=\"og:type\" content=\"article\" \/>\r\n<meta property=\"og:title\" content=\"QUI NOUS SOMMES - ENERGIE EST, Lda.\" \/>\r\n<meta property=\"og:description\" content=\"LA MARQUE ENERGIE Fond\u00e9e en 1981, l\u2019entreprise ENERGIE EST, Lda., de capitaux 100% portugais, est la d\u00e9tentrice exclusive du brevet et le fabricant des syst\u00e8mes solaires thermodynamiques. Depuis lors, elle s\u2019est affirm\u00e9e sur le march\u00e9 national et international comme une r\u00e9f\u00e9rence dans la fabrication d\u2019\u00e9nergie solaire. La fiabilit\u00e9 et l\u2019efficacit\u00e9\u2026\" \/>\r\n<meta property=\"og:url\" content=\"https:\/\/energie.pt\/fr\/monde-energie\/qui-nous-sommes\/\" \/>\r\n<meta property=\"og:site_name\" content=\"ENERGIE EST, Lda.\" \/>\r\n<meta property=\"article:publisher\" content=\"https:\/\/www.facebook.com\/EnergiePortugalEst\/\" \/>\r\n<meta property=\"article:modified_time\" content=\"2024-10-22T11:27:08+00:00\" \/>\r\n<meta property=\"og:image\" content=\"https:\/\/energie.pt\/wp-content\/uploads\/2024\/10\/energie_quem_somos.jpg\" \/>\r\n\t<meta property=\"og:image:width\" content=\"2000\" \/>\r\n\t<meta property=\"og:image:height\" content=\"641\" \/>\r\n\t<meta property=\"og:image:type\" content=\"image\/jpeg\" \/>\r\n<meta name=\"twitter:card\" content=\"summary_large_image\" \/>\r\n<meta name=\"twitter:label1\" content=\"Dur\u00e9e de lecture estim\u00e9e\" \/>\n\t<meta name=\"twitter:data1\" content=\"3 minutes\" \/>\r\n<script type=\"application\/ld+json\" class=\"yoast-schema-graph\">{\"@context\":\"https:\/\/schema.org\",\"@graph\":[{\"@type\":\"WebPage\",\"@id\":\"https:\/\/energie.pt\/fr\/monde-energie\/qui-nous-sommes\/\",\"url\":\"https:\/\/energie.pt\/fr\/monde-energie\/qui-nous-sommes\/\",\"name\":\"QUI NOUS SOMMES - ENERGIE EST, Lda.\",\"isPartOf\":{\"@id\":\"https:\/\/energie.pt\/fr\/#website\"},\"primaryImageOfPage\":{\"@id\":\"https:\/\/energie.pt\/fr\/monde-energie\/qui-nous-sommes\/#primaryimage\"},\"image\":{\"@id\":\"https:\/\/energie.pt\/fr\/monde-energie\/qui-nous-sommes\/#primaryimage\"},\"thumbnailUrl\":\"https:\/\/energie.pt\/wp-content\/uploads\/2024\/10\/energie_quem_somos.jpg\",\"datePublished\":\"2021-07-05T09:58:46+00:00\",\"dateModified\":\"2024-10-22T11:27:08+00:00\",\"breadcrumb\":{\"@id\":\"https:\/\/energie.pt\/fr\/monde-energie\/qui-nous-sommes\/#breadcrumb\"},\"inLanguage\":\"fr-FR\",\"potentialAction\":[{\"@type\":\"ReadAction\",\"target\":[\"https:\/\/energie.pt\/fr\/monde-energie\/qui-nous-sommes\/\"]}]},{\"@type\":\"ImageObject\",\"inLanguage\":\"fr-FR\",\"@id\":\"https:\/\/energie.pt\/fr\/monde-energie\/qui-nous-sommes\/#primaryimage\",\"url\":\"https:\/\/energie.pt\/wp-content\/uploads\/2024\/10\/energie_quem_somos.jpg\",\"contentUrl\":\"https:\/\/energie.pt\/wp-content\/uploads\/2024\/10\/energie_quem_somos.jpg\",\"width\":2000,\"height\":641},{\"@type\":\"BreadcrumbList\",\"@id\":\"https:\/\/energie.pt\/fr\/monde-energie\/qui-nous-sommes\/#breadcrumb\",\"itemListElement\":[{\"@type\":\"ListItem\",\"position\":1,\"name\":\"Page d'accueil\",\"item\":\"https:\/\/energie.pt\/fr\/\"},{\"@type\":\"ListItem\",\"position\":2,\"name\":\"Monde Energie\",\"item\":\"https:\/\/energie.pt\/fr\/monde-energie\/\"},{\"@type\":\"ListItem\",\"position\":3,\"name\":\"QUI NOUS SOMMES\"}]},{\"@type\":\"WebSite\",\"@id\":\"https:\/\/energie.pt\/fr\/#website\",\"url\":\"https:\/\/energie.pt\/fr\/\",\"name\":\"ENERGIE\",\"description\":\"Solutions d'\u00e9nergie solaire thermodynamique, climatisation, pompes \u00e0 chaleur et ECS\",\"publisher\":{\"@id\":\"https:\/\/energie.pt\/fr\/#organization\"},\"alternateName\":\"ENERGIE\",\"potentialAction\":[{\"@type\":\"SearchAction\",\"target\":{\"@type\":\"EntryPoint\",\"urlTemplate\":\"https:\/\/energie.pt\/fr\/?s={search_term_string}\"},\"query-input\":\"required name=search_term_string\"}],\"inLanguage\":\"fr-FR\"},{\"@type\":\"Organization\",\"@id\":\"https:\/\/energie.pt\/fr\/#organization\",\"name\":\"Energie - Thermodynamic Solar Energy\",\"alternateName\":\"Energie\",\"url\":\"https:\/\/energie.pt\/fr\/\",\"logo\":{\"@type\":\"ImageObject\",\"inLanguage\":\"fr-FR\",\"@id\":\"https:\/\/energie.pt\/fr\/#\/schema\/logo\/image\/\",\"url\":\"https:\/\/energie.pt\/wp-content\/uploads\/2021\/06\/logo_energie.svg\",\"contentUrl\":\"https:\/\/energie.pt\/wp-content\/uploads\/2021\/06\/logo_energie.svg\",\"width\":190,\"height\":55,\"caption\":\"Energie - Thermodynamic Solar Energy\"},\"image\":{\"@id\":\"https:\/\/energie.pt\/fr\/#\/schema\/logo\/image\/\"},\"sameAs\":[\"https:\/\/www.facebook.com\/EnergiePortugalEst\/\",\"https:\/\/www.instagram.com\/energieportugal\/\",\"https:\/\/www.youtube.com\/channel\/UCnItbF_zm_YZ1tFqzUcVgPQ\",\"https:\/\/www.linkedin.com\/company\/energieportugal\/\"]}]}<\/script>\r\n<!-- \/ Yoast SEO plugin. -->","yoast_head_json":{"title":"QUI NOUS SOMMES - ENERGIE EST, Lda.","robots":{"index":"index","follow":"follow","max-snippet":"max-snippet:-1","max-image-preview":"max-image-preview:large","max-video-preview":"max-video-preview:-1"},"canonical":"https:\/\/energie.pt\/fr\/monde-energie\/qui-nous-sommes\/","og_locale":"fr_FR","og_type":"article","og_title":"QUI NOUS SOMMES - ENERGIE EST, Lda.","og_description":"LA MARQUE ENERGIE Fond\u00e9e en 1981, l\u2019entreprise ENERGIE EST, Lda., de capitaux 100% portugais, est la d\u00e9tentrice exclusive du brevet et le fabricant des syst\u00e8mes solaires thermodynamiques. Depuis lors, elle s\u2019est affirm\u00e9e sur le march\u00e9 national et international comme une r\u00e9f\u00e9rence dans la fabrication d\u2019\u00e9nergie solaire. La fiabilit\u00e9 et l\u2019efficacit\u00e9\u2026","og_url":"https:\/\/energie.pt\/fr\/monde-energie\/qui-nous-sommes\/","og_site_name":"ENERGIE EST, Lda.","article_publisher":"https:\/\/www.facebook.com\/EnergiePortugalEst\/","article_modified_time":"2024-10-22T11:27:08+00:00","og_image":[{"width":2000,"height":641,"url":"https:\/\/energie.pt\/wp-content\/uploads\/2024\/10\/energie_quem_somos.jpg","type":"image\/jpeg"}],"twitter_card":"summary_large_image","twitter_misc":{"Dur\u00e9e de lecture estim\u00e9e":"3 minutes"},"schema":{"@context":"https:\/\/schema.org","@graph":[{"@type":"WebPage","@id":"https:\/\/energie.pt\/fr\/monde-energie\/qui-nous-sommes\/","url":"https:\/\/energie.pt\/fr\/monde-energie\/qui-nous-sommes\/","name":"QUI NOUS SOMMES - ENERGIE EST, Lda.","isPartOf":{"@id":"https:\/\/energie.pt\/fr\/#website"},"primaryImageOfPage":{"@id":"https:\/\/energie.pt\/fr\/monde-energie\/qui-nous-sommes\/#primaryimage"},"image":{"@id":"https:\/\/energie.pt\/fr\/monde-energie\/qui-nous-sommes\/#primaryimage"},"thumbnailUrl":"https:\/\/energie.pt\/wp-content\/uploads\/2024\/10\/energie_quem_somos.jpg","datePublished":"2021-07-05T09:58:46+00:00","dateModified":"2024-10-22T11:27:08+00:00","breadcrumb":{"@id":"https:\/\/energie.pt\/fr\/monde-energie\/qui-nous-sommes\/#breadcrumb"},"inLanguage":"fr-FR","potentialAction":[{"@type":"ReadAction","target":["https:\/\/energie.pt\/fr\/monde-energie\/qui-nous-sommes\/"]}]},{"@type":"ImageObject","inLanguage":"fr-FR","@id":"https:\/\/energie.pt\/fr\/monde-energie\/qui-nous-sommes\/#primaryimage","url":"https:\/\/energie.pt\/wp-content\/uploads\/2024\/10\/energie_quem_somos.jpg","contentUrl":"https:\/\/energie.pt\/wp-content\/uploads\/2024\/10\/energie_quem_somos.jpg","width":2000,"height":641},{"@type":"BreadcrumbList","@id":"https:\/\/energie.pt\/fr\/monde-energie\/qui-nous-sommes\/#breadcrumb","itemListElement":[{"@type":"ListItem","position":1,"name":"Page d'accueil","item":"https:\/\/energie.pt\/fr\/"},{"@type":"ListItem","position":2,"name":"Monde Energie","item":"https:\/\/energie.pt\/fr\/monde-energie\/"},{"@type":"ListItem","position":3,"name":"QUI NOUS SOMMES"}]},{"@type":"WebSite","@id":"https:\/\/energie.pt\/fr\/#website","url":"https:\/\/energie.pt\/fr\/","name":"ENERGIE","description":"Solutions d'\u00e9nergie solaire thermodynamique, climatisation, pompes \u00e0 chaleur et ECS","publisher":{"@id":"https:\/\/energie.pt\/fr\/#organization"},"alternateName":"ENERGIE","potentialAction":[{"@type":"SearchAction","target":{"@type":"EntryPoint","urlTemplate":"https:\/\/energie.pt\/fr\/?s={search_term_string}"},"query-input":"required name=search_term_string"}],"inLanguage":"fr-FR"},{"@type":"Organization","@id":"https:\/\/energie.pt\/fr\/#organization","name":"Energie - Thermodynamic Solar Energy","alternateName":"Energie","url":"https:\/\/energie.pt\/fr\/","logo":{"@type":"ImageObject","inLanguage":"fr-FR","@id":"https:\/\/energie.pt\/fr\/#\/schema\/logo\/image\/","url":"https:\/\/energie.pt\/wp-content\/uploads\/2021\/06\/logo_energie.svg","contentUrl":"https:\/\/energie.pt\/wp-content\/uploads\/2021\/06\/logo_energie.svg","width":190,"height":55,"caption":"Energie - Thermodynamic Solar Energy"},"image":{"@id":"https:\/\/energie.pt\/fr\/#\/schema\/logo\/image\/"},"sameAs":["https:\/\/www.facebook.com\/EnergiePortugalEst\/","https:\/\/www.instagram.com\/energieportugal\/","https:\/\/www.youtube.com\/channel\/UCnItbF_zm_YZ1tFqzUcVgPQ","https:\/\/www.linkedin.com\/company\/energieportugal\/"]}]}},"_links":{"self":[{"href":"https:\/\/energie.pt\/fr\/wp-json\/wp\/v2\/pages\/7593"}],"collection":[{"href":"https:\/\/energie.pt\/fr\/wp-json\/wp\/v2\/pages"}],"about":[{"href":"https:\/\/energie.pt\/fr\/wp-json\/wp\/v2\/types\/page"}],"author":[{"embeddable":true,"href":"https:\/\/energie.pt\/fr\/wp-json\/wp\/v2\/users\/12"}],"replies":[{"embeddable":true,"href":"https:\/\/energie.pt\/fr\/wp-json\/wp\/v2\/comments?post=7593"}],"version-history":[{"count":2,"href":"https:\/\/energie.pt\/fr\/wp-json\/wp\/v2\/pages\/7593\/revisions"}],"predecessor-version":[{"id":26902,"href":"https:\/\/energie.pt\/fr\/wp-json\/wp\/v2\/pages\/7593\/revisions\/26902"}],"up":[{"embeddable":true,"href":"https:\/\/energie.pt\/fr\/wp-json\/wp\/v2\/pages\/7586"}],"wp:featuredmedia":[{"embeddable":true,"href":"https:\/\/energie.pt\/fr\/wp-json\/wp\/v2\/media\/28626"}],"wp:attachment":[{"href":"https:\/\/energie.pt\/fr\/wp-json\/wp\/v2\/media?parent=7593"}],"curies":[{"name":"wp","href":"https:\/\/api.w.org\/{rel}","templated":true}]}}