{"id":7591,"date":"2021-07-05T09:58:46","date_gmt":"2021-07-05T09:58:46","guid":{"rendered":"https:\/\/energie.pt\/mondo-energie\/chi-siamo\/"},"modified":"2024-10-22T11:27:08","modified_gmt":"2024-10-22T11:27:08","slug":"chi-siamo","status":"publish","type":"page","link":"https:\/\/energie.pt\/it\/mondo-energie\/chi-siamo\/","title":{"rendered":"Chi siamo"},"content":{"rendered":"\n<div class=\"wp-block-stackable-columns stk-block-columns stk-block stk-ca7db49\" data-block-id=\"ca7db49\"><div class=\"stk-row stk-inner-blocks stk-block-content stk-content-align stk-ca7db49-column\">\n<div class=\"wp-block-stackable-column stk-block-column stk-column stk-block stk-a867da0\" data-v=\"4\" data-block-id=\"a867da0\"><style>@media screen and (min-width:768px){.stk-a867da0{flex:var(--stk-flex-grow,1) 1 calc(60% - var(--stk-column-gap,0px) * 1 \/ 2 ) !important}}<\/style><div class=\"stk-column-wrapper stk-block-column__content stk-container stk-a867da0-container stk--no-background stk--no-padding\"><div class=\"stk-block-content stk-inner-blocks stk-a867da0-inner-blocks\">\n<h2 class=\"wp-block-heading\">IL MARCHIO ENERGIE<\/h2>\n\n\n\n<p>Fondata nel 1981, l\u2019impresa ENERGIE EST, Lda., con capitale al 100% portoghese, \u00e8 detentrice esclusiva del brevetto e fabbricante dei sistemi solari termodinamici. Da allora si \u00e8 affermata a livello nazionale ed internazionale come una referenza nella fabbricazione di energia solare.<\/p>\n\n\n\n<p>L\u2019affidabilit\u00e0 e l\u2019efficienza dimostrate nel corso degli anni hanno fatto di ENERGIE un\u2019impresa solida con un prodotto di riconosciuta qualit\u00e0 e robustezza.<\/p>\n\n\n\n<p>Il successo del nostro sistema, dovuto soprattutto alla sua economia, efficienza ed affidabilit\u00e0 in comparazione con gli altri tipi di sistemi, ha via via attratto l\u2019interesse di un numero sempre maggiore di clienti in tutto il mondo.<\/p>\n<\/div><\/div><\/div>\n\n\n\n<div class=\"wp-block-stackable-column stk-block-column stk-column stk-block stk-b4a5645\" data-v=\"4\" data-block-id=\"b4a5645\"><style>@media screen and (min-width:768px){.stk-b4a5645{flex:var(--stk-flex-grow,1) 1 calc(40% - var(--stk-column-gap,0px) * 1 \/ 2 ) !important}}<\/style><div class=\"stk-column-wrapper stk-block-column__content stk-container stk-b4a5645-container stk--no-background stk--no-padding\"><div class=\"stk-block-content stk-inner-blocks stk-b4a5645-inner-blocks\">\n<div class=\"wp-block-stackable-carousel stk-block-carousel stk--is-slide stk--arrows-justify-space-between stk--arrows-align-center stk-block stk-a55de32\" data-slides-to-show=\"\" data-block-id=\"a55de32\"><style>.stk-a55de32 .stk-block-carousel__dot{--dot-color:var(--theme-palette-color-3,#687279) !important}.stk-a55de32 .stk-block-carousel__dot.stk-block-carousel__dot--active:before{background-color:var(--theme-palette-color-2,#ff913d) !important}<\/style><div class=\"stk-block-carousel__content-wrapper\"><div class=\"stk-row stk-inner-blocks stk-block-content stk-block-carousel__slider-wrapper stk-content-align stk-a55de32-column\"><div class=\"stk-block-carousel__slider\" role=\"list\" data-autoplay=\"4000\" data-label-slide-of=\"Slide %%d of %%d\">\n<div class=\"wp-block-stackable-column stk-block-column stk-column stk-block stk-822ca0e\" data-v=\"4\" data-block-id=\"822ca0e\"><div class=\"stk-column-wrapper stk-block-column__content stk-container stk-822ca0e-container stk--no-background stk--no-padding\"><div class=\"stk-block-content stk-inner-blocks stk-822ca0e-inner-blocks\">\n<figure class=\"wp-block-image size-full\"><img loading=\"lazy\" decoding=\"async\" width=\"1000\" height=\"530\" src=\"https:\/\/energie.pt\/wp-content\/uploads\/2021\/07\/01.jpg\" alt=\"\" class=\"wp-image-211\" srcset=\"https:\/\/energie.pt\/wp-content\/uploads\/2021\/07\/01.jpg 1000w, https:\/\/energie.pt\/wp-content\/uploads\/2021\/07\/01-600x318.jpg 600w, https:\/\/energie.pt\/wp-content\/uploads\/2021\/07\/01-200x106.jpg 200w, https:\/\/energie.pt\/wp-content\/uploads\/2021\/07\/01-300x159.jpg 300w, https:\/\/energie.pt\/wp-content\/uploads\/2021\/07\/01-768x407.jpg 768w\" sizes=\"(max-width: 1000px) 100vw, 1000px\" \/><\/figure>\n<\/div><\/div><\/div>\n\n\n\n<div class=\"wp-block-stackable-column stk-block-column stk-column stk-block stk-b96c773\" data-v=\"4\" data-block-id=\"b96c773\"><div class=\"stk-column-wrapper stk-block-column__content stk-container stk-b96c773-container stk--no-background stk--no-padding\"><div class=\"stk-block-content stk-inner-blocks stk-b96c773-inner-blocks\">\n<figure class=\"wp-block-image size-full\"><img loading=\"lazy\" decoding=\"async\" width=\"1000\" height=\"530\" src=\"https:\/\/energie.pt\/wp-content\/uploads\/2021\/07\/02.jpg\" alt=\"\" class=\"wp-image-212\" srcset=\"https:\/\/energie.pt\/wp-content\/uploads\/2021\/07\/02.jpg 1000w, https:\/\/energie.pt\/wp-content\/uploads\/2021\/07\/02-600x318.jpg 600w, https:\/\/energie.pt\/wp-content\/uploads\/2021\/07\/02-200x106.jpg 200w, https:\/\/energie.pt\/wp-content\/uploads\/2021\/07\/02-300x159.jpg 300w, https:\/\/energie.pt\/wp-content\/uploads\/2021\/07\/02-768x407.jpg 768w\" sizes=\"(max-width: 1000px) 100vw, 1000px\" \/><\/figure>\n<\/div><\/div><\/div>\n\n\n\n<div class=\"wp-block-stackable-column stk-block-column stk-column stk-block stk-20f99d5\" data-v=\"4\" data-block-id=\"20f99d5\"><div class=\"stk-column-wrapper stk-block-column__content stk-container stk-20f99d5-container stk--no-background stk--no-padding\"><div class=\"stk-block-content stk-inner-blocks stk-20f99d5-inner-blocks\">\n<figure class=\"wp-block-image size-full is-style-default\"><img loading=\"lazy\" decoding=\"async\" width=\"1000\" height=\"530\" src=\"https:\/\/energie.pt\/wp-content\/uploads\/2021\/07\/03.jpg\" alt=\"\" class=\"wp-image-213\" srcset=\"https:\/\/energie.pt\/wp-content\/uploads\/2021\/07\/03.jpg 1000w, https:\/\/energie.pt\/wp-content\/uploads\/2021\/07\/03-600x318.jpg 600w, https:\/\/energie.pt\/wp-content\/uploads\/2021\/07\/03-200x106.jpg 200w, https:\/\/energie.pt\/wp-content\/uploads\/2021\/07\/03-300x159.jpg 300w, https:\/\/energie.pt\/wp-content\/uploads\/2021\/07\/03-768x407.jpg 768w\" sizes=\"(max-width: 1000px) 100vw, 1000px\" \/><\/figure>\n<\/div><\/div><\/div>\n<\/div><div class=\"stk-block-carousel__buttons\"><button class=\"stk-block-carousel__button stk-block-carousel__button__prev\" aria-label=\"Previous slide\"><svg aria-hidden=\"true\" focusable=\"false\" data-prefix=\"fas\" data-icon=\"chevron-left\" class=\"svg-inline--fa fa-chevron-left\" xmlns=\"http:\/\/www.w3.org\/2000\/svg\" viewBox=\"0 0 320 512\" width=\"32\" height=\"32\"><path fill=\"currentColor\" d=\"M34.52 239.03L228.87 44.69c9.37-9.37 24.57-9.37 33.94 0l22.67 22.67c9.36 9.36 9.37 24.52.04 33.9L131.49 256l154.02 154.75c9.34 9.38 9.32 24.54-.04 33.9l-22.67 22.67c-9.37 9.37-24.57 9.37-33.94 0L34.52 272.97c-9.37-9.37-9.37-24.57 0-33.94z\"><\/path><\/svg><\/button><button class=\"stk-block-carousel__button stk-block-carousel__button__next\" aria-label=\"Next slide\"><svg aria-hidden=\"true\" focusable=\"false\" data-prefix=\"fas\" data-icon=\"chevron-right\" class=\"svg-inline--fa fa-chevron-right\" xmlns=\"http:\/\/www.w3.org\/2000\/svg\" viewBox=\"0 0 320 512\" width=\"32\" height=\"32\"><path fill=\"currentColor\" d=\"M285.476 272.971L91.132 467.314c-9.373 9.373-24.569 9.373-33.941 0l-22.667-22.667c-9.357-9.357-9.375-24.522-.04-33.901L188.505 256 34.484 101.255c-9.335-9.379-9.317-24.544.04-33.901l22.667-22.667c9.373-9.373 24.569-9.373 33.941 0L285.475 239.03c9.373 9.372 9.373 24.568.001 33.941z\"><\/path><\/svg><\/button><\/div><\/div><div class=\"stk-block-carousel__dots\" role=\"list\" data-label=\"Slide %%d\"><\/div><\/div><\/div>\n<\/div><\/div><\/div>\n<\/div><\/div>\n\n<p>Tutta la produzione ottempera ai pi\u00f9 esigenti ed elevati criteri in modo da garantire ai nostri clienti i pi\u00f9 elevati standard qualitativi.<\/p>\n\n<p>L\u2019Ufficio Ricerca e Sviluppo mantiene attive diverse linee di ricerca che permettono all\u2019impresa di essere preparata per la rapida integrazione nel processo industriale dei progressi scientifici ottenuti.<\/p>\n\n<p>L\u2019impegno sulla ricerca fa s\u00ec che la ENERGIE sia oggi considerata un riferimento in materia tecnologica e che la ricerca si trasformi in uno dei pilastri strategici della crescita. A tal fine, l\u2019impresa usufruisce della collaborazione delle pi\u00f9 prestigiose universit\u00e0 e centri di ricerca nazionali ed internazionali.<\/p>\n\n<p>Attualmente siamo presenti sui mercati pi\u00f9 sviluppati del mondo.<\/p>\n\n<div class=\"wp-block-stackable-columns stk-block-columns stk-block stk-c9864c4\" data-block-id=\"c9864c4\"><div class=\"stk-row stk-inner-blocks stk-block-content stk-content-align stk-c9864c4-column\">\n<div class=\"wp-block-stackable-column stk-block-column stk-column stk-block stk-e967dd8\" data-v=\"4\" data-block-id=\"e967dd8\"><div class=\"stk-column-wrapper stk-block-column__content stk-container stk-e967dd8-container stk--no-background stk--no-padding\"><div class=\"stk-block-content stk-inner-blocks stk-e967dd8-inner-blocks\">\n<h2 class=\"wp-block-heading\">Visione<\/h2>\n\n\n\n<p>Crediamo che attraverso lo sviluppo di tecnologie innovatrici e di processi efficaci incontreremo le soluzioni necessarie per affrontare le sfide del futuro, rendendo in questo modo il pianeta economicamente pi\u00f9 stabile, attraverso un\u2019utilizzazione integrale delle risorse naturali.<\/p>\n<\/div><\/div><\/div>\n\n\n\n<div class=\"wp-block-stackable-column stk-block-column stk-column stk-block stk-5cca168\" data-v=\"4\" data-block-id=\"5cca168\"><div class=\"stk-column-wrapper stk-block-column__content stk-container stk-5cca168-container stk--no-background stk--no-padding\"><div class=\"stk-block-content stk-inner-blocks stk-5cca168-inner-blocks\">\n<h2 class=\"wp-block-heading\">Missione<\/h2>\n\n\n\n<p>La nostra missione \u00e8 quella di continuare a conquistare e raggiungere una posizione di rilievo sui mercati di tutto il mondo e di operare in modo socialmente responsabile nella comunit\u00e0 globale.<\/p>\n<\/div><\/div><\/div>\n<\/div><\/div>\n\n<div class=\"wp-block-stackable-columns alignfull stk-block-columns stk-block stk-1a48615 stk-block-background stk--has-background-overlay\" data-block-id=\"1a48615\"><style>.stk-1a48615 .stk--block-align-1a48615{align-items:center !important}.stk-1a48615{background-image:url(https:\/\/energie.pt\/wp-content\/uploads\/2022\/06\/valores.webp) !important;min-height:300px !important;align-items:center !important;display:flex !important}.stk-1a48615:before{background-color:#000000 !important;opacity:0.6 !important}.stk-1a48615-column{justify-content:center !important}<\/style><div class=\"stk-row stk-inner-blocks stk--block-align-1a48615 stk-block-content stk-content-align stk-1a48615-column stk--flex\">\n<div class=\"wp-block-stackable-column stk-block-column stk-column stk-block stk-0291848\" data-v=\"4\" data-block-id=\"0291848\"><div class=\"stk-column-wrapper stk-block-column__content stk-container stk-0291848-container stk--no-background stk--no-padding\"><div class=\"stk-block-content stk-inner-blocks stk-0291848-inner-blocks\">\n<h2 class=\"wp-block-heading has-palette-color-8-color has-text-color has-link-color wp-elements-84f343f9384bb335c3be9e33a2f062ab\">VALORI<\/h2>\n<\/div><\/div><\/div>\n<\/div><\/div>\n\n<div class=\"wp-block-stackable-columns stk-block-columns stk-block stk-2730a0b\" data-block-id=\"2730a0b\"><div class=\"stk-row stk-inner-blocks stk-block-content stk-content-align stk-2730a0b-column\">\n<div class=\"wp-block-stackable-column stk-block-column stk-column stk-block stk-00ba759\" data-v=\"4\" data-block-id=\"00ba759\"><div class=\"stk-column-wrapper stk-block-column__content stk-container stk-00ba759-container stk--no-background stk--no-padding\"><div class=\"stk-block-content stk-inner-blocks stk-00ba759-inner-blocks\">\n<h3 class=\"wp-block-heading\">RESPONSABILIT\u00c0 SOCIALE<\/h3>\n\n\n\n<p>Saremo sempre associati al rispetto dei diritti umani, alle condizioni di sicurezza nel lavoro ed alle pratiche imprenditoriali compatibili con l\u2019ambiente, sia per l\u2019organizzazione che per i partner.<\/p>\n\n\n\n<h3 class=\"wp-block-heading\">ECCELLENZA<\/h3>\n\n\n\n<p>Abbiamo l\u2019impegno di trattare con professionalit\u00e0 tutte le attivit\u00e0 e di sviluppare i migliori prodotti e servizi del mercato.<\/p>\n\n\n\n<h3 class=\"wp-block-heading\">LE PERSONE<\/h3>\n\n\n\n<p>Abbiamo creato una cultura d\u2019impresa in cui ogni collaboratore ha la liberta di sviluppare le sue capacit\u00e0, la sua creativit\u00e0 e la sua motivazione per raggiungere la propria soddisfazione cos\u00ec come quella dei nostri clienti.<\/p>\n<\/div><\/div><\/div>\n\n\n\n<div class=\"wp-block-stackable-column stk-block-column stk-column stk-block stk-eca840f\" data-v=\"4\" data-block-id=\"eca840f\"><div class=\"stk-column-wrapper stk-block-column__content stk-container stk-eca840f-container stk--no-background stk--no-padding\"><div class=\"stk-block-content stk-inner-blocks stk-eca840f-inner-blocks\">\n<h3 class=\"wp-block-heading\">INNOVAZIONE<\/h3>\n\n\n\n<p>Puntiamo sulla ricerca e sullo sviluppo continuo di soluzioni tecnologicamente pi\u00f9 efficienti nelle aree in cui operiamo.<\/p>\n\n\n\n<h3 class=\"wp-block-heading\">ETICA E FIDUCIA<\/h3>\n\n\n\n<p>Impegnata ad operare come impresa socialmente responsabile nella comunit\u00e0 globale, Energie incontra al centro della sua sostenibilit\u00e0 il desiderio di mantenere un equilibrio fra le necessita economiche, ambientali e sociali del mondo attuale, fondato sul compromesso etico e di fiducia con tutti gli intervenienti.<\/p>\n<\/div><\/div><\/div>\n<\/div><\/div>\n<!-- ========= Cool Timeline PRO 4.2.1 ========= --><div style=\"opacity:0;\" \r\n    data-showposts=\"40\"\r\n     class=\"cool_timeline cool-timeline-wrapper both-sided-wrapper white-timeline-wrapper main-default\" \r\n     id=\"tm-default-default-15\"  \r\n     data-pagination=\"no\"  \r\n     data-pagination-position=\"right\"><div class=\"avatar_container row\"><span title=\"Cronograma\"><img decoding=\"async\"  class=\" center-block img-responsive img-circle\" alt=\"Cronograma\" src=\"https:\/\/energie.pt\/wp-content\/uploads\/2021\/06\/logo_energie.svg\"><\/span><\/div> <div class=\"cool-timeline ultimate-style  white-timeline\"><div  class=\"filter-preloaders\"><img decoding=\"async\" src=\"https:\/\/energie.pt\/wp-content\/plugins\/cool-timeline-pro\/\/assets\/images\/clt-compact-preloader.gif\"><\/div><div data-animations=\"\"  id=\"timeline-cronograma\" class=\"cooltimeline_cont  clearfix icons_yes\"><!-- .timeline-post-start--><div   data-alternate=\"0\" id=\"story-9557\" class=\"timeline-post even light-grey-post icons_yes post-9557  default-meta\"><div   data-aos=\"\" class=\"timeline-meta\"><div class=\"meta-details\"><\/div><\/div><div   data-aos=\"\" class=\"timeline-icon icon-larger iconbg-turqoise icon-color-white default-icon\">\r\n                        <div class=\"icon-placeholder\"><img loading=\"lazy\" decoding=\"async\" width=\"150\" height=\"150\" src=\"https:\/\/energie.pt\/wp-content\/uploads\/2022\/04\/energie_icon-150x150.png\" class=\"ctl-icon-img\" alt=\"\" srcset=\"https:\/\/energie.pt\/wp-content\/uploads\/2022\/04\/energie_icon-150x150.png 150w, https:\/\/energie.pt\/wp-content\/uploads\/2022\/04\/energie_icon-100x100.png 100w, https:\/\/energie.pt\/wp-content\/uploads\/2022\/04\/energie_icon-600x600.png 600w, https:\/\/energie.pt\/wp-content\/uploads\/2022\/04\/energie_icon-200x200.png 200w, https:\/\/energie.pt\/wp-content\/uploads\/2022\/04\/energie_icon-300x300.png 300w, https:\/\/energie.pt\/wp-content\/uploads\/2022\/04\/energie_icon-768x768.png 768w, https:\/\/energie.pt\/wp-content\/uploads\/2022\/04\/energie_icon.png 1024w\" sizes=\"(max-width: 150px) 100vw, 150px\" \/><\/div>\r\n                        <div class=\"timeline-bar\"><\/div>\r\n                    <\/div><div  data-aos=\"\"  class=\"timeline-content  clearfix even  full default-content \"><h2 class=\"content-title\">1981<\/h2><div class=\"ctl_info event-description full\"><div class=\"content-details\"><p>Fondazione della societ\u00e0 con la denominazione Lar Bombas Sistemas Hidr\u00e1ulicos e Energia Solar.<\/p><\/div><\/div><\/div><!-- timeline content --><\/div>\r\n\r\n        <!-- .timeline-post-end --><!-- .timeline-post-start--><div   data-alternate=\"1\" id=\"story-9561\" class=\"timeline-post odd light-grey-post icons_yes post-9561 story-cat-362  default-meta\"><div   data-aos=\"\" class=\"timeline-meta\"><div class=\"meta-details\"><\/div><\/div><div   data-aos=\"\" class=\"timeline-icon icon-larger iconbg-turqoise icon-color-white default-icon\">\r\n                        <div class=\"icon-placeholder\"><img loading=\"lazy\" decoding=\"async\" width=\"150\" height=\"150\" src=\"https:\/\/energie.pt\/wp-content\/uploads\/2022\/04\/energie_icon-150x150.png\" class=\"ctl-icon-img\" alt=\"\" srcset=\"https:\/\/energie.pt\/wp-content\/uploads\/2022\/04\/energie_icon-150x150.png 150w, https:\/\/energie.pt\/wp-content\/uploads\/2022\/04\/energie_icon-100x100.png 100w, https:\/\/energie.pt\/wp-content\/uploads\/2022\/04\/energie_icon-600x600.png 600w, https:\/\/energie.pt\/wp-content\/uploads\/2022\/04\/energie_icon-200x200.png 200w, https:\/\/energie.pt\/wp-content\/uploads\/2022\/04\/energie_icon-300x300.png 300w, https:\/\/energie.pt\/wp-content\/uploads\/2022\/04\/energie_icon-768x768.png 768w, https:\/\/energie.pt\/wp-content\/uploads\/2022\/04\/energie_icon.png 1024w\" sizes=\"(max-width: 150px) 100vw, 150px\" \/><\/div>\r\n                        <div class=\"timeline-bar\"><\/div>\r\n                    <\/div><div  data-aos=\"\"  class=\"timeline-content  clearfix odd  full default-content \"><h2 class=\"content-title\">1990<\/h2><div class=\"ctl_info event-description full\"><div class=\"content-details\"><p>Il marchio ENERGIE \u00e8 stato brevettato e registrato in tutto il mondo.<\/p><\/div><\/div><\/div><!-- timeline content --><\/div>\r\n\r\n        <!-- .timeline-post-end --><!-- .timeline-post-start--><div   data-alternate=\"2\" id=\"story-9637\" class=\"timeline-post even light-grey-post icons_yes post-9637 story-cat-362  default-meta\"><div   data-aos=\"\" class=\"timeline-meta\"><div class=\"meta-details\"><\/div><\/div><div   data-aos=\"\" class=\"timeline-icon icon-larger iconbg-turqoise icon-color-white default-icon\">\r\n                        <div class=\"icon-placeholder\"><img loading=\"lazy\" decoding=\"async\" width=\"150\" height=\"150\" src=\"https:\/\/energie.pt\/wp-content\/uploads\/2022\/04\/energie_icon-150x150.png\" class=\"ctl-icon-img\" alt=\"\" srcset=\"https:\/\/energie.pt\/wp-content\/uploads\/2022\/04\/energie_icon-150x150.png 150w, https:\/\/energie.pt\/wp-content\/uploads\/2022\/04\/energie_icon-100x100.png 100w, https:\/\/energie.pt\/wp-content\/uploads\/2022\/04\/energie_icon-600x600.png 600w, https:\/\/energie.pt\/wp-content\/uploads\/2022\/04\/energie_icon-200x200.png 200w, https:\/\/energie.pt\/wp-content\/uploads\/2022\/04\/energie_icon-300x300.png 300w, https:\/\/energie.pt\/wp-content\/uploads\/2022\/04\/energie_icon-768x768.png 768w, https:\/\/energie.pt\/wp-content\/uploads\/2022\/04\/energie_icon.png 1024w\" sizes=\"(max-width: 150px) 100vw, 150px\" \/><\/div>\r\n                        <div class=\"timeline-bar\"><\/div>\r\n                    <\/div><div  data-aos=\"\"  class=\"timeline-content  clearfix even  full default-content \"><h2 class=\"content-title\">2000<\/h2><div class=\"ctl_info event-description full\"><div class=\"content-details\"><p>Creazione di un Centro di Ricerca e Sviluppo (R&#038;S).<\/p><\/div><\/div><\/div><!-- timeline content --><\/div>\r\n\r\n        <!-- .timeline-post-end --><!-- .timeline-post-start--><div   data-alternate=\"3\" id=\"story-9584\" class=\"timeline-post odd light-grey-post icons_yes post-9584 story-cat-362  default-meta\"><div   data-aos=\"\" class=\"timeline-meta\"><div class=\"meta-details\"><\/div><\/div><div   data-aos=\"\" class=\"timeline-icon icon-larger iconbg-turqoise icon-color-white default-icon\">\r\n                        <div class=\"icon-placeholder\"><img loading=\"lazy\" decoding=\"async\" width=\"150\" height=\"150\" src=\"https:\/\/energie.pt\/wp-content\/uploads\/2022\/04\/energie_icon-150x150.png\" class=\"ctl-icon-img\" alt=\"\" srcset=\"https:\/\/energie.pt\/wp-content\/uploads\/2022\/04\/energie_icon-150x150.png 150w, https:\/\/energie.pt\/wp-content\/uploads\/2022\/04\/energie_icon-100x100.png 100w, https:\/\/energie.pt\/wp-content\/uploads\/2022\/04\/energie_icon-600x600.png 600w, https:\/\/energie.pt\/wp-content\/uploads\/2022\/04\/energie_icon-200x200.png 200w, https:\/\/energie.pt\/wp-content\/uploads\/2022\/04\/energie_icon-300x300.png 300w, https:\/\/energie.pt\/wp-content\/uploads\/2022\/04\/energie_icon-768x768.png 768w, https:\/\/energie.pt\/wp-content\/uploads\/2022\/04\/energie_icon.png 1024w\" sizes=\"(max-width: 150px) 100vw, 150px\" \/><\/div>\r\n                        <div class=\"timeline-bar\"><\/div>\r\n                    <\/div><div  data-aos=\"\"  class=\"timeline-content  clearfix odd  full default-content \"><h2 class=\"content-title\">2002<\/h2><div class=\"ctl_info event-description full\"><div class=\"content-details\"><p>Inaugurazione di nuove strutture con 1000 m2<\/p><\/div><\/div><\/div><!-- timeline content --><\/div>\r\n\r\n        <!-- .timeline-post-end --><!-- .timeline-post-start--><div   data-alternate=\"4\" id=\"story-9588\" class=\"timeline-post even light-grey-post icons_yes post-9588 story-cat-362  default-meta\"><div   data-aos=\"\" class=\"timeline-meta\"><div class=\"meta-details\"><\/div><\/div><div   data-aos=\"\" class=\"timeline-icon icon-larger iconbg-turqoise icon-color-white default-icon\">\r\n                        <div class=\"icon-placeholder\"><img loading=\"lazy\" decoding=\"async\" width=\"150\" height=\"150\" src=\"https:\/\/energie.pt\/wp-content\/uploads\/2022\/04\/energie_icon-150x150.png\" class=\"ctl-icon-img\" alt=\"\" srcset=\"https:\/\/energie.pt\/wp-content\/uploads\/2022\/04\/energie_icon-150x150.png 150w, https:\/\/energie.pt\/wp-content\/uploads\/2022\/04\/energie_icon-100x100.png 100w, https:\/\/energie.pt\/wp-content\/uploads\/2022\/04\/energie_icon-600x600.png 600w, https:\/\/energie.pt\/wp-content\/uploads\/2022\/04\/energie_icon-200x200.png 200w, https:\/\/energie.pt\/wp-content\/uploads\/2022\/04\/energie_icon-300x300.png 300w, https:\/\/energie.pt\/wp-content\/uploads\/2022\/04\/energie_icon-768x768.png 768w, https:\/\/energie.pt\/wp-content\/uploads\/2022\/04\/energie_icon.png 1024w\" sizes=\"(max-width: 150px) 100vw, 150px\" \/><\/div>\r\n                        <div class=\"timeline-bar\"><\/div>\r\n                    <\/div><div  data-aos=\"\"  class=\"timeline-content  clearfix even  full default-content \"><h2 class=\"content-title\">2007<\/h2><div class=\"ctl_info event-description full\"><div class=\"content-details\"><p>Nuovo complesso industriale, di 4000 mq. Il nome dell&#8217;azienda assume il nome del marchio<\/p><\/div><\/div><\/div><!-- timeline content --><\/div>\r\n\r\n        <!-- .timeline-post-end --><!-- .timeline-post-start--><div   data-alternate=\"5\" id=\"story-9592\" class=\"timeline-post odd light-grey-post icons_yes post-9592 story-cat-362  default-meta\"><div   data-aos=\"\" class=\"timeline-meta\"><div class=\"meta-details\"><\/div><\/div><div   data-aos=\"\" class=\"timeline-icon icon-larger iconbg-turqoise icon-color-white default-icon\">\r\n                        <div class=\"icon-placeholder\"><img loading=\"lazy\" decoding=\"async\" width=\"150\" height=\"150\" src=\"https:\/\/energie.pt\/wp-content\/uploads\/2022\/04\/energie_icon-150x150.png\" class=\"ctl-icon-img\" alt=\"\" srcset=\"https:\/\/energie.pt\/wp-content\/uploads\/2022\/04\/energie_icon-150x150.png 150w, https:\/\/energie.pt\/wp-content\/uploads\/2022\/04\/energie_icon-100x100.png 100w, https:\/\/energie.pt\/wp-content\/uploads\/2022\/04\/energie_icon-600x600.png 600w, https:\/\/energie.pt\/wp-content\/uploads\/2022\/04\/energie_icon-200x200.png 200w, https:\/\/energie.pt\/wp-content\/uploads\/2022\/04\/energie_icon-300x300.png 300w, https:\/\/energie.pt\/wp-content\/uploads\/2022\/04\/energie_icon-768x768.png 768w, https:\/\/energie.pt\/wp-content\/uploads\/2022\/04\/energie_icon.png 1024w\" sizes=\"(max-width: 150px) 100vw, 150px\" \/><\/div>\r\n                        <div class=\"timeline-bar\"><\/div>\r\n                    <\/div><div  data-aos=\"\"  class=\"timeline-content  clearfix odd  full default-content \"><h2 class=\"content-title\">2008<\/h2><div class=\"ctl_info event-description full\"><div class=\"content-details\"><p>Riconoscimento con lo status di PMI Leader e PMI Eccellenza fino ad ora. Abbiamo ottenuto la certificazione di Qualit\u00e0 IS0 9001<\/p><\/div><\/div><\/div><!-- timeline content --><\/div>\r\n\r\n        <!-- .timeline-post-end --><!-- .timeline-post-start--><div   data-alternate=\"6\" id=\"story-9596\" class=\"timeline-post even light-grey-post icons_yes post-9596 story-cat-362  default-meta\"><div   data-aos=\"\" class=\"timeline-meta\"><div class=\"meta-details\"><\/div><\/div><div   data-aos=\"\" class=\"timeline-icon icon-larger iconbg-turqoise icon-color-white default-icon\">\r\n                        <div class=\"icon-placeholder\"><img loading=\"lazy\" decoding=\"async\" width=\"150\" height=\"150\" src=\"https:\/\/energie.pt\/wp-content\/uploads\/2022\/04\/energie_icon-150x150.png\" class=\"ctl-icon-img\" alt=\"\" srcset=\"https:\/\/energie.pt\/wp-content\/uploads\/2022\/04\/energie_icon-150x150.png 150w, https:\/\/energie.pt\/wp-content\/uploads\/2022\/04\/energie_icon-100x100.png 100w, https:\/\/energie.pt\/wp-content\/uploads\/2022\/04\/energie_icon-600x600.png 600w, https:\/\/energie.pt\/wp-content\/uploads\/2022\/04\/energie_icon-200x200.png 200w, https:\/\/energie.pt\/wp-content\/uploads\/2022\/04\/energie_icon-300x300.png 300w, https:\/\/energie.pt\/wp-content\/uploads\/2022\/04\/energie_icon-768x768.png 768w, https:\/\/energie.pt\/wp-content\/uploads\/2022\/04\/energie_icon.png 1024w\" sizes=\"(max-width: 150px) 100vw, 150px\" \/><\/div>\r\n                        <div class=\"timeline-bar\"><\/div>\r\n                    <\/div><div  data-aos=\"\"  class=\"timeline-content  clearfix even  full default-content \"><h2 class=\"content-title\">2009<\/h2><div class=\"ctl_info event-description full\"><div class=\"content-details\"><p>Ampliamento del complesso industriale con la visita del Primo Ministro, Jos\u00e9 S\u00f3crates e del Ministro dell&#8217;Economia, Manuel Pinho<\/p><\/div><\/div><\/div><!-- timeline content --><\/div>\r\n\r\n        <!-- .timeline-post-end --><!-- .timeline-post-start--><div   data-alternate=\"7\" id=\"story-9600\" class=\"timeline-post odd light-grey-post icons_yes post-9600 story-cat-362  default-meta\"><div   data-aos=\"\" class=\"timeline-meta\"><div class=\"meta-details\"><\/div><\/div><div   data-aos=\"\" class=\"timeline-icon icon-larger iconbg-turqoise icon-color-white default-icon\">\r\n                        <div class=\"icon-placeholder\"><img loading=\"lazy\" decoding=\"async\" width=\"150\" height=\"150\" src=\"https:\/\/energie.pt\/wp-content\/uploads\/2022\/04\/energie_icon-150x150.png\" class=\"ctl-icon-img\" alt=\"\" srcset=\"https:\/\/energie.pt\/wp-content\/uploads\/2022\/04\/energie_icon-150x150.png 150w, https:\/\/energie.pt\/wp-content\/uploads\/2022\/04\/energie_icon-100x100.png 100w, https:\/\/energie.pt\/wp-content\/uploads\/2022\/04\/energie_icon-600x600.png 600w, https:\/\/energie.pt\/wp-content\/uploads\/2022\/04\/energie_icon-200x200.png 200w, https:\/\/energie.pt\/wp-content\/uploads\/2022\/04\/energie_icon-300x300.png 300w, https:\/\/energie.pt\/wp-content\/uploads\/2022\/04\/energie_icon-768x768.png 768w, https:\/\/energie.pt\/wp-content\/uploads\/2022\/04\/energie_icon.png 1024w\" sizes=\"(max-width: 150px) 100vw, 150px\" \/><\/div>\r\n                        <div class=\"timeline-bar\"><\/div>\r\n                    <\/div><div  data-aos=\"\"  class=\"timeline-content  clearfix odd  full default-content \"><h2 class=\"content-title\">2010<\/h2><div class=\"ctl_info event-description full\"><div class=\"content-details\"><p>Presenza in pi\u00f9 di 30 paesi<\/p><\/div><\/div><\/div><!-- timeline content --><\/div>\r\n\r\n        <!-- .timeline-post-end --><!-- .timeline-post-start--><div   data-alternate=\"8\" id=\"story-9604\" class=\"timeline-post even light-grey-post icons_yes post-9604 story-cat-362  default-meta\"><div   data-aos=\"\" class=\"timeline-meta\"><div class=\"meta-details\"><\/div><\/div><div   data-aos=\"\" class=\"timeline-icon icon-larger iconbg-turqoise icon-color-white default-icon\">\r\n                        <div class=\"icon-placeholder\"><img loading=\"lazy\" decoding=\"async\" width=\"150\" height=\"150\" src=\"https:\/\/energie.pt\/wp-content\/uploads\/2022\/04\/energie_icon-150x150.png\" class=\"ctl-icon-img\" alt=\"\" srcset=\"https:\/\/energie.pt\/wp-content\/uploads\/2022\/04\/energie_icon-150x150.png 150w, https:\/\/energie.pt\/wp-content\/uploads\/2022\/04\/energie_icon-100x100.png 100w, https:\/\/energie.pt\/wp-content\/uploads\/2022\/04\/energie_icon-600x600.png 600w, https:\/\/energie.pt\/wp-content\/uploads\/2022\/04\/energie_icon-200x200.png 200w, https:\/\/energie.pt\/wp-content\/uploads\/2022\/04\/energie_icon-300x300.png 300w, https:\/\/energie.pt\/wp-content\/uploads\/2022\/04\/energie_icon-768x768.png 768w, https:\/\/energie.pt\/wp-content\/uploads\/2022\/04\/energie_icon.png 1024w\" sizes=\"(max-width: 150px) 100vw, 150px\" \/><\/div>\r\n                        <div class=\"timeline-bar\"><\/div>\r\n                    <\/div><div  data-aos=\"\"  class=\"timeline-content  clearfix even  full default-content \"><h2 class=\"content-title\">2011<\/h2><div class=\"ctl_info event-description full\"><div class=\"content-details\"><p>Celebrazione del 30\u00b0 anniversario di ENERGIE<\/p><\/div><\/div><\/div><!-- timeline content --><\/div>\r\n\r\n        <!-- .timeline-post-end --><!-- .timeline-post-start--><div   data-alternate=\"9\" id=\"story-9608\" class=\"timeline-post odd light-grey-post icons_yes post-9608 story-cat-362  default-meta\"><div   data-aos=\"\" class=\"timeline-meta\"><div class=\"meta-details\"><\/div><\/div><div   data-aos=\"\" class=\"timeline-icon icon-larger iconbg-turqoise icon-color-white default-icon\">\r\n                        <div class=\"icon-placeholder\"><img loading=\"lazy\" decoding=\"async\" width=\"150\" height=\"150\" src=\"https:\/\/energie.pt\/wp-content\/uploads\/2022\/04\/energie_icon-150x150.png\" class=\"ctl-icon-img\" alt=\"\" srcset=\"https:\/\/energie.pt\/wp-content\/uploads\/2022\/04\/energie_icon-150x150.png 150w, https:\/\/energie.pt\/wp-content\/uploads\/2022\/04\/energie_icon-100x100.png 100w, https:\/\/energie.pt\/wp-content\/uploads\/2022\/04\/energie_icon-600x600.png 600w, https:\/\/energie.pt\/wp-content\/uploads\/2022\/04\/energie_icon-200x200.png 200w, https:\/\/energie.pt\/wp-content\/uploads\/2022\/04\/energie_icon-300x300.png 300w, https:\/\/energie.pt\/wp-content\/uploads\/2022\/04\/energie_icon-768x768.png 768w, https:\/\/energie.pt\/wp-content\/uploads\/2022\/04\/energie_icon.png 1024w\" sizes=\"(max-width: 150px) 100vw, 150px\" \/><\/div>\r\n                        <div class=\"timeline-bar\"><\/div>\r\n                    <\/div><div  data-aos=\"\"  class=\"timeline-content  clearfix odd  full default-content \"><h2 class=\"content-title\">2013<\/h2><div class=\"ctl_info event-description full\"><div class=\"content-details\"><p>Inaugurazione della nuova unit\u00e0 industriale per la produzione di pompe di calore e scaldabagni<\/p><\/div><\/div><\/div><!-- timeline content --><\/div>\r\n\r\n        <!-- .timeline-post-end --><!-- .timeline-post-start--><div   data-alternate=\"10\" id=\"story-9612\" class=\"timeline-post even light-grey-post icons_yes post-9612 story-cat-362  default-meta\"><div   data-aos=\"\" class=\"timeline-meta\"><div class=\"meta-details\"><\/div><\/div><div   data-aos=\"\" class=\"timeline-icon icon-larger iconbg-turqoise icon-color-white default-icon\">\r\n                        <div class=\"icon-placeholder\"><img loading=\"lazy\" decoding=\"async\" width=\"150\" height=\"150\" src=\"https:\/\/energie.pt\/wp-content\/uploads\/2022\/04\/energie_icon-150x150.png\" class=\"ctl-icon-img\" alt=\"\" srcset=\"https:\/\/energie.pt\/wp-content\/uploads\/2022\/04\/energie_icon-150x150.png 150w, https:\/\/energie.pt\/wp-content\/uploads\/2022\/04\/energie_icon-100x100.png 100w, https:\/\/energie.pt\/wp-content\/uploads\/2022\/04\/energie_icon-600x600.png 600w, https:\/\/energie.pt\/wp-content\/uploads\/2022\/04\/energie_icon-200x200.png 200w, https:\/\/energie.pt\/wp-content\/uploads\/2022\/04\/energie_icon-300x300.png 300w, https:\/\/energie.pt\/wp-content\/uploads\/2022\/04\/energie_icon-768x768.png 768w, https:\/\/energie.pt\/wp-content\/uploads\/2022\/04\/energie_icon.png 1024w\" sizes=\"(max-width: 150px) 100vw, 150px\" \/><\/div>\r\n                        <div class=\"timeline-bar\"><\/div>\r\n                    <\/div><div  data-aos=\"\"  class=\"timeline-content  clearfix even  full default-content \"><h2 class=\"content-title\">2014<\/h2><div class=\"ctl_info event-description full\"><div class=\"content-details\"><p>Inizio della produzione delle pompe di calore aerotermiche.<\/p><\/div><\/div><\/div><!-- timeline content --><\/div>\r\n\r\n        <!-- .timeline-post-end --><!-- .timeline-post-start--><div   data-alternate=\"11\" id=\"story-9616\" class=\"timeline-post odd light-grey-post icons_yes post-9616 story-cat-362  default-meta\"><div   data-aos=\"\" class=\"timeline-meta\"><div class=\"meta-details\"><\/div><\/div><div   data-aos=\"\" class=\"timeline-icon icon-larger iconbg-turqoise icon-color-white default-icon\">\r\n                        <div class=\"icon-placeholder\"><img loading=\"lazy\" decoding=\"async\" width=\"150\" height=\"150\" src=\"https:\/\/energie.pt\/wp-content\/uploads\/2022\/04\/energie_icon-150x150.png\" class=\"ctl-icon-img\" alt=\"\" srcset=\"https:\/\/energie.pt\/wp-content\/uploads\/2022\/04\/energie_icon-150x150.png 150w, https:\/\/energie.pt\/wp-content\/uploads\/2022\/04\/energie_icon-100x100.png 100w, https:\/\/energie.pt\/wp-content\/uploads\/2022\/04\/energie_icon-600x600.png 600w, https:\/\/energie.pt\/wp-content\/uploads\/2022\/04\/energie_icon-200x200.png 200w, https:\/\/energie.pt\/wp-content\/uploads\/2022\/04\/energie_icon-300x300.png 300w, https:\/\/energie.pt\/wp-content\/uploads\/2022\/04\/energie_icon-768x768.png 768w, https:\/\/energie.pt\/wp-content\/uploads\/2022\/04\/energie_icon.png 1024w\" sizes=\"(max-width: 150px) 100vw, 150px\" \/><\/div>\r\n                        <div class=\"timeline-bar\"><\/div>\r\n                    <\/div><div  data-aos=\"\"  class=\"timeline-content  clearfix odd  full default-content \"><h2 class=\"content-title\">2016<\/h2><div class=\"ctl_info event-description full\"><div class=\"content-details\"><p>Inizio della produzione delle Pompe di Calore Geotermiche<\/p><\/div><\/div><\/div><!-- timeline content --><\/div>\r\n\r\n        <!-- .timeline-post-end --><!-- .timeline-post-start--><div   data-alternate=\"12\" id=\"story-9620\" class=\"timeline-post even light-grey-post icons_yes post-9620 story-cat-362  default-meta\"><div   data-aos=\"\" class=\"timeline-meta\"><div class=\"meta-details\"><\/div><\/div><div   data-aos=\"\" class=\"timeline-icon icon-larger iconbg-turqoise icon-color-white default-icon\">\r\n                        <div class=\"icon-placeholder\"><img loading=\"lazy\" decoding=\"async\" width=\"150\" height=\"150\" src=\"https:\/\/energie.pt\/wp-content\/uploads\/2022\/04\/energie_icon-150x150.png\" class=\"ctl-icon-img\" alt=\"\" srcset=\"https:\/\/energie.pt\/wp-content\/uploads\/2022\/04\/energie_icon-150x150.png 150w, https:\/\/energie.pt\/wp-content\/uploads\/2022\/04\/energie_icon-100x100.png 100w, https:\/\/energie.pt\/wp-content\/uploads\/2022\/04\/energie_icon-600x600.png 600w, https:\/\/energie.pt\/wp-content\/uploads\/2022\/04\/energie_icon-200x200.png 200w, https:\/\/energie.pt\/wp-content\/uploads\/2022\/04\/energie_icon-300x300.png 300w, https:\/\/energie.pt\/wp-content\/uploads\/2022\/04\/energie_icon-768x768.png 768w, https:\/\/energie.pt\/wp-content\/uploads\/2022\/04\/energie_icon.png 1024w\" sizes=\"(max-width: 150px) 100vw, 150px\" \/><\/div>\r\n                        <div class=\"timeline-bar\"><\/div>\r\n                    <\/div><div  data-aos=\"\"  class=\"timeline-content  clearfix even  full default-content \"><h2 class=\"content-title\">2018<\/h2><div class=\"ctl_info event-description full\"><div class=\"content-details\"><p>Presenza in pi\u00f9 di 50 paesi<\/p><\/div><\/div><\/div><!-- timeline content --><\/div>\r\n\r\n        <!-- .timeline-post-end --><!-- .timeline-post-start--><div   data-alternate=\"13\" id=\"story-9624\" class=\"timeline-post odd light-grey-post icons_yes post-9624 story-cat-362  default-meta\"><div   data-aos=\"\" class=\"timeline-meta\"><div class=\"meta-details\"><\/div><\/div><div   data-aos=\"\" class=\"timeline-icon icon-larger iconbg-turqoise icon-color-white default-icon\">\r\n                        <div class=\"icon-placeholder\"><img loading=\"lazy\" decoding=\"async\" width=\"150\" height=\"150\" src=\"https:\/\/energie.pt\/wp-content\/uploads\/2022\/04\/energie_icon-150x150.png\" class=\"ctl-icon-img\" alt=\"\" srcset=\"https:\/\/energie.pt\/wp-content\/uploads\/2022\/04\/energie_icon-150x150.png 150w, https:\/\/energie.pt\/wp-content\/uploads\/2022\/04\/energie_icon-100x100.png 100w, https:\/\/energie.pt\/wp-content\/uploads\/2022\/04\/energie_icon-600x600.png 600w, https:\/\/energie.pt\/wp-content\/uploads\/2022\/04\/energie_icon-200x200.png 200w, https:\/\/energie.pt\/wp-content\/uploads\/2022\/04\/energie_icon-300x300.png 300w, https:\/\/energie.pt\/wp-content\/uploads\/2022\/04\/energie_icon-768x768.png 768w, https:\/\/energie.pt\/wp-content\/uploads\/2022\/04\/energie_icon.png 1024w\" sizes=\"(max-width: 150px) 100vw, 150px\" \/><\/div>\r\n                        <div class=\"timeline-bar\"><\/div>\r\n                    <\/div><div  data-aos=\"\"  class=\"timeline-content  clearfix odd  full default-content \"><h2 class=\"content-title\">2020<\/h2><div class=\"ctl_info event-description full\"><div class=\"content-details\"><p>Incendio che ha distrutto parte dell&#8217;area manifatturiera e inaugurazione dell&#8217;ampliamento di una nuova unit\u00e0 produttiva con la visita del ministro dell&#8217;Ambiente, Jo\u00e3o Pedro Matos Fernandes e del sindaco di P\u00f3voa de Varzim, Aires Pereira.<\/p><\/div><\/div><\/div><!-- timeline content --><\/div>\r\n\r\n        <!-- .timeline-post-end --><!-- .timeline-post-start--><div   data-alternate=\"14\" id=\"story-9628\" class=\"timeline-post even light-grey-post icons_yes post-9628 story-cat-362  default-meta\"><div   data-aos=\"\" class=\"timeline-meta\"><div class=\"meta-details\"><\/div><\/div><div   data-aos=\"\" class=\"timeline-icon icon-larger iconbg-turqoise icon-color-white default-icon\">\r\n                        <div class=\"icon-placeholder\"><img loading=\"lazy\" decoding=\"async\" width=\"150\" height=\"150\" src=\"https:\/\/energie.pt\/wp-content\/uploads\/2022\/04\/energie_icon-150x150.png\" class=\"ctl-icon-img\" alt=\"\" srcset=\"https:\/\/energie.pt\/wp-content\/uploads\/2022\/04\/energie_icon-150x150.png 150w, https:\/\/energie.pt\/wp-content\/uploads\/2022\/04\/energie_icon-100x100.png 100w, https:\/\/energie.pt\/wp-content\/uploads\/2022\/04\/energie_icon-600x600.png 600w, https:\/\/energie.pt\/wp-content\/uploads\/2022\/04\/energie_icon-200x200.png 200w, https:\/\/energie.pt\/wp-content\/uploads\/2022\/04\/energie_icon-300x300.png 300w, https:\/\/energie.pt\/wp-content\/uploads\/2022\/04\/energie_icon-768x768.png 768w, https:\/\/energie.pt\/wp-content\/uploads\/2022\/04\/energie_icon.png 1024w\" sizes=\"(max-width: 150px) 100vw, 150px\" \/><\/div>\r\n                        <div class=\"timeline-bar\"><\/div>\r\n                    <\/div><div  data-aos=\"\"  class=\"timeline-content  clearfix even  full default-content \"><h2 class=\"content-title\">2021<\/h2><div class=\"ctl_info event-description full\"><div class=\"content-details\"><p>Celebrazione dei 40 anni di ENERGIE.<\/p><\/div><\/div><\/div><!-- timeline content --><\/div>\r\n\r\n        <!-- .timeline-post-end --><!-- .timeline-post-start--><div   data-alternate=\"15\" id=\"story-9632\" class=\"timeline-post odd light-grey-post icons_yes post-9632 story-cat-362  default-meta\"><div   data-aos=\"\" class=\"timeline-meta\"><div class=\"meta-details\"><\/div><\/div><div   data-aos=\"\" class=\"timeline-icon icon-larger iconbg-turqoise icon-color-white default-icon\">\r\n                        <div class=\"icon-placeholder\"><img loading=\"lazy\" decoding=\"async\" width=\"150\" height=\"150\" src=\"https:\/\/energie.pt\/wp-content\/uploads\/2022\/04\/energie_icon-150x150.png\" class=\"ctl-icon-img\" alt=\"\" srcset=\"https:\/\/energie.pt\/wp-content\/uploads\/2022\/04\/energie_icon-150x150.png 150w, https:\/\/energie.pt\/wp-content\/uploads\/2022\/04\/energie_icon-100x100.png 100w, https:\/\/energie.pt\/wp-content\/uploads\/2022\/04\/energie_icon-600x600.png 600w, https:\/\/energie.pt\/wp-content\/uploads\/2022\/04\/energie_icon-200x200.png 200w, https:\/\/energie.pt\/wp-content\/uploads\/2022\/04\/energie_icon-300x300.png 300w, https:\/\/energie.pt\/wp-content\/uploads\/2022\/04\/energie_icon-768x768.png 768w, https:\/\/energie.pt\/wp-content\/uploads\/2022\/04\/energie_icon.png 1024w\" sizes=\"(max-width: 150px) 100vw, 150px\" \/><\/div>\r\n                        <div class=\"timeline-bar\"><\/div>\r\n                    <\/div><div  data-aos=\"\"  class=\"timeline-content  clearfix odd  full default-content \"><h2 class=\"content-title\">2022<\/h2><div class=\"ctl_info event-description full\"><div class=\"content-details\"><p>Creazione di un sistema di lavoro a turni nel processo produttivo di ENERGIE<\/p><\/div><\/div><\/div><!-- timeline content --><\/div>\r\n\r\n        <!-- .timeline-post-end --><!-- .timeline-post-start--><div   data-alternate=\"16\" id=\"story-20415\" class=\"timeline-post even light-grey-post icons_yes post-20415 story-cat-362  default-meta\"><div   data-aos=\"\" class=\"timeline-meta\"><div class=\"meta-details\"><\/div><\/div><div   data-aos=\"\" class=\"timeline-icon icon-larger iconbg-turqoise icon-color-white default-icon\">\r\n                        <div class=\"icon-placeholder\"><img loading=\"lazy\" decoding=\"async\" width=\"150\" height=\"150\" src=\"https:\/\/energie.pt\/wp-content\/uploads\/2022\/04\/energie_icon-150x150.png\" class=\"ctl-icon-img\" alt=\"\" srcset=\"https:\/\/energie.pt\/wp-content\/uploads\/2022\/04\/energie_icon-150x150.png 150w, https:\/\/energie.pt\/wp-content\/uploads\/2022\/04\/energie_icon-100x100.png 100w, https:\/\/energie.pt\/wp-content\/uploads\/2022\/04\/energie_icon-600x600.png 600w, https:\/\/energie.pt\/wp-content\/uploads\/2022\/04\/energie_icon-200x200.png 200w, https:\/\/energie.pt\/wp-content\/uploads\/2022\/04\/energie_icon-300x300.png 300w, https:\/\/energie.pt\/wp-content\/uploads\/2022\/04\/energie_icon-768x768.png 768w, https:\/\/energie.pt\/wp-content\/uploads\/2022\/04\/energie_icon.png 1024w\" sizes=\"(max-width: 150px) 100vw, 150px\" \/><\/div>\r\n                        <div class=\"timeline-bar\"><\/div>\r\n                    <\/div><div  data-aos=\"\"  class=\"timeline-content  clearfix even  full default-content \"><h2 class=\"content-title\">2023<\/h2><div class=\"ctl_info event-description full\"><div class=\"content-details\"><p>Riconoscimento con lo status di PMI Leader e PMI Eccellenza. Premio 1000 pi\u00f9 grande PMI del Portogallo.<\/p><\/div><\/div><\/div><!-- timeline content --><\/div>\r\n\r\n        <!-- .timeline-post-end --><!-- .timeline-post-start--><div   data-alternate=\"17\" id=\"story-34269\" class=\"timeline-post odd light-grey-post icons_yes post-34269 story-cat-362  default-meta\"><div   data-aos=\"\" class=\"timeline-meta\"><div class=\"meta-details\"><\/div><\/div><div   data-aos=\"\" class=\"timeline-icon icon-larger iconbg-turqoise icon-color-white default-icon\">\r\n                        <div class=\"icon-placeholder\"><i class=\"fa fa-clock-o\"><\/i><\/div>\r\n                        <div class=\"timeline-bar\"><\/div>\r\n                    <\/div><div  data-aos=\"\"  class=\"timeline-content  clearfix odd  full default-content \"><h2 class=\"content-title\">2025<\/h2><div class=\"ctl_info event-description full\"><div class=\"content-details\"><p>ENERGIE \u00e8 stata interamente acquisita dal fondo di investimento privato portoghese Horizon Equity Partners.<\/p><\/div><\/div><\/div><!-- timeline content --><\/div>\r\n\r\n        <!-- .timeline-post-end --><style type=\"text\/css\"><\/style><div  class=\"end-timeline clearfix\"><\/div><\/div><\/div><\/div>  <!-- end\r\n================================================== --><style type=\"text\/css\"><\/style>\n\n<h2 class=\"wp-block-heading\">POLITICA DELLA QUALIT\u00c0 DA QUALIDADE<\/h2>\n\n<p>Il Sistema di Gestione della Qualit\u00e0 di ENERGIE \u00e8 certificato da T\u00fcv Rheinland dal 2008, secondo lo standard NP EN ISO 9001.&#13;\nLa Direzione Generale di ENERGIE presuppone che la totale soddisfazione del Cliente sia un fattore fondamentale per la competitivit\u00e0 e la redditivit\u00e0 dell\u2019Azienda. Pertanto, assume come vettori principali:<\/p>\n\n<ul class=\"wp-block-list\">\n<li>Fornire prodotti e servizi che soddisfino tutti i requisiti legali e statutari del Cliente;&#13;\n<\/li>\n\n\n\n<li>Fallo bene la prima volta;<\/li>\n\n\n\n<li>Migliorare continuamente la qualit\u00e0 di prodotti e servizi, creando valore per i Clienti e gli stakeholder.&#13;\n<\/li>\n<\/ul>\n","protected":false},"excerpt":{"rendered":"<p>IL MARCHIO ENERGIE Fondata nel 1981, l\u2019impresa ENERGIE EST, Lda., con capitale al 100% portoghese, \u00e8 detentrice esclusiva del brevetto e fabbricante dei sistemi solari termodinamici. Da allora si \u00e8 affermata a livello nazionale ed internazionale come una referenza nella fabbricazione di energia solare. L\u2019affidabilit\u00e0 e l\u2019efficienza dimostrate nel corso&hellip;<\/p>\n","protected":false},"author":12,"featured_media":28627,"parent":7587,"menu_order":0,"comment_status":"closed","ping_status":"closed","template":"","meta":{"_acf_changed":false,"footnotes":""},"class_list":["post-7591","page","type-page","status-publish","has-post-thumbnail","hentry"],"blocksy_meta":{"styles_descriptor":{"styles":{"desktop":"","tablet":"","mobile":""},"google_fonts":[],"version":6},"page_title_panel":"","has_hero_section":"default","f283c84b272483c24ed35113dc9af0e5":"","hero_section":"type-2","hero_elements":[{"id":"custom_title","enabled":true,"heading_tag":"h1","title":"Home","__id":"PgtpWsq25Bmf1c8Hbcghj"},{"id":"breadcrumbs","enabled":true,"__id":"62YX_XPVFtVcN3KX8t_45"},{"id":"custom_description","enabled":false,"description_visibility":{"desktop":true,"tablet":true,"mobile":false},"__id":"plMKBupdpacQuRWQaJVam"},{"id":"custom_meta","enabled":false,"meta_elements":[{"id":"author","enabled":true,"label":"By","has_author_avatar":"yes","avatar_size":25},{"id":"post_date","enabled":true,"label":"On","date_format_source":"default","date_format":"M j, Y"},{"id":"comments","enabled":true}],"page_meta_elements":{"joined":true,"articles_count":true,"comments":true},"__id":"JCLi3JZgK882MOdM9_2Id"}],"03deb3dd5ba755c24a9df6690c45dfcc":"","hero_alignment1":"CT_CSS_SKIP_RULE","hero_margin":40,"hero_alignment2":{"0":"c","1":"e","2":"n","3":"t","4":"e","5":"r","desktop":"left","tablet":"left","mobile":"left","__changed":[]},"hero_vertical_alignment":"center","9915a5855d5287593aa7bf03b602605a":"","hero_structure":"normal","e6edc7028aae6f15f436a99c5500bcce":"","page_title_bg_type":"custom_image","custom_hero_background":{"attachment_id":187,"url":"https:\/\/energie.pt\/wp-content\/uploads\/2021\/07\/mundo_energie-1024x282.jpg"},"parallax":{"desktop":false,"tablet":false,"mobile":false},"9460072307362dd3a37c495c0120bd99":"","hero_height":"250px","pageTitleFont":{"family":"Default","variation":"Default","size":{"desktop":"32px","tablet":"30px","mobile":"25px"},"line-height":"CT_CSS_SKIP_RULE","letter-spacing":"CT_CSS_SKIP_RULE","text-transform":"CT_CSS_SKIP_RULE","text-decoration":"CT_CSS_SKIP_RULE"},"pageTitleFontColor":{"default":{"color":"var(--theme-palette-color-8)"}},"4c1d54a5f265a250d20ea7af5d059eef":"","pageMetaFont":{"family":"Default","variation":"n6","size":"12px","line-height":"1.3","letter-spacing":"CT_CSS_SKIP_RULE","text-transform":"uppercase","text-decoration":"CT_CSS_SKIP_RULE"},"pageMetaFontColor":{"default":{"color":"CT_CSS_SKIP_RULEDEFAULT"},"hover":{"color":"CT_CSS_SKIP_RULEDEFAULT"}},"page_meta_button_type_font_colors":{"default":{"color":"CT_CSS_SKIP_RULEDEFAULT"},"hover":{"color":"CT_CSS_SKIP_RULEDEFAULT"}},"page_meta_button_type_background_colors":{"default":{"color":"CT_CSS_SKIP_RULEDEFAULT"},"hover":{"color":"CT_CSS_SKIP_RULEDEFAULT"}},"9bc6a98a9e39b8f01b05ada87f7865b9":"","pageExcerptFont":{"family":"Default","variation":"Default","size":"CT_CSS_SKIP_RULE","line-height":"CT_CSS_SKIP_RULE","letter-spacing":"CT_CSS_SKIP_RULE","text-transform":"CT_CSS_SKIP_RULE","text-decoration":"CT_CSS_SKIP_RULE"},"pageExcerptColor":{"default":{"color":"CT_CSS_SKIP_RULEDEFAULT"}},"0415fc4deddfb8c88ea21dd8c335a4f7":"","breadcrumbsFont":{"family":"Default","variation":"n6","size":"12px","line-height":"CT_CSS_SKIP_RULE","letter-spacing":"CT_CSS_SKIP_RULE","text-transform":"uppercase","text-decoration":"CT_CSS_SKIP_RULE"},"breadcrumbsFontColor":{"default":{"color":"var(--theme-palette-color-8)"},"initial":{"color":"CT_CSS_SKIP_RULEDEFAULT"},"hover":{"color":"CT_CSS_SKIP_RULEDEFAULT"}},"513eed283bd72468e4af19ce1e265974":"","pageTitleOverlay":{"default":{"color":"rgba(0, 0, 0, 0.76)"}},"af209ac4d339e7f941980dc0559e4657":"","pageTitleBackground":{"background_type":"color","background_pattern":"type-1","background_image":{"attachment_id":null,"x":0,"y":0},"gradient":"linear-gradient(135deg,rgba(6,147,227,1) 0%,rgb(155,81,224) 100%)","background_repeat":"no-repeat","background_size":"auto","background_attachment":"scroll","patternColor":{"default":{"color":"#e5e7ea"}},"overlayColor":{"default":{"color":"CT_CSS_SKIP_RULE"}},"backgroundColor":{"default":{"color":"var(--theme-palette-color-6)"}}},"7644439a6ed8ad5fb9e1428a4ec09d3b":"","pageTitlePadding":{"top":"50px","bottom":"50px","left":"auto","right":"auto","linked":true},"9925e8d8761ae3e32964f4da0520f693":"","page_structure_type":"default","cf1d66a6bd3dd94eb1bded8da9cba76f":"","content_style_source":"inherit","content_style":"wide","vertical_spacing_source":"inherit","content_area_spacing":"both","background":{"background_type":"color","background_pattern":"type-1","background_image":{"attachment_id":null,"x":0,"y":0},"gradient":"linear-gradient(135deg,rgba(6,147,227,1) 0%,rgb(155,81,224) 100%)","background_repeat":"no-repeat","background_size":"auto","background_attachment":"scroll","patternColor":{"default":{"color":"#e5e7ea"}},"overlayColor":{"default":{"color":"CT_CSS_SKIP_RULE"}},"backgroundColor":{"default":{"color":"CT_CSS_SKIP_RULE"}}},"content_background":{"background_type":"color","background_pattern":"type-1","background_image":{"attachment_id":null,"x":0,"y":0},"gradient":"linear-gradient(135deg,rgba(6,147,227,1) 0%,rgb(155,81,224) 100%)","background_repeat":"no-repeat","background_size":"auto","background_attachment":"scroll","patternColor":{"default":{"color":"#e5e7ea"}},"overlayColor":{"default":{"color":"CT_CSS_SKIP_RULE"}},"backgroundColor":{"default":{"color":"var(--theme-palette-color-8)"}}},"content_boxed_shadow":{"inherit":false,"blur":18,"spread":-6,"v_offset":12,"h_offset":0,"inset":false,"enable":true,"color":{"color":"rgba(34, 56, 101, 0.04)"}},"boxed_content_spacing":{"desktop":{"top":"40px","bottom":"40px","left":"40px","right":"40px","linked":true},"tablet":{"top":"35px","bottom":"35px","left":"35px","right":"35px","linked":true},"mobile":{"top":"20px","bottom":"20px","left":"20px","right":"20px","linked":true}},"content_boxed_radius":{"top":"3px","bottom":"3px","left":"3px","right":"3px","linked":true},"217976f83649f309bb01266d2fc0fa23":"","disable_featured_image":"no","disable_header":"no","disable_footer":"no","dd124ce2e6c48129b6c3cf6c9d051dc1":"","9970f15d24c11b558314e7523b8aa1ad":"","7fa3ec33311a2c5b61a13f303b6630cb":"","baf2e311331ebe510f91dad6778e2dbd":"","7e58df98883000557d08767058a5c3f2":"","aec86425e8318a1ceb7c755fcd4d5c0b":"","325a87980201a1cc6b14883002a911fe":"","1ab5f111b02a96c0f91baec540bcb0c6":"","62d48a7523330d93274e50be3fa78549":"","b429004534dd58cb1933ddfadc7de9f2":"","c379f0565f38b3974ca370e5ae2df609":"","f2243feb13fb7101d3e56b5be1c480f3":"","41fb76ffe9e69e3410db5d699023e4b5":"","5a0a32eb3089c54c87dd6438352a899c":"","9d98a3c94b86c6602b939625a6d21305":"","8fea831cf60f7c6cde5849bd7775fc83":"","5670ab8be5b0721af4d96de0b024945f":"","fbdfed29f2aa976362305cac4a145038":"","79c7e19a7aec5c828ae6bd135211f1be":"","b42275fb842da0498a6543dfd027011a":"","28df394dd731ef8e6dc2d94f759ce18f":"","31c7e0ff874fd5fe8a52fad067a44790":""},"acf":[],"yoast_head":"<!-- This site is optimized with the Yoast SEO plugin v22.8 - https:\/\/yoast.com\/wordpress\/plugins\/seo\/ -->\r\n<title>Chi siamo - ENERGIE EST, Lda.<\/title>\r\n<meta name=\"robots\" content=\"index, follow, max-snippet:-1, max-image-preview:large, max-video-preview:-1\" \/>\r\n<link rel=\"canonical\" href=\"https:\/\/energie.pt\/it\/mondo-energie\/chi-siamo\/\" \/>\r\n<meta property=\"og:locale\" content=\"it_IT\" \/>\r\n<meta property=\"og:type\" content=\"article\" \/>\r\n<meta property=\"og:title\" content=\"Chi siamo - ENERGIE EST, Lda.\" \/>\r\n<meta property=\"og:description\" content=\"IL MARCHIO ENERGIE Fondata nel 1981, l\u2019impresa ENERGIE EST, Lda., con capitale al 100% portoghese, \u00e8 detentrice esclusiva del brevetto e fabbricante dei sistemi solari termodinamici. Da allora si \u00e8 affermata a livello nazionale ed internazionale come una referenza nella fabbricazione di energia solare. L\u2019affidabilit\u00e0 e l\u2019efficienza dimostrate nel corso&hellip;\" \/>\r\n<meta property=\"og:url\" content=\"https:\/\/energie.pt\/it\/mondo-energie\/chi-siamo\/\" \/>\r\n<meta property=\"og:site_name\" content=\"ENERGIE EST, Lda.\" \/>\r\n<meta property=\"article:publisher\" content=\"https:\/\/www.facebook.com\/EnergiePortugalEst\/\" \/>\r\n<meta property=\"article:modified_time\" content=\"2024-10-22T11:27:08+00:00\" \/>\r\n<meta property=\"og:image\" content=\"https:\/\/energie.pt\/wp-content\/uploads\/2024\/10\/energie_quem_somos.jpg\" \/>\r\n\t<meta property=\"og:image:width\" content=\"2000\" \/>\r\n\t<meta property=\"og:image:height\" content=\"641\" \/>\r\n\t<meta property=\"og:image:type\" content=\"image\/jpeg\" \/>\r\n<meta name=\"twitter:card\" content=\"summary_large_image\" \/>\r\n<meta name=\"twitter:label1\" content=\"Tempo di lettura stimato\" \/>\n\t<meta name=\"twitter:data1\" content=\"3 minuti\" \/>\r\n<script type=\"application\/ld+json\" class=\"yoast-schema-graph\">{\"@context\":\"https:\/\/schema.org\",\"@graph\":[{\"@type\":\"WebPage\",\"@id\":\"https:\/\/energie.pt\/it\/mondo-energie\/chi-siamo\/\",\"url\":\"https:\/\/energie.pt\/it\/mondo-energie\/chi-siamo\/\",\"name\":\"Chi siamo - ENERGIE EST, Lda.\",\"isPartOf\":{\"@id\":\"https:\/\/energie.pt\/it\/#website\"},\"primaryImageOfPage\":{\"@id\":\"https:\/\/energie.pt\/it\/mondo-energie\/chi-siamo\/#primaryimage\"},\"image\":{\"@id\":\"https:\/\/energie.pt\/it\/mondo-energie\/chi-siamo\/#primaryimage\"},\"thumbnailUrl\":\"https:\/\/energie.pt\/wp-content\/uploads\/2024\/10\/energie_quem_somos.jpg\",\"datePublished\":\"2021-07-05T09:58:46+00:00\",\"dateModified\":\"2024-10-22T11:27:08+00:00\",\"breadcrumb\":{\"@id\":\"https:\/\/energie.pt\/it\/mondo-energie\/chi-siamo\/#breadcrumb\"},\"inLanguage\":\"it-IT\",\"potentialAction\":[{\"@type\":\"ReadAction\",\"target\":[\"https:\/\/energie.pt\/it\/mondo-energie\/chi-siamo\/\"]}]},{\"@type\":\"ImageObject\",\"inLanguage\":\"it-IT\",\"@id\":\"https:\/\/energie.pt\/it\/mondo-energie\/chi-siamo\/#primaryimage\",\"url\":\"https:\/\/energie.pt\/wp-content\/uploads\/2024\/10\/energie_quem_somos.jpg\",\"contentUrl\":\"https:\/\/energie.pt\/wp-content\/uploads\/2024\/10\/energie_quem_somos.jpg\",\"width\":2000,\"height\":641},{\"@type\":\"BreadcrumbList\",\"@id\":\"https:\/\/energie.pt\/it\/mondo-energie\/chi-siamo\/#breadcrumb\",\"itemListElement\":[{\"@type\":\"ListItem\",\"position\":1,\"name\":\"Homepage\",\"item\":\"https:\/\/energie.pt\/it\/\"},{\"@type\":\"ListItem\",\"position\":2,\"name\":\"Mondo Energie\",\"item\":\"https:\/\/energie.pt\/it\/mondo-energie\/\"},{\"@type\":\"ListItem\",\"position\":3,\"name\":\"Chi siamo\"}]},{\"@type\":\"WebSite\",\"@id\":\"https:\/\/energie.pt\/it\/#website\",\"url\":\"https:\/\/energie.pt\/it\/\",\"name\":\"ENERGIE\",\"description\":\"Soluzioni termodinamiche per l'energia solare, climatizzazione, pompe di calore e ACS\",\"publisher\":{\"@id\":\"https:\/\/energie.pt\/it\/#organization\"},\"alternateName\":\"ENERGIE\",\"potentialAction\":[{\"@type\":\"SearchAction\",\"target\":{\"@type\":\"EntryPoint\",\"urlTemplate\":\"https:\/\/energie.pt\/it\/?s={search_term_string}\"},\"query-input\":\"required name=search_term_string\"}],\"inLanguage\":\"it-IT\"},{\"@type\":\"Organization\",\"@id\":\"https:\/\/energie.pt\/it\/#organization\",\"name\":\"Energie - Thermodynamic Solar Energy\",\"alternateName\":\"Energie\",\"url\":\"https:\/\/energie.pt\/it\/\",\"logo\":{\"@type\":\"ImageObject\",\"inLanguage\":\"it-IT\",\"@id\":\"https:\/\/energie.pt\/it\/#\/schema\/logo\/image\/\",\"url\":\"https:\/\/energie.pt\/wp-content\/uploads\/2021\/06\/logo_energie.svg\",\"contentUrl\":\"https:\/\/energie.pt\/wp-content\/uploads\/2021\/06\/logo_energie.svg\",\"width\":190,\"height\":55,\"caption\":\"Energie - Thermodynamic Solar Energy\"},\"image\":{\"@id\":\"https:\/\/energie.pt\/it\/#\/schema\/logo\/image\/\"},\"sameAs\":[\"https:\/\/www.facebook.com\/EnergiePortugalEst\/\",\"https:\/\/www.instagram.com\/energieportugal\/\",\"https:\/\/www.youtube.com\/channel\/UCnItbF_zm_YZ1tFqzUcVgPQ\",\"https:\/\/www.linkedin.com\/company\/energieportugal\/\"]}]}<\/script>\r\n<!-- \/ Yoast SEO plugin. -->","yoast_head_json":{"title":"Chi siamo - ENERGIE EST, Lda.","robots":{"index":"index","follow":"follow","max-snippet":"max-snippet:-1","max-image-preview":"max-image-preview:large","max-video-preview":"max-video-preview:-1"},"canonical":"https:\/\/energie.pt\/it\/mondo-energie\/chi-siamo\/","og_locale":"it_IT","og_type":"article","og_title":"Chi siamo - ENERGIE EST, Lda.","og_description":"IL MARCHIO ENERGIE Fondata nel 1981, l\u2019impresa ENERGIE EST, Lda., con capitale al 100% portoghese, \u00e8 detentrice esclusiva del brevetto e fabbricante dei sistemi solari termodinamici. Da allora si \u00e8 affermata a livello nazionale ed internazionale come una referenza nella fabbricazione di energia solare. L\u2019affidabilit\u00e0 e l\u2019efficienza dimostrate nel corso&hellip;","og_url":"https:\/\/energie.pt\/it\/mondo-energie\/chi-siamo\/","og_site_name":"ENERGIE EST, Lda.","article_publisher":"https:\/\/www.facebook.com\/EnergiePortugalEst\/","article_modified_time":"2024-10-22T11:27:08+00:00","og_image":[{"width":2000,"height":641,"url":"https:\/\/energie.pt\/wp-content\/uploads\/2024\/10\/energie_quem_somos.jpg","type":"image\/jpeg"}],"twitter_card":"summary_large_image","twitter_misc":{"Tempo di lettura stimato":"3 minuti"},"schema":{"@context":"https:\/\/schema.org","@graph":[{"@type":"WebPage","@id":"https:\/\/energie.pt\/it\/mondo-energie\/chi-siamo\/","url":"https:\/\/energie.pt\/it\/mondo-energie\/chi-siamo\/","name":"Chi siamo - ENERGIE EST, Lda.","isPartOf":{"@id":"https:\/\/energie.pt\/it\/#website"},"primaryImageOfPage":{"@id":"https:\/\/energie.pt\/it\/mondo-energie\/chi-siamo\/#primaryimage"},"image":{"@id":"https:\/\/energie.pt\/it\/mondo-energie\/chi-siamo\/#primaryimage"},"thumbnailUrl":"https:\/\/energie.pt\/wp-content\/uploads\/2024\/10\/energie_quem_somos.jpg","datePublished":"2021-07-05T09:58:46+00:00","dateModified":"2024-10-22T11:27:08+00:00","breadcrumb":{"@id":"https:\/\/energie.pt\/it\/mondo-energie\/chi-siamo\/#breadcrumb"},"inLanguage":"it-IT","potentialAction":[{"@type":"ReadAction","target":["https:\/\/energie.pt\/it\/mondo-energie\/chi-siamo\/"]}]},{"@type":"ImageObject","inLanguage":"it-IT","@id":"https:\/\/energie.pt\/it\/mondo-energie\/chi-siamo\/#primaryimage","url":"https:\/\/energie.pt\/wp-content\/uploads\/2024\/10\/energie_quem_somos.jpg","contentUrl":"https:\/\/energie.pt\/wp-content\/uploads\/2024\/10\/energie_quem_somos.jpg","width":2000,"height":641},{"@type":"BreadcrumbList","@id":"https:\/\/energie.pt\/it\/mondo-energie\/chi-siamo\/#breadcrumb","itemListElement":[{"@type":"ListItem","position":1,"name":"Homepage","item":"https:\/\/energie.pt\/it\/"},{"@type":"ListItem","position":2,"name":"Mondo Energie","item":"https:\/\/energie.pt\/it\/mondo-energie\/"},{"@type":"ListItem","position":3,"name":"Chi siamo"}]},{"@type":"WebSite","@id":"https:\/\/energie.pt\/it\/#website","url":"https:\/\/energie.pt\/it\/","name":"ENERGIE","description":"Soluzioni termodinamiche per l'energia solare, climatizzazione, pompe di calore e ACS","publisher":{"@id":"https:\/\/energie.pt\/it\/#organization"},"alternateName":"ENERGIE","potentialAction":[{"@type":"SearchAction","target":{"@type":"EntryPoint","urlTemplate":"https:\/\/energie.pt\/it\/?s={search_term_string}"},"query-input":"required name=search_term_string"}],"inLanguage":"it-IT"},{"@type":"Organization","@id":"https:\/\/energie.pt\/it\/#organization","name":"Energie - Thermodynamic Solar Energy","alternateName":"Energie","url":"https:\/\/energie.pt\/it\/","logo":{"@type":"ImageObject","inLanguage":"it-IT","@id":"https:\/\/energie.pt\/it\/#\/schema\/logo\/image\/","url":"https:\/\/energie.pt\/wp-content\/uploads\/2021\/06\/logo_energie.svg","contentUrl":"https:\/\/energie.pt\/wp-content\/uploads\/2021\/06\/logo_energie.svg","width":190,"height":55,"caption":"Energie - Thermodynamic Solar Energy"},"image":{"@id":"https:\/\/energie.pt\/it\/#\/schema\/logo\/image\/"},"sameAs":["https:\/\/www.facebook.com\/EnergiePortugalEst\/","https:\/\/www.instagram.com\/energieportugal\/","https:\/\/www.youtube.com\/channel\/UCnItbF_zm_YZ1tFqzUcVgPQ","https:\/\/www.linkedin.com\/company\/energieportugal\/"]}]}},"_links":{"self":[{"href":"https:\/\/energie.pt\/it\/wp-json\/wp\/v2\/pages\/7591"}],"collection":[{"href":"https:\/\/energie.pt\/it\/wp-json\/wp\/v2\/pages"}],"about":[{"href":"https:\/\/energie.pt\/it\/wp-json\/wp\/v2\/types\/page"}],"author":[{"embeddable":true,"href":"https:\/\/energie.pt\/it\/wp-json\/wp\/v2\/users\/12"}],"replies":[{"embeddable":true,"href":"https:\/\/energie.pt\/it\/wp-json\/wp\/v2\/comments?post=7591"}],"version-history":[{"count":2,"href":"https:\/\/energie.pt\/it\/wp-json\/wp\/v2\/pages\/7591\/revisions"}],"predecessor-version":[{"id":26906,"href":"https:\/\/energie.pt\/it\/wp-json\/wp\/v2\/pages\/7591\/revisions\/26906"}],"up":[{"embeddable":true,"href":"https:\/\/energie.pt\/it\/wp-json\/wp\/v2\/pages\/7587"}],"wp:featuredmedia":[{"embeddable":true,"href":"https:\/\/energie.pt\/it\/wp-json\/wp\/v2\/media\/28627"}],"wp:attachment":[{"href":"https:\/\/energie.pt\/it\/wp-json\/wp\/v2\/media?parent=7591"}],"curies":[{"name":"wp","href":"https:\/\/api.w.org\/{rel}","templated":true}]}}